{"id":1029,"date":"2022-07-06T10:58:27","date_gmt":"2022-07-06T10:58:27","guid":{"rendered":"https:\/\/www.cruillaconcerts.cat\/?post_type=artists&#038;p=1029"},"modified":"2022-12-04T09:17:54","modified_gmt":"2022-12-04T09:17:54","slug":"rita-payes-y-elisabeth-roma","status":"publish","type":"artists","link":"https:\/\/www.cruillaconcerts.cat\/es\/artists\/rita-payes-y-elisabeth-roma\/","title":{"rendered":"Rita Pay\u00e9s y Elisabeth Roma"},"content":{"rendered":"<h2><span style=\"color: #ff0000;\">\u00a1Entradas agotadas!<\/span><\/h2>\n<h2>Rita Pay\u00e9s y Elisabeth Roma: Concierto Final de Gira en el Cru\u00eflla Tardor 2022<\/h2>\n<p><strong>Rita Pay\u00e9s<\/strong> es, sin duda alguna, una de las voces propias de la escena nacional catalana del 2022 y parece destinada a convertirse en un <strong>referente internacional<\/strong> de la canci\u00f3n. A las 4 de la ma\u00f1ana y con el coraz\u00f3n hecho a\u00f1icos, como solo puedes tenerlo a los 22 a\u00f1os, la de Vilassar ha compuesto melod\u00edas y letras que han acabado sonando por todo el mundo.<\/p>\n<p>Acompa\u00f1ada a la guitarra por su madre, <strong><em>Como la piel<\/em><\/strong> es el primer \u00e1lbum de<strong> Rita Pay\u00e9s<\/strong> y una exhibici\u00f3n de complicidad que solo es posible entre m\u00fasicos que se conocen y se quieren. 11 canciones basadas en <strong>el jazz, el bolero, la bossa nova y la guitarra cl\u00e1sica<\/strong> que ya han llevado a madre e hija a girar por diferentes capitales europeas.<\/p>\n<p>Tras colgar el <strong>Sold Out<\/strong> en el <strong>Cru\u00eflla Primavera<\/strong> en una gira extraordinaria que ha llenado salas all\u00e1 donde van, <strong>Rita Pay\u00e9s cerrar\u00e1 la gira<\/strong> en el <strong>Cru\u00eflla Tardor<\/strong> con un concierto dentro del ciclo\u00a0<strong>Sit Back<\/strong> de <strong>L&#8217;Auditori <\/strong>el 3 de diciembre. La <strong>\u00faltima oportunidad<\/strong> del a\u00f1o de descubrir una voz y talento \u00fanicos en directo.<\/p>\n<hr \/>\n<p style=\"text-align: center;\"><span style=\"color: #ff0000;\"><b>\u00a1Entradas agotadas!<\/b><\/span><\/p>\n<hr \/>\n<p><img decoding=\"async\" class=\"aligncenter wp-image-1058 \" src=\"https:\/\/www.cruillaconcerts.cat\/wp-content\/uploads\/2022\/07\/LAUDITORI_SITBACK_.png\" alt=\"Logo L'Auditori Sit Back\" width=\"208\" height=\"104\" srcset=\"https:\/\/www.cruillaconcerts.cat\/wp-content\/uploads\/2022\/07\/LAUDITORI_SITBACK_.png 2500w, https:\/\/www.cruillaconcerts.cat\/wp-content\/uploads\/2022\/07\/LAUDITORI_SITBACK_-1024x512.png 1024w, https:\/\/www.cruillaconcerts.cat\/wp-content\/uploads\/2022\/07\/LAUDITORI_SITBACK_-768x384.png 768w, https:\/\/www.cruillaconcerts.cat\/wp-content\/uploads\/2022\/07\/LAUDITORI_SITBACK_-1536x768.png 1536w, https:\/\/www.cruillaconcerts.cat\/wp-content\/uploads\/2022\/07\/LAUDITORI_SITBACK_-2048x1024.png 2048w, https:\/\/www.cruillaconcerts.cat\/wp-content\/uploads\/2022\/07\/LAUDITORI_SITBACK_-300x150.png 300w, https:\/\/www.cruillaconcerts.cat\/wp-content\/uploads\/2022\/07\/LAUDITORI_SITBACK_-1500x750.png 1500w\" sizes=\"(max-width: 208px) 100vw, 208px\" \/><\/p>\n<!-- auto-added video if acf\/single-artist-video not used  --> <iframe style=\"width: 100%;max-width: 100%;height: auto;aspect-ratio: 16 \/ 9;\" src=\"https:\/\/www.youtube-nocookie.com\/embed\/AySBPCkGyyY\" frameborder=\"0\" allow=\"accelerometer; autoplay; encrypted-media; gyroscope; picture-in-picture\" allowfullscreen><\/iframe>","protected":false},"featured_media":999,"parent":0,"template":"","meta":{"_acf_changed":false},"artists_edition":[19],"class_list":["post-1029","artists","type-artists","status-publish","has-post-thumbnail","hentry","artists_location-lauditori","artists_style-canco-dautor","artists_nationality-catala","artists_nationality-espanyol","artists_audience_age-jove","artists_edition-tardor-2022"],"acf":{"_thumbnail_id":999,"youtube_player":"AySBPCkGyyY","artist_edition":[19],"artist_date":"20221203","artist_time":"21:00","artist_time_2":"","artist_location":[50],"artist_ticket_url":"https:\/\/entrades.auditori.cat\/rita_payes_03_12_2022?idioma=ES","artist_ticket_status":"","artist_extra_date__show":false,"artist_extra_date_2":null,"artist_time_of_date2":"","artist_extra_date_3":null,"artist_time_of_date3":"","artist_extra_date_4":null,"artist_time_of_date4":"","artist_extra_date_5":null,"artist_time_of_date5":"","artist_date__show_month":true,"artist_sidebar_active":false,"show_in_agenda":false,"artist_sidebar__banner_img":null,"artist_sidebar__banner_link":"","artist_hero_content":"Cru\u00eflla Tardor 2022","artist_style":[46],"artist_nationality":[37,38],"artist_audience_age":[40]},"yoast_head":"<!-- This site is optimized with the Yoast SEO plugin v27.5 - https:\/\/yoast.com\/product\/yoast-seo-wordpress\/ -->\n<title>Rita Pay\u00e9s y Elisabeth Roma en concierto en Barcelona el 3 de diciembre<\/title>\n<meta name=\"description\" content=\"Compra entradas para el concierto de Rita Pay\u00e9s y Elisabeth Roma en el Cru\u00eflla Tardor 2022, el 3 de diciembre de 2022 en L&#039;Auditori.\" \/>\n<meta name=\"robots\" content=\"index, follow, max-snippet:-1, max-image-preview:large, max-video-preview:-1\" \/>\n<link rel=\"canonical\" href=\"https:\/\/www.cruillaconcerts.cat\/es\/artists\/rita-payes-y-elisabeth-roma\/\" \/>\n<meta property=\"og:locale\" content=\"es_ES\" \/>\n<meta property=\"og:type\" content=\"article\" \/>\n<meta property=\"og:title\" content=\"Rita Pay\u00e9s y Elisabeth Roma en concierto en Barcelona el 3 de diciembre\" \/>\n<meta property=\"og:description\" content=\"Compra entradas para el concierto de Rita Pay\u00e9s y Elisabeth Roma en el Cru\u00eflla Tardor 2022, el 3 de diciembre de 2022 en L&#039;Auditori.\" \/>\n<meta property=\"og:url\" content=\"https:\/\/www.cruillaconcerts.cat\/es\/artists\/rita-payes-y-elisabeth-roma\/\" \/>\n<meta property=\"og:site_name\" content=\"Cru\u00eflla Concerts\" \/>\n<meta property=\"article:modified_time\" content=\"2022-12-04T09:17:54+00:00\" \/>\n<meta property=\"og:image\" content=\"https:\/\/www.cruillaconcerts.cat\/wp-content\/uploads\/2022\/06\/rita-paye\u0300sok.jpeg\" \/>\n\t<meta property=\"og:image:width\" content=\"811\" \/>\n\t<meta property=\"og:image:height\" content=\"811\" \/>\n\t<meta property=\"og:image:type\" content=\"image\/jpeg\" \/>\n<meta name=\"twitter:card\" content=\"summary_large_image\" \/>\n<meta name=\"twitter:label1\" content=\"Tiempo de lectura\" \/>\n\t<meta name=\"twitter:data1\" content=\"2 minutos\" \/>\n<script type=\"application\/ld+json\" class=\"yoast-schema-graph\">{\"@context\":\"https:\\\/\\\/schema.org\",\"@graph\":[{\"@type\":\"WebPage\",\"@id\":\"https:\\\/\\\/www.cruillaconcerts.cat\\\/es\\\/artists\\\/rita-payes-y-elisabeth-roma\\\/\",\"url\":\"https:\\\/\\\/www.cruillaconcerts.cat\\\/es\\\/artists\\\/rita-payes-y-elisabeth-roma\\\/\",\"name\":\"Rita Pay\u00e9s y Elisabeth Roma en concierto en Barcelona el 3 de diciembre\",\"isPartOf\":{\"@id\":\"https:\\\/\\\/www.cruillaconcerts.cat\\\/es\\\/#website\"},\"primaryImageOfPage\":{\"@id\":\"https:\\\/\\\/www.cruillaconcerts.cat\\\/es\\\/artists\\\/rita-payes-y-elisabeth-roma\\\/#primaryimage\"},\"image\":{\"@id\":\"https:\\\/\\\/www.cruillaconcerts.cat\\\/es\\\/artists\\\/rita-payes-y-elisabeth-roma\\\/#primaryimage\"},\"thumbnailUrl\":\"https:\\\/\\\/www.cruillaconcerts.cat\\\/wp-content\\\/uploads\\\/2022\\\/06\\\/rita-paye\u0300sok.jpeg\",\"datePublished\":\"2022-07-06T10:58:27+00:00\",\"dateModified\":\"2022-12-04T09:17:54+00:00\",\"description\":\"Compra entradas para el concierto de Rita Pay\u00e9s y Elisabeth Roma en el Cru\u00eflla Tardor 2022, el 3 de diciembre de 2022 en L'Auditori.\",\"breadcrumb\":{\"@id\":\"https:\\\/\\\/www.cruillaconcerts.cat\\\/es\\\/artists\\\/rita-payes-y-elisabeth-roma\\\/#breadcrumb\"},\"inLanguage\":\"es\",\"potentialAction\":[{\"@type\":\"ReadAction\",\"target\":[\"https:\\\/\\\/www.cruillaconcerts.cat\\\/es\\\/artists\\\/rita-payes-y-elisabeth-roma\\\/\"]}]},{\"@type\":\"ImageObject\",\"inLanguage\":\"es\",\"@id\":\"https:\\\/\\\/www.cruillaconcerts.cat\\\/es\\\/artists\\\/rita-payes-y-elisabeth-roma\\\/#primaryimage\",\"url\":\"https:\\\/\\\/www.cruillaconcerts.cat\\\/wp-content\\\/uploads\\\/2022\\\/06\\\/rita-paye\u0300sok.jpeg\",\"contentUrl\":\"https:\\\/\\\/www.cruillaconcerts.cat\\\/wp-content\\\/uploads\\\/2022\\\/06\\\/rita-paye\u0300sok.jpeg\",\"width\":811,\"height\":811},{\"@type\":\"BreadcrumbList\",\"@id\":\"https:\\\/\\\/www.cruillaconcerts.cat\\\/es\\\/artists\\\/rita-payes-y-elisabeth-roma\\\/#breadcrumb\",\"itemListElement\":[{\"@type\":\"ListItem\",\"position\":1,\"name\":\"Home\",\"item\":\"https:\\\/\\\/www.cruillaconcerts.cat\\\/es\\\/\"},{\"@type\":\"ListItem\",\"position\":2,\"name\":\"Rita Pay\u00e9s y Elisabeth Roma\"}]},{\"@type\":\"WebSite\",\"@id\":\"https:\\\/\\\/www.cruillaconcerts.cat\\\/es\\\/#website\",\"url\":\"https:\\\/\\\/www.cruillaconcerts.cat\\\/es\\\/\",\"name\":\"Cru\u00eflla Concerts\",\"description\":\"\",\"potentialAction\":[{\"@type\":\"SearchAction\",\"target\":{\"@type\":\"EntryPoint\",\"urlTemplate\":\"https:\\\/\\\/www.cruillaconcerts.cat\\\/es\\\/?s={search_term_string}\"},\"query-input\":{\"@type\":\"PropertyValueSpecification\",\"valueRequired\":true,\"valueName\":\"search_term_string\"}}],\"inLanguage\":\"es\"}]}<\/script>\n<!-- \/ Yoast SEO plugin. -->","yoast_head_json":{"title":"Rita Pay\u00e9s y Elisabeth Roma en concierto en Barcelona el 3 de diciembre","description":"Compra entradas para el concierto de Rita Pay\u00e9s y Elisabeth Roma en el Cru\u00eflla Tardor 2022, el 3 de diciembre de 2022 en L'Auditori.","robots":{"index":"index","follow":"follow","max-snippet":"max-snippet:-1","max-image-preview":"max-image-preview:large","max-video-preview":"max-video-preview:-1"},"canonical":"https:\/\/www.cruillaconcerts.cat\/es\/artists\/rita-payes-y-elisabeth-roma\/","og_locale":"es_ES","og_type":"article","og_title":"Rita Pay\u00e9s y Elisabeth Roma en concierto en Barcelona el 3 de diciembre","og_description":"Compra entradas para el concierto de Rita Pay\u00e9s y Elisabeth Roma en el Cru\u00eflla Tardor 2022, el 3 de diciembre de 2022 en L'Auditori.","og_url":"https:\/\/www.cruillaconcerts.cat\/es\/artists\/rita-payes-y-elisabeth-roma\/","og_site_name":"Cru\u00eflla Concerts","article_modified_time":"2022-12-04T09:17:54+00:00","og_image":[{"width":811,"height":811,"url":"https:\/\/www.cruillaconcerts.cat\/wp-content\/uploads\/2022\/06\/rita-paye\u0300sok.jpeg","type":"image\/jpeg"}],"twitter_card":"summary_large_image","twitter_misc":{"Tiempo de lectura":"2 minutos"},"schema":{"@context":"https:\/\/schema.org","@graph":[{"@type":"WebPage","@id":"https:\/\/www.cruillaconcerts.cat\/es\/artists\/rita-payes-y-elisabeth-roma\/","url":"https:\/\/www.cruillaconcerts.cat\/es\/artists\/rita-payes-y-elisabeth-roma\/","name":"Rita Pay\u00e9s y Elisabeth Roma en concierto en Barcelona el 3 de diciembre","isPartOf":{"@id":"https:\/\/www.cruillaconcerts.cat\/es\/#website"},"primaryImageOfPage":{"@id":"https:\/\/www.cruillaconcerts.cat\/es\/artists\/rita-payes-y-elisabeth-roma\/#primaryimage"},"image":{"@id":"https:\/\/www.cruillaconcerts.cat\/es\/artists\/rita-payes-y-elisabeth-roma\/#primaryimage"},"thumbnailUrl":"https:\/\/www.cruillaconcerts.cat\/wp-content\/uploads\/2022\/06\/rita-paye\u0300sok.jpeg","datePublished":"2022-07-06T10:58:27+00:00","dateModified":"2022-12-04T09:17:54+00:00","description":"Compra entradas para el concierto de Rita Pay\u00e9s y Elisabeth Roma en el Cru\u00eflla Tardor 2022, el 3 de diciembre de 2022 en L'Auditori.","breadcrumb":{"@id":"https:\/\/www.cruillaconcerts.cat\/es\/artists\/rita-payes-y-elisabeth-roma\/#breadcrumb"},"inLanguage":"es","potentialAction":[{"@type":"ReadAction","target":["https:\/\/www.cruillaconcerts.cat\/es\/artists\/rita-payes-y-elisabeth-roma\/"]}]},{"@type":"ImageObject","inLanguage":"es","@id":"https:\/\/www.cruillaconcerts.cat\/es\/artists\/rita-payes-y-elisabeth-roma\/#primaryimage","url":"https:\/\/www.cruillaconcerts.cat\/wp-content\/uploads\/2022\/06\/rita-paye\u0300sok.jpeg","contentUrl":"https:\/\/www.cruillaconcerts.cat\/wp-content\/uploads\/2022\/06\/rita-paye\u0300sok.jpeg","width":811,"height":811},{"@type":"BreadcrumbList","@id":"https:\/\/www.cruillaconcerts.cat\/es\/artists\/rita-payes-y-elisabeth-roma\/#breadcrumb","itemListElement":[{"@type":"ListItem","position":1,"name":"Home","item":"https:\/\/www.cruillaconcerts.cat\/es\/"},{"@type":"ListItem","position":2,"name":"Rita Pay\u00e9s y Elisabeth Roma"}]},{"@type":"WebSite","@id":"https:\/\/www.cruillaconcerts.cat\/es\/#website","url":"https:\/\/www.cruillaconcerts.cat\/es\/","name":"Cru\u00eflla Concerts","description":"","potentialAction":[{"@type":"SearchAction","target":{"@type":"EntryPoint","urlTemplate":"https:\/\/www.cruillaconcerts.cat\/es\/?s={search_term_string}"},"query-input":{"@type":"PropertyValueSpecification","valueRequired":true,"valueName":"search_term_string"}}],"inLanguage":"es"}]}},"_links":{"self":[{"href":"https:\/\/www.cruillaconcerts.cat\/es\/wp-json\/wp\/v2\/artists\/1029","targetHints":{"allow":["GET"]}}],"collection":[{"href":"https:\/\/www.cruillaconcerts.cat\/es\/wp-json\/wp\/v2\/artists"}],"about":[{"href":"https:\/\/www.cruillaconcerts.cat\/es\/wp-json\/wp\/v2\/types\/artists"}],"acf:term":[{"embeddable":true,"taxonomy":"artists_audience_age","href":"https:\/\/www.cruillaconcerts.cat\/es\/wp-json\/wp\/v2\/artists_audience_age\/40"},{"embeddable":true,"taxonomy":"artists_nationality","href":"https:\/\/www.cruillaconcerts.cat\/es\/wp-json\/wp\/v2\/artists_nationality\/38"},{"embeddable":true,"taxonomy":"artists_nationality","href":"https:\/\/www.cruillaconcerts.cat\/es\/wp-json\/wp\/v2\/artists_nationality\/37"},{"embeddable":true,"taxonomy":"artists_style","href":"https:\/\/www.cruillaconcerts.cat\/es\/wp-json\/wp\/v2\/artists_style\/46"},{"embeddable":true,"taxonomy":"artists_location","href":"https:\/\/www.cruillaconcerts.cat\/es\/wp-json\/wp\/v2\/artists_location\/50"},{"embeddable":true,"taxonomy":"artists_edition","href":"https:\/\/www.cruillaconcerts.cat\/es\/wp-json\/wp\/v2\/artists_edition\/19"}],"wp:featuredmedia":[{"embeddable":true,"href":"https:\/\/www.cruillaconcerts.cat\/es\/wp-json\/wp\/v2\/media\/999"}],"wp:attachment":[{"href":"https:\/\/www.cruillaconcerts.cat\/es\/wp-json\/wp\/v2\/media?parent=1029"}],"wp:term":[{"taxonomy":"artists_edition","embeddable":true,"href":"https:\/\/www.cruillaconcerts.cat\/es\/wp-json\/wp\/v2\/artists_edition?post=1029"}],"curies":[{"name":"wp","href":"https:\/\/api.w.org\/{rel}","templated":true}]}}