{"id":1654,"date":"2023-01-31T11:28:55","date_gmt":"2023-01-31T11:28:55","guid":{"rendered":"https:\/\/www.cruillaconcerts.cat\/?post_type=artists&#038;p=1654"},"modified":"2023-05-03T09:04:30","modified_gmt":"2023-05-03T09:04:30","slug":"els-amics-de-les-arts","status":"publish","type":"artists","link":"https:\/\/www.cruillaconcerts.cat\/es\/artists\/els-amics-de-les-arts\/","title":{"rendered":"Els Amics de les Arts"},"content":{"rendered":"<h2>\u00a1ELS AMICS DE LES ARTS EN CONCIERTO EN EL CRU\u00cfLLA DO TERRA ALTA!<\/h2>\n<h3>EL ESTRENO QUE ESPERABAS<\/h3>\n<p>Hay quien hace una gran fiesta, quien se compra un coche o quien hace un largo viaje, pero <span style=\"font-weight: 400;\"><strong>Els Amics de les Arts<\/strong><\/span> han decidido celebrar sus 18 a\u00f1os de trayectoria, su mayor\u00eda de edad como banda, de una forma inolvidable:<strong> iniciando su nueva gira en el Cru\u00eflla DO Terra Alta.<\/strong><\/p>\n<p>Despu\u00e9s de estrenar con \u00e9xito su musical <i><span style=\"font-weight: 400;\">Pares Normals <\/span><\/i> y de publicar el EP navide\u00f1o <i><span style=\"font-weight: 400;\">Vides llunyanes<\/span><\/i>, el tr\u00edo <strong>presenta este 2023 <i>All\u00e0 on volia<\/i>, su sexto disco<\/strong>. Ocho canciones con su sello inconfundible.<\/p>\n<hr \/>\n<p style=\"text-align: center;\"><strong><em>Consigue tu entrada o abono del Cru\u00eflla DO Terra Alta:<\/em><\/strong><\/p>\n<p style=\"text-align: center;\"><a class=\"efsbutton button \" target=\"_blank\">ENTRADAS<\/a><\/p>\n<hr \/>\n<p>Desde sus particulares versiones de Jean-Luc Godard o Jacques Cousteau hasta Melinda o Salvador, son <strong>decenas los personajes<\/strong> que Joan Enric Barcel\u00f3, Dani Alegret y Ferran Piqu\u00e9 han inventado para acompa\u00f1arnos all\u00e1 donde queramos.<\/p>\n<p>Uno de sus himnos afirma que \u201c<strong>volver siempre es la mejor parte de la aventura<\/strong>\u201d y <span style=\"font-weight: 400;\">Els Amics de les Arts<\/span> lo demostrar\u00e1n en el Cru\u00eflla DO Terra Alta. \u00a1<strong>Bienvenidos de nuevo a los escenarios, <em>amics<\/em><\/strong>!<img decoding=\"async\" class=\"aligncenter wp-image-1959\" src=\"https:\/\/www.cruillaconcerts.cat\/wp-content\/uploads\/2023\/01\/Promo_CruillaTerraAlta_Cartell_ES.jpg\" alt=\"\" width=\"900\" height=\"471\" srcset=\"https:\/\/www.cruillaconcerts.cat\/wp-content\/uploads\/2023\/01\/Promo_CruillaTerraAlta_Cartell_ES.jpg 1800w, https:\/\/www.cruillaconcerts.cat\/wp-content\/uploads\/2023\/01\/Promo_CruillaTerraAlta_Cartell_ES-1024x536.jpg 1024w, https:\/\/www.cruillaconcerts.cat\/wp-content\/uploads\/2023\/01\/Promo_CruillaTerraAlta_Cartell_ES-768x402.jpg 768w, https:\/\/www.cruillaconcerts.cat\/wp-content\/uploads\/2023\/01\/Promo_CruillaTerraAlta_Cartell_ES-1536x804.jpg 1536w, https:\/\/www.cruillaconcerts.cat\/wp-content\/uploads\/2023\/01\/Promo_CruillaTerraAlta_Cartell_ES-300x157.jpg 300w, https:\/\/www.cruillaconcerts.cat\/wp-content\/uploads\/2023\/01\/Promo_CruillaTerraAlta_Cartell_ES-1500x785.jpg 1500w\" sizes=\"(max-width: 900px) 100vw, 900px\" \/><\/p>\n<!-- auto-added video if acf\/single-artist-video not used  --> <iframe style=\"width: 100%;max-width: 100%;height: auto;aspect-ratio: 16 \/ 9;\" src=\"https:\/\/www.youtube-nocookie.com\/embed\/_q6ZHY9rpHA\" frameborder=\"0\" allow=\"accelerometer; autoplay; encrypted-media; gyroscope; picture-in-picture\" allowfullscreen><\/iframe>","protected":false},"featured_media":1657,"parent":0,"template":"","meta":{"_acf_changed":false},"artists_edition":[55],"class_list":["post-1654","artists","type-artists","status-publish","has-post-thumbnail","hentry","artists_location-camp-de-futbol-de-batea","artists_style-pop","artists_nationality-catala","artists_audience_age-adult","artists_audience_age-jove","artists_edition-cruilla-d-o-terra-alta"],"acf":{"_thumbnail_id":1657,"youtube_player":"_q6ZHY9rpHA","artist_edition":[55],"artist_date":"20230422","artist_time":"20:30","artist_time_2":"","artist_location":[54],"artist_ticket_url":"https:\/\/www.cruillaconcerts.cat\/es\/tickets-terra-alta\/","artist_ticket_status":"","artist_extra_date__show":false,"artist_extra_date_2":null,"artist_time_of_date2":"","artist_extra_date_3":null,"artist_time_of_date3":"","artist_extra_date_4":null,"artist_time_of_date4":"","artist_extra_date_5":null,"artist_time_of_date5":"","artist_date__show_month":true,"artist_sidebar_active":true,"show_in_agenda":false,"artist_sidebar__banner_img":"","artist_sidebar__banner_link":"","artist_hero_content":"Cru\u00eflla DO Terra Alta","artist_style":[32],"artist_nationality":[37],"artist_audience_age":[41,40]},"yoast_head":"<!-- This site is optimized with the Yoast SEO plugin v27.5 - https:\/\/yoast.com\/product\/yoast-seo-wordpress\/ -->\n<title>Concierto de Els Amics de les Arts en Batea<\/title>\n<meta name=\"description\" content=\"Compra entradas para el concierto de Els Amics de les Arts en Batea. El 22 de abril de 2023 en el Cru\u00eflla DO Terra Alta.\" \/>\n<meta name=\"robots\" content=\"index, follow, max-snippet:-1, max-image-preview:large, max-video-preview:-1\" \/>\n<link rel=\"canonical\" href=\"https:\/\/www.cruillaconcerts.cat\/es\/artists\/els-amics-de-les-arts\/\" \/>\n<meta property=\"og:locale\" content=\"es_ES\" \/>\n<meta property=\"og:type\" content=\"article\" \/>\n<meta property=\"og:title\" content=\"Concierto de Els Amics de les Arts en Batea\" \/>\n<meta property=\"og:description\" content=\"Compra entradas para el concierto de Els Amics de les Arts en Batea. El 22 de abril de 2023 en el Cru\u00eflla DO Terra Alta.\" \/>\n<meta property=\"og:url\" content=\"https:\/\/www.cruillaconcerts.cat\/es\/artists\/els-amics-de-les-arts\/\" \/>\n<meta property=\"og:site_name\" content=\"Cru\u00eflla Concerts\" \/>\n<meta property=\"article:modified_time\" content=\"2023-05-03T09:04:30+00:00\" \/>\n<meta property=\"og:image\" content=\"https:\/\/www.cruillaconcerts.cat\/wp-content\/uploads\/2023\/01\/Els-Amics-de-les-Arts-e1672756209415.jpg\" \/>\n\t<meta property=\"og:image:width\" content=\"683\" \/>\n\t<meta property=\"og:image:height\" content=\"1024\" \/>\n\t<meta property=\"og:image:type\" content=\"image\/jpeg\" \/>\n<meta name=\"twitter:card\" content=\"summary_large_image\" \/>\n<meta name=\"twitter:label1\" content=\"Tiempo de lectura\" \/>\n\t<meta name=\"twitter:data1\" content=\"2 minutos\" \/>\n<script type=\"application\/ld+json\" class=\"yoast-schema-graph\">{\"@context\":\"https:\\\/\\\/schema.org\",\"@graph\":[{\"@type\":\"WebPage\",\"@id\":\"https:\\\/\\\/www.cruillaconcerts.cat\\\/es\\\/artists\\\/els-amics-de-les-arts\\\/\",\"url\":\"https:\\\/\\\/www.cruillaconcerts.cat\\\/es\\\/artists\\\/els-amics-de-les-arts\\\/\",\"name\":\"Concierto de Els Amics de les Arts en Batea\",\"isPartOf\":{\"@id\":\"https:\\\/\\\/www.cruillaconcerts.cat\\\/es\\\/#website\"},\"primaryImageOfPage\":{\"@id\":\"https:\\\/\\\/www.cruillaconcerts.cat\\\/es\\\/artists\\\/els-amics-de-les-arts\\\/#primaryimage\"},\"image\":{\"@id\":\"https:\\\/\\\/www.cruillaconcerts.cat\\\/es\\\/artists\\\/els-amics-de-les-arts\\\/#primaryimage\"},\"thumbnailUrl\":\"https:\\\/\\\/www.cruillaconcerts.cat\\\/wp-content\\\/uploads\\\/2023\\\/01\\\/Els-Amics-de-les-Arts-e1672756209415.jpg\",\"datePublished\":\"2023-01-31T11:28:55+00:00\",\"dateModified\":\"2023-05-03T09:04:30+00:00\",\"description\":\"Compra entradas para el concierto de Els Amics de les Arts en Batea. El 22 de abril de 2023 en el Cru\u00eflla DO Terra Alta.\",\"breadcrumb\":{\"@id\":\"https:\\\/\\\/www.cruillaconcerts.cat\\\/es\\\/artists\\\/els-amics-de-les-arts\\\/#breadcrumb\"},\"inLanguage\":\"es\",\"potentialAction\":[{\"@type\":\"ReadAction\",\"target\":[\"https:\\\/\\\/www.cruillaconcerts.cat\\\/es\\\/artists\\\/els-amics-de-les-arts\\\/\"]}]},{\"@type\":\"ImageObject\",\"inLanguage\":\"es\",\"@id\":\"https:\\\/\\\/www.cruillaconcerts.cat\\\/es\\\/artists\\\/els-amics-de-les-arts\\\/#primaryimage\",\"url\":\"https:\\\/\\\/www.cruillaconcerts.cat\\\/wp-content\\\/uploads\\\/2023\\\/01\\\/Els-Amics-de-les-Arts-e1672756209415.jpg\",\"contentUrl\":\"https:\\\/\\\/www.cruillaconcerts.cat\\\/wp-content\\\/uploads\\\/2023\\\/01\\\/Els-Amics-de-les-Arts-e1672756209415.jpg\",\"width\":683,\"height\":1024},{\"@type\":\"BreadcrumbList\",\"@id\":\"https:\\\/\\\/www.cruillaconcerts.cat\\\/es\\\/artists\\\/els-amics-de-les-arts\\\/#breadcrumb\",\"itemListElement\":[{\"@type\":\"ListItem\",\"position\":1,\"name\":\"Home\",\"item\":\"https:\\\/\\\/www.cruillaconcerts.cat\\\/es\\\/\"},{\"@type\":\"ListItem\",\"position\":2,\"name\":\"Els Amics de les Arts\"}]},{\"@type\":\"WebSite\",\"@id\":\"https:\\\/\\\/www.cruillaconcerts.cat\\\/es\\\/#website\",\"url\":\"https:\\\/\\\/www.cruillaconcerts.cat\\\/es\\\/\",\"name\":\"Cru\u00eflla Concerts\",\"description\":\"\",\"potentialAction\":[{\"@type\":\"SearchAction\",\"target\":{\"@type\":\"EntryPoint\",\"urlTemplate\":\"https:\\\/\\\/www.cruillaconcerts.cat\\\/es\\\/?s={search_term_string}\"},\"query-input\":{\"@type\":\"PropertyValueSpecification\",\"valueRequired\":true,\"valueName\":\"search_term_string\"}}],\"inLanguage\":\"es\"}]}<\/script>\n<!-- \/ Yoast SEO plugin. -->","yoast_head_json":{"title":"Concierto de Els Amics de les Arts en Batea","description":"Compra entradas para el concierto de Els Amics de les Arts en Batea. El 22 de abril de 2023 en el Cru\u00eflla DO Terra Alta.","robots":{"index":"index","follow":"follow","max-snippet":"max-snippet:-1","max-image-preview":"max-image-preview:large","max-video-preview":"max-video-preview:-1"},"canonical":"https:\/\/www.cruillaconcerts.cat\/es\/artists\/els-amics-de-les-arts\/","og_locale":"es_ES","og_type":"article","og_title":"Concierto de Els Amics de les Arts en Batea","og_description":"Compra entradas para el concierto de Els Amics de les Arts en Batea. El 22 de abril de 2023 en el Cru\u00eflla DO Terra Alta.","og_url":"https:\/\/www.cruillaconcerts.cat\/es\/artists\/els-amics-de-les-arts\/","og_site_name":"Cru\u00eflla Concerts","article_modified_time":"2023-05-03T09:04:30+00:00","og_image":[{"width":683,"height":1024,"url":"https:\/\/www.cruillaconcerts.cat\/wp-content\/uploads\/2023\/01\/Els-Amics-de-les-Arts-e1672756209415.jpg","type":"image\/jpeg"}],"twitter_card":"summary_large_image","twitter_misc":{"Tiempo de lectura":"2 minutos"},"schema":{"@context":"https:\/\/schema.org","@graph":[{"@type":"WebPage","@id":"https:\/\/www.cruillaconcerts.cat\/es\/artists\/els-amics-de-les-arts\/","url":"https:\/\/www.cruillaconcerts.cat\/es\/artists\/els-amics-de-les-arts\/","name":"Concierto de Els Amics de les Arts en Batea","isPartOf":{"@id":"https:\/\/www.cruillaconcerts.cat\/es\/#website"},"primaryImageOfPage":{"@id":"https:\/\/www.cruillaconcerts.cat\/es\/artists\/els-amics-de-les-arts\/#primaryimage"},"image":{"@id":"https:\/\/www.cruillaconcerts.cat\/es\/artists\/els-amics-de-les-arts\/#primaryimage"},"thumbnailUrl":"https:\/\/www.cruillaconcerts.cat\/wp-content\/uploads\/2023\/01\/Els-Amics-de-les-Arts-e1672756209415.jpg","datePublished":"2023-01-31T11:28:55+00:00","dateModified":"2023-05-03T09:04:30+00:00","description":"Compra entradas para el concierto de Els Amics de les Arts en Batea. El 22 de abril de 2023 en el Cru\u00eflla DO Terra Alta.","breadcrumb":{"@id":"https:\/\/www.cruillaconcerts.cat\/es\/artists\/els-amics-de-les-arts\/#breadcrumb"},"inLanguage":"es","potentialAction":[{"@type":"ReadAction","target":["https:\/\/www.cruillaconcerts.cat\/es\/artists\/els-amics-de-les-arts\/"]}]},{"@type":"ImageObject","inLanguage":"es","@id":"https:\/\/www.cruillaconcerts.cat\/es\/artists\/els-amics-de-les-arts\/#primaryimage","url":"https:\/\/www.cruillaconcerts.cat\/wp-content\/uploads\/2023\/01\/Els-Amics-de-les-Arts-e1672756209415.jpg","contentUrl":"https:\/\/www.cruillaconcerts.cat\/wp-content\/uploads\/2023\/01\/Els-Amics-de-les-Arts-e1672756209415.jpg","width":683,"height":1024},{"@type":"BreadcrumbList","@id":"https:\/\/www.cruillaconcerts.cat\/es\/artists\/els-amics-de-les-arts\/#breadcrumb","itemListElement":[{"@type":"ListItem","position":1,"name":"Home","item":"https:\/\/www.cruillaconcerts.cat\/es\/"},{"@type":"ListItem","position":2,"name":"Els Amics de les Arts"}]},{"@type":"WebSite","@id":"https:\/\/www.cruillaconcerts.cat\/es\/#website","url":"https:\/\/www.cruillaconcerts.cat\/es\/","name":"Cru\u00eflla Concerts","description":"","potentialAction":[{"@type":"SearchAction","target":{"@type":"EntryPoint","urlTemplate":"https:\/\/www.cruillaconcerts.cat\/es\/?s={search_term_string}"},"query-input":{"@type":"PropertyValueSpecification","valueRequired":true,"valueName":"search_term_string"}}],"inLanguage":"es"}]}},"_links":{"self":[{"href":"https:\/\/www.cruillaconcerts.cat\/es\/wp-json\/wp\/v2\/artists\/1654","targetHints":{"allow":["GET"]}}],"collection":[{"href":"https:\/\/www.cruillaconcerts.cat\/es\/wp-json\/wp\/v2\/artists"}],"about":[{"href":"https:\/\/www.cruillaconcerts.cat\/es\/wp-json\/wp\/v2\/types\/artists"}],"acf:term":[{"embeddable":true,"taxonomy":"artists_audience_age","href":"https:\/\/www.cruillaconcerts.cat\/es\/wp-json\/wp\/v2\/artists_audience_age\/40"},{"embeddable":true,"taxonomy":"artists_audience_age","href":"https:\/\/www.cruillaconcerts.cat\/es\/wp-json\/wp\/v2\/artists_audience_age\/41"},{"embeddable":true,"taxonomy":"artists_nationality","href":"https:\/\/www.cruillaconcerts.cat\/es\/wp-json\/wp\/v2\/artists_nationality\/37"},{"embeddable":true,"taxonomy":"artists_style","href":"https:\/\/www.cruillaconcerts.cat\/es\/wp-json\/wp\/v2\/artists_style\/32"},{"embeddable":true,"taxonomy":"artists_location","href":"https:\/\/www.cruillaconcerts.cat\/es\/wp-json\/wp\/v2\/artists_location\/54"},{"embeddable":true,"taxonomy":"artists_edition","href":"https:\/\/www.cruillaconcerts.cat\/es\/wp-json\/wp\/v2\/artists_edition\/55"}],"wp:featuredmedia":[{"embeddable":true,"href":"https:\/\/www.cruillaconcerts.cat\/es\/wp-json\/wp\/v2\/media\/1657"}],"wp:attachment":[{"href":"https:\/\/www.cruillaconcerts.cat\/es\/wp-json\/wp\/v2\/media?parent=1654"}],"wp:term":[{"taxonomy":"artists_edition","embeddable":true,"href":"https:\/\/www.cruillaconcerts.cat\/es\/wp-json\/wp\/v2\/artists_edition?post=1654"}],"curies":[{"name":"wp","href":"https:\/\/api.w.org\/{rel}","templated":true}]}}