{"id":1735,"date":"2023-01-31T11:28:49","date_gmt":"2023-01-31T11:28:49","guid":{"rendered":"https:\/\/www.cruillaconcerts.cat\/?post_type=artists&#038;p=1735"},"modified":"2023-05-03T09:06:23","modified_gmt":"2023-05-03T09:06:23","slug":"damaris-gelabert","status":"publish","type":"artists","link":"https:\/\/www.cruillaconcerts.cat\/es\/artists\/damaris-gelabert\/","title":{"rendered":"D\u00e0maris Gelabert"},"content":{"rendered":"<h2>\u00a1D\u00c0MARIS GELABERT EN CONCIERTO EN EL CRU\u00cfLLA DO TERRA ALTA!<\/h2>\n<h3>\u00abSALTEM CORRENTS DEL LLIT!\u00bb (\u00a1SALTEMOS CORRIENDO DE LA CAMA!)<\/h3>\n<p><span style=\"font-weight: 400;\">\u201cQuan s\u2019aixeca el tel\u00f3, tot \u00e9s llum i emoci\u00f3\u201d \/ \u201cCuando se levanta el tel\u00f3n, todo es luz y emoci\u00f3n\u201d. <strong>D\u00e0maris Gelabert<\/strong> lleva casi 25 a\u00f1os usando <strong>la m\u00fasica y el teatro<\/strong> como <strong>herramientas de aprendizaje<\/strong> en el \u00e1mbito escolar y familiar y el pr\u00f3ximo 23 de abril llevar\u00e1 su <strong>espect\u00e1culo \u00fanico y vibrante<\/strong> al Cru\u00eflla DO Terra Alta.<\/span><\/p>\n<p><span style=\"font-weight: 400;\">En su concierto <strong>en familia y para las familias<\/strong>, la banda interpetar\u00e1 sus temas m\u00e1s conocidos y nos regalar\u00e1 sorpresas de la mano de su <strong>propia familia de m\u00fasicos,<\/strong> que en esta ocasi\u00f3n tendr\u00e1 un formato de cuarteto.<\/span><\/p>\n<hr \/>\n<p style=\"text-align: center;\"><em><strong>Consigue tu entrada de d\u00eda o abono del Cru\u00eflla DO Terra Alta:<\/strong><\/em><\/p>\n<p style=\"text-align: center;\"><a class=\"efsbutton button \" target=\"_blank\">ENTRADAS<\/a><\/p>\n<hr \/>\n<p><span style=\"font-weight: 400;\">Los datos hablan por s\u00ed solos: desde <strong>1998<\/strong> ha editado m\u00e1s de 15 \u00e1lbumes y de 200 canciones, su canal de YouTube supera las 800 millones de visualizaciones y los 2 millones de suscriptores y es el <strong>primer canal de m\u00fasica en catal\u00e1n<\/strong> que obtiene el Bot\u00f3n de Oro de la plataforma.<\/span><\/p>\n<p><span style=\"font-weight: 400;\"><strong>D\u00e0maris Gelabert<\/strong> se ha convertido en todo un fen\u00f3meno, triunfando con sus discos de nanas o con el musical <\/span><strong><i>Bye Bye Monstre<\/i><\/strong><span style=\"font-weight: 400;\"> en colaboraci\u00f3n con Dagoll Dagom. No te pierdas su concierto en el Cru\u00eflla DO Terra Alta, \u00a1y recuerda que \u201cjunts sempre \u00e9s m\u00e9s f\u00e0cil guanyar\u201d \/ \u201cjuntos siempre es m\u00e1s f\u00e1cil ganar\u201d!<\/span><\/p>\n<p style=\"text-align: center;\"><img decoding=\"async\" class=\"aligncenter wp-image-1959\" src=\"https:\/\/www.cruillaconcerts.cat\/wp-content\/uploads\/2023\/01\/Promo_CruillaTerraAlta_Cartell_ES.jpg\" alt=\"\" width=\"900\" height=\"471\" srcset=\"https:\/\/www.cruillaconcerts.cat\/wp-content\/uploads\/2023\/01\/Promo_CruillaTerraAlta_Cartell_ES.jpg 1800w, https:\/\/www.cruillaconcerts.cat\/wp-content\/uploads\/2023\/01\/Promo_CruillaTerraAlta_Cartell_ES-1024x536.jpg 1024w, https:\/\/www.cruillaconcerts.cat\/wp-content\/uploads\/2023\/01\/Promo_CruillaTerraAlta_Cartell_ES-768x402.jpg 768w, https:\/\/www.cruillaconcerts.cat\/wp-content\/uploads\/2023\/01\/Promo_CruillaTerraAlta_Cartell_ES-1536x804.jpg 1536w, https:\/\/www.cruillaconcerts.cat\/wp-content\/uploads\/2023\/01\/Promo_CruillaTerraAlta_Cartell_ES-300x157.jpg 300w, https:\/\/www.cruillaconcerts.cat\/wp-content\/uploads\/2023\/01\/Promo_CruillaTerraAlta_Cartell_ES-1500x785.jpg 1500w\" sizes=\"(max-width: 900px) 100vw, 900px\" \/><\/p>\n<!-- auto-added video if acf\/single-artist-video not used  --> <iframe style=\"width: 100%;max-width: 100%;height: auto;aspect-ratio: 16 \/ 9;\" src=\"https:\/\/www.youtube-nocookie.com\/embed\/d3NWWRsgO3k\" frameborder=\"0\" allow=\"accelerometer; autoplay; encrypted-media; gyroscope; picture-in-picture\" allowfullscreen><\/iframe>","protected":false},"featured_media":1734,"parent":0,"template":"","meta":{"_acf_changed":false},"artists_edition":[55],"class_list":["post-1735","artists","type-artists","status-publish","has-post-thumbnail","hentry","artists_location-camp-de-futbol-de-batea","artists_style-infantil-familiar","artists_edition-cruilla-d-o-terra-alta"],"acf":{"_thumbnail_id":1734,"youtube_player":"d3NWWRsgO3k","artist_edition":[55],"artist_date":"20230423","artist_time":"11:30","artist_time_2":"","artist_location":[54],"artist_ticket_url":"https:\/\/www.cruillaconcerts.cat\/es\/tickets-terra-alta\/","artist_ticket_status":"","artist_extra_date__show":false,"artist_extra_date_2":null,"artist_time_of_date2":"","artist_extra_date_3":null,"artist_time_of_date3":"","artist_extra_date_4":null,"artist_time_of_date4":"","artist_extra_date_5":null,"artist_time_of_date5":"","artist_date__show_month":true,"artist_sidebar_active":true,"show_in_agenda":false,"artist_sidebar__banner_img":"","artist_sidebar__banner_link":"","artist_hero_content":"Cru\u00eflla DO Terra Alta","artist_style":[56],"artist_nationality":false,"artist_audience_age":false},"yoast_head":"<!-- This site is optimized with the Yoast SEO plugin v27.5 - https:\/\/yoast.com\/product\/yoast-seo-wordpress\/ -->\n<title>D\u00e0maris Gelabert en concierto en Batea el 23 de abril de 2023<\/title>\n<meta name=\"description\" content=\"Entradas para el concierto de D\u00e0maris Gelabert en el Cru\u00eflla DO Terra Alta. El pr\u00f3ximo 23 de abril de 2023 en el Campo de Futbol de Batea.\" \/>\n<meta name=\"robots\" content=\"index, follow, max-snippet:-1, max-image-preview:large, max-video-preview:-1\" \/>\n<link rel=\"canonical\" href=\"https:\/\/www.cruillaconcerts.cat\/es\/artists\/damaris-gelabert\/\" \/>\n<meta property=\"og:locale\" content=\"es_ES\" \/>\n<meta property=\"og:type\" content=\"article\" \/>\n<meta property=\"og:title\" content=\"D\u00e0maris Gelabert en concierto en Batea el 23 de abril de 2023\" \/>\n<meta property=\"og:description\" content=\"Entradas para el concierto de D\u00e0maris Gelabert en el Cru\u00eflla DO Terra Alta. El pr\u00f3ximo 23 de abril de 2023 en el Campo de Futbol de Batea.\" \/>\n<meta property=\"og:url\" content=\"https:\/\/www.cruillaconcerts.cat\/es\/artists\/damaris-gelabert\/\" \/>\n<meta property=\"og:site_name\" content=\"Cru\u00eflla Concerts\" \/>\n<meta property=\"article:modified_time\" content=\"2023-05-03T09:06:23+00:00\" \/>\n<meta property=\"og:image\" content=\"https:\/\/www.cruillaconcerts.cat\/wp-content\/uploads\/2023\/01\/Damaris_Quadrada-1.jpg\" \/>\n\t<meta property=\"og:image:width\" content=\"800\" \/>\n\t<meta property=\"og:image:height\" content=\"800\" \/>\n\t<meta property=\"og:image:type\" content=\"image\/jpeg\" \/>\n<meta name=\"twitter:card\" content=\"summary_large_image\" \/>\n<meta name=\"twitter:label1\" content=\"Tiempo de lectura\" \/>\n\t<meta name=\"twitter:data1\" content=\"2 minutos\" \/>\n<script type=\"application\/ld+json\" class=\"yoast-schema-graph\">{\"@context\":\"https:\\\/\\\/schema.org\",\"@graph\":[{\"@type\":\"WebPage\",\"@id\":\"https:\\\/\\\/www.cruillaconcerts.cat\\\/es\\\/artists\\\/damaris-gelabert\\\/\",\"url\":\"https:\\\/\\\/www.cruillaconcerts.cat\\\/es\\\/artists\\\/damaris-gelabert\\\/\",\"name\":\"D\u00e0maris Gelabert en concierto en Batea el 23 de abril de 2023\",\"isPartOf\":{\"@id\":\"https:\\\/\\\/www.cruillaconcerts.cat\\\/es\\\/#website\"},\"primaryImageOfPage\":{\"@id\":\"https:\\\/\\\/www.cruillaconcerts.cat\\\/es\\\/artists\\\/damaris-gelabert\\\/#primaryimage\"},\"image\":{\"@id\":\"https:\\\/\\\/www.cruillaconcerts.cat\\\/es\\\/artists\\\/damaris-gelabert\\\/#primaryimage\"},\"thumbnailUrl\":\"https:\\\/\\\/www.cruillaconcerts.cat\\\/wp-content\\\/uploads\\\/2023\\\/01\\\/Damaris_Quadrada-1.jpg\",\"datePublished\":\"2023-01-31T11:28:49+00:00\",\"dateModified\":\"2023-05-03T09:06:23+00:00\",\"description\":\"Entradas para el concierto de D\u00e0maris Gelabert en el Cru\u00eflla DO Terra Alta. El pr\u00f3ximo 23 de abril de 2023 en el Campo de Futbol de Batea.\",\"breadcrumb\":{\"@id\":\"https:\\\/\\\/www.cruillaconcerts.cat\\\/es\\\/artists\\\/damaris-gelabert\\\/#breadcrumb\"},\"inLanguage\":\"es\",\"potentialAction\":[{\"@type\":\"ReadAction\",\"target\":[\"https:\\\/\\\/www.cruillaconcerts.cat\\\/es\\\/artists\\\/damaris-gelabert\\\/\"]}]},{\"@type\":\"ImageObject\",\"inLanguage\":\"es\",\"@id\":\"https:\\\/\\\/www.cruillaconcerts.cat\\\/es\\\/artists\\\/damaris-gelabert\\\/#primaryimage\",\"url\":\"https:\\\/\\\/www.cruillaconcerts.cat\\\/wp-content\\\/uploads\\\/2023\\\/01\\\/Damaris_Quadrada-1.jpg\",\"contentUrl\":\"https:\\\/\\\/www.cruillaconcerts.cat\\\/wp-content\\\/uploads\\\/2023\\\/01\\\/Damaris_Quadrada-1.jpg\",\"width\":800,\"height\":800},{\"@type\":\"BreadcrumbList\",\"@id\":\"https:\\\/\\\/www.cruillaconcerts.cat\\\/es\\\/artists\\\/damaris-gelabert\\\/#breadcrumb\",\"itemListElement\":[{\"@type\":\"ListItem\",\"position\":1,\"name\":\"Home\",\"item\":\"https:\\\/\\\/www.cruillaconcerts.cat\\\/es\\\/\"},{\"@type\":\"ListItem\",\"position\":2,\"name\":\"D\u00e0maris Gelabert\"}]},{\"@type\":\"WebSite\",\"@id\":\"https:\\\/\\\/www.cruillaconcerts.cat\\\/es\\\/#website\",\"url\":\"https:\\\/\\\/www.cruillaconcerts.cat\\\/es\\\/\",\"name\":\"Cru\u00eflla Concerts\",\"description\":\"\",\"potentialAction\":[{\"@type\":\"SearchAction\",\"target\":{\"@type\":\"EntryPoint\",\"urlTemplate\":\"https:\\\/\\\/www.cruillaconcerts.cat\\\/es\\\/?s={search_term_string}\"},\"query-input\":{\"@type\":\"PropertyValueSpecification\",\"valueRequired\":true,\"valueName\":\"search_term_string\"}}],\"inLanguage\":\"es\"}]}<\/script>\n<!-- \/ Yoast SEO plugin. -->","yoast_head_json":{"title":"D\u00e0maris Gelabert en concierto en Batea el 23 de abril de 2023","description":"Entradas para el concierto de D\u00e0maris Gelabert en el Cru\u00eflla DO Terra Alta. El pr\u00f3ximo 23 de abril de 2023 en el Campo de Futbol de Batea.","robots":{"index":"index","follow":"follow","max-snippet":"max-snippet:-1","max-image-preview":"max-image-preview:large","max-video-preview":"max-video-preview:-1"},"canonical":"https:\/\/www.cruillaconcerts.cat\/es\/artists\/damaris-gelabert\/","og_locale":"es_ES","og_type":"article","og_title":"D\u00e0maris Gelabert en concierto en Batea el 23 de abril de 2023","og_description":"Entradas para el concierto de D\u00e0maris Gelabert en el Cru\u00eflla DO Terra Alta. El pr\u00f3ximo 23 de abril de 2023 en el Campo de Futbol de Batea.","og_url":"https:\/\/www.cruillaconcerts.cat\/es\/artists\/damaris-gelabert\/","og_site_name":"Cru\u00eflla Concerts","article_modified_time":"2023-05-03T09:06:23+00:00","og_image":[{"width":800,"height":800,"url":"https:\/\/www.cruillaconcerts.cat\/wp-content\/uploads\/2023\/01\/Damaris_Quadrada-1.jpg","type":"image\/jpeg"}],"twitter_card":"summary_large_image","twitter_misc":{"Tiempo de lectura":"2 minutos"},"schema":{"@context":"https:\/\/schema.org","@graph":[{"@type":"WebPage","@id":"https:\/\/www.cruillaconcerts.cat\/es\/artists\/damaris-gelabert\/","url":"https:\/\/www.cruillaconcerts.cat\/es\/artists\/damaris-gelabert\/","name":"D\u00e0maris Gelabert en concierto en Batea el 23 de abril de 2023","isPartOf":{"@id":"https:\/\/www.cruillaconcerts.cat\/es\/#website"},"primaryImageOfPage":{"@id":"https:\/\/www.cruillaconcerts.cat\/es\/artists\/damaris-gelabert\/#primaryimage"},"image":{"@id":"https:\/\/www.cruillaconcerts.cat\/es\/artists\/damaris-gelabert\/#primaryimage"},"thumbnailUrl":"https:\/\/www.cruillaconcerts.cat\/wp-content\/uploads\/2023\/01\/Damaris_Quadrada-1.jpg","datePublished":"2023-01-31T11:28:49+00:00","dateModified":"2023-05-03T09:06:23+00:00","description":"Entradas para el concierto de D\u00e0maris Gelabert en el Cru\u00eflla DO Terra Alta. El pr\u00f3ximo 23 de abril de 2023 en el Campo de Futbol de Batea.","breadcrumb":{"@id":"https:\/\/www.cruillaconcerts.cat\/es\/artists\/damaris-gelabert\/#breadcrumb"},"inLanguage":"es","potentialAction":[{"@type":"ReadAction","target":["https:\/\/www.cruillaconcerts.cat\/es\/artists\/damaris-gelabert\/"]}]},{"@type":"ImageObject","inLanguage":"es","@id":"https:\/\/www.cruillaconcerts.cat\/es\/artists\/damaris-gelabert\/#primaryimage","url":"https:\/\/www.cruillaconcerts.cat\/wp-content\/uploads\/2023\/01\/Damaris_Quadrada-1.jpg","contentUrl":"https:\/\/www.cruillaconcerts.cat\/wp-content\/uploads\/2023\/01\/Damaris_Quadrada-1.jpg","width":800,"height":800},{"@type":"BreadcrumbList","@id":"https:\/\/www.cruillaconcerts.cat\/es\/artists\/damaris-gelabert\/#breadcrumb","itemListElement":[{"@type":"ListItem","position":1,"name":"Home","item":"https:\/\/www.cruillaconcerts.cat\/es\/"},{"@type":"ListItem","position":2,"name":"D\u00e0maris Gelabert"}]},{"@type":"WebSite","@id":"https:\/\/www.cruillaconcerts.cat\/es\/#website","url":"https:\/\/www.cruillaconcerts.cat\/es\/","name":"Cru\u00eflla Concerts","description":"","potentialAction":[{"@type":"SearchAction","target":{"@type":"EntryPoint","urlTemplate":"https:\/\/www.cruillaconcerts.cat\/es\/?s={search_term_string}"},"query-input":{"@type":"PropertyValueSpecification","valueRequired":true,"valueName":"search_term_string"}}],"inLanguage":"es"}]}},"_links":{"self":[{"href":"https:\/\/www.cruillaconcerts.cat\/es\/wp-json\/wp\/v2\/artists\/1735","targetHints":{"allow":["GET"]}}],"collection":[{"href":"https:\/\/www.cruillaconcerts.cat\/es\/wp-json\/wp\/v2\/artists"}],"about":[{"href":"https:\/\/www.cruillaconcerts.cat\/es\/wp-json\/wp\/v2\/types\/artists"}],"acf:term":[{"embeddable":true,"taxonomy":"artists_style","href":"https:\/\/www.cruillaconcerts.cat\/es\/wp-json\/wp\/v2\/artists_style\/56"},{"embeddable":true,"taxonomy":"artists_location","href":"https:\/\/www.cruillaconcerts.cat\/es\/wp-json\/wp\/v2\/artists_location\/54"},{"embeddable":true,"taxonomy":"artists_edition","href":"https:\/\/www.cruillaconcerts.cat\/es\/wp-json\/wp\/v2\/artists_edition\/55"}],"wp:featuredmedia":[{"embeddable":true,"href":"https:\/\/www.cruillaconcerts.cat\/es\/wp-json\/wp\/v2\/media\/1734"}],"wp:attachment":[{"href":"https:\/\/www.cruillaconcerts.cat\/es\/wp-json\/wp\/v2\/media?parent=1735"}],"wp:term":[{"taxonomy":"artists_edition","embeddable":true,"href":"https:\/\/www.cruillaconcerts.cat\/es\/wp-json\/wp\/v2\/artists_edition?post=1735"}],"curies":[{"name":"wp","href":"https:\/\/api.w.org\/{rel}","templated":true}]}}