{"id":3396,"date":"2023-09-21T10:44:28","date_gmt":"2023-09-21T10:44:28","guid":{"rendered":"https:\/\/www.cruillaconcerts.cat\/?post_type=artists&#038;p=3396"},"modified":"2023-11-07T07:19:32","modified_gmt":"2023-11-07T07:19:32","slug":"segunda-ronda","status":"publish","type":"artists","link":"https:\/\/www.cruillaconcerts.cat\/es\/artists\/segunda-ronda\/","title":{"rendered":"Segunda Ronda"},"content":{"rendered":"<h2>\u00a1ENZO VIZCA\u00cdNO, RAQUEL HERV\u00c1S Y ARNAU GARCIA EN DIRECTO EN EL CRU\u00cfLLA COM\u00c8DIA 2023!<\/h2>\n<h3>CON MARIA LYONA COMO PRESENTADORA<\/h3>\n<p><span style=\"font-weight: 400;\">Un d\u00eda, mientras <\/span><b>Maria Lyona<\/b><span style=\"font-weight: 400;\"> presentaba un micr\u00f3fono abierto, un hombre borracho entr\u00f3 en el local para mear en la cocina. Otro d\u00eda, mientras <\/span><b>Arnau Garcia <\/b><span style=\"font-weight: 400;\">actuaba, una chica le grit\u00f3 \u201cFill de puta!\u201d y lo termin\u00f3 invitando a un chupito. En otra ocasi\u00f3n, mientras <\/span><b>Raquel Herv\u00e1s<\/b><span style=\"font-weight: 400;\"> explicaba un chiste sobre la regla, un hombre se desmay\u00f3. Y <\/span><b>Enzo Vizca\u00edno<\/b><span style=\"font-weight: 400;\">, en fin, es valenciano.<\/span><\/p>\n<p><span style=\"font-weight: 400;\">No hace falta que nos esforcemos en desarrollar, pues, por qu\u00e9 <\/span><b>la segunda ronda del Cru\u00eflla Com\u00e8dia 2023 <\/b><span style=\"font-weight: 400;\">ser\u00e1 tan cruda como ca\u00f3tica, ni tampoco que la \u00fanica oportunidad de disfrutar de este hurac\u00e1n de c\u00f3micos ser\u00e1 el <\/span><b>jueves 2 de noviembre en el Centre Moral y Cultural del Poblenou.<\/b><\/p>\n<hr \/>\n<p style=\"text-align: center;\"><strong><em>Consigue tus entradas aqu\u00ed a 15\u20ac<\/em><\/strong><\/p>\n<p style=\"text-align: center;\"><a class=\"efsbutton button \" target=\"_blank\">ENTRADAS<\/a><\/p>\n<hr \/>\n<p><span style=\"font-weight: 400;\">Pero s\u00ed intentaremos, para que no se diga, contaros por qu\u00e9 no os pod\u00e9is perder a <\/span><b>Enzo, Raquel, Arnau y Maria <\/b><span style=\"font-weight: 400;\">en directo. Y, luego, con esto, ya hac\u00e9is lo que consider\u00e9is.<\/span><\/p>\n<p><span style=\"font-weight: 400;\">El primero asegura que \u201cSe distrae con facilidad y molesta al resto de compa\u00f1eros\u201d es la mejor cr\u00edtica que ha recibido. La segunda, que se dedica a la comedia porque su madre fumaba durante el embarazo. El tercero, que pens\u00f3 \u201cYo puedo hacerlo mejor que todos estos pringados\u201d despu\u00e9s de ver su primer espect\u00e1culo de mon\u00f3logos. Y, la cuarta, que se siente como una t\u00eda de barrio con complejo de animadora de hotel. <\/span><b>De verdad, \u00bftodav\u00eda os lo est\u00e1is pensando?<\/b><\/p>\n<p><strong>Este espect\u00e1culo ser\u00e1 grabado para un especial que se emitir\u00e1 en la nueva OTT 3Cat.<\/strong><\/p>\n<p><a href=\"https:\/\/www.cruillaconcerts.cat\/es\/micros-abiertos\/\"><img decoding=\"async\" class=\"alignnone wp-image-3631 size-full\" src=\"https:\/\/www.cruillaconcerts.cat\/wp-content\/uploads\/2023\/09\/Banner_MicrosOberts_Dijous_ES.jpg\" alt=\"\" width=\"1300\" height=\"450\" srcset=\"https:\/\/www.cruillaconcerts.cat\/wp-content\/uploads\/2023\/09\/Banner_MicrosOberts_Dijous_ES.jpg 1300w, https:\/\/www.cruillaconcerts.cat\/wp-content\/uploads\/2023\/09\/Banner_MicrosOberts_Dijous_ES-1024x354.jpg 1024w, https:\/\/www.cruillaconcerts.cat\/wp-content\/uploads\/2023\/09\/Banner_MicrosOberts_Dijous_ES-768x266.jpg 768w, https:\/\/www.cruillaconcerts.cat\/wp-content\/uploads\/2023\/09\/Banner_MicrosOberts_Dijous_ES-300x104.jpg 300w\" sizes=\"(max-width: 1300px) 100vw, 1300px\" \/><\/a><\/p>\n","protected":false},"featured_media":3404,"parent":0,"template":"","meta":{"_acf_changed":false},"artists_edition":[60],"class_list":["post-3396","artists","type-artists","status-publish","has-post-thumbnail","hentry","artists_location-centre_moral_i_cultural_del_poblenou","artists_edition-cruilla-comedia-2023"],"acf":{"_thumbnail_id":3404,"youtube_player":"","artist_edition":[60],"artist_date":"20231102","artist_time":"20:30","artist_time_2":"19:45","artist_location":[61],"artist_ticket_url":"https:\/\/cruillacomedia.seetickets.com\/event\/segona-ronda-cruilla-comedia-\/centre-moral-i-cultural\/2779454","artist_ticket_status":"","artist_extra_date__show":false,"artist_extra_date_2":null,"artist_time_of_date2":"","artist_extra_date_3":null,"artist_time_of_date3":"","artist_extra_date_4":null,"artist_time_of_date4":"","artist_extra_date_5":null,"artist_time_of_date5":"","artist_date__show_month":true,"artist_sidebar_active":true,"show_in_agenda":false,"artist_sidebar__banner_img":"","artist_sidebar__banner_link":"","artist_hero_content":"Cru\u00eflla Com\u00e8dia 2023","artist_style":false,"artist_nationality":false,"artist_audience_age":false},"yoast_head":"<!-- This site is optimized with the Yoast SEO plugin v27.5 - https:\/\/yoast.com\/product\/yoast-seo-wordpress\/ -->\n<title>\u00a1Vive en directo la Segunda Ronda del Cru\u00eflla Com\u00e8dia 2023!<\/title>\n<meta name=\"description\" content=\"\u00a1Consigue entradas para ver a Enzo Vizca\u00edno, Raquel Herv\u00e1s, Arnau Garcia y Maria Lyona en directo en la Primera Ronda el 2 de noviembre en el Casino l&#039;Alian\u00e7a dentro del Cru\u00eflla Com\u00e8dia 2023!\" \/>\n<meta name=\"robots\" content=\"index, follow, max-snippet:-1, max-image-preview:large, max-video-preview:-1\" \/>\n<link rel=\"canonical\" href=\"https:\/\/www.cruillaconcerts.cat\/es\/artists\/segunda-ronda\/\" \/>\n<meta property=\"og:locale\" content=\"es_ES\" \/>\n<meta property=\"og:type\" content=\"article\" \/>\n<meta property=\"og:title\" content=\"\u00a1Vive en directo la Segunda Ronda del Cru\u00eflla Com\u00e8dia 2023!\" \/>\n<meta property=\"og:description\" content=\"\u00a1Consigue entradas para ver a Enzo Vizca\u00edno, Raquel Herv\u00e1s, Arnau Garcia y Maria Lyona en directo en la Primera Ronda el 2 de noviembre en el Casino l&#039;Alian\u00e7a dentro del Cru\u00eflla Com\u00e8dia 2023!\" \/>\n<meta property=\"og:url\" content=\"https:\/\/www.cruillaconcerts.cat\/es\/artists\/segunda-ronda\/\" \/>\n<meta property=\"og:site_name\" content=\"Cru\u00eflla Concerts\" \/>\n<meta property=\"article:modified_time\" content=\"2023-11-07T07:19:32+00:00\" \/>\n<meta property=\"og:image\" content=\"https:\/\/www.cruillaconcerts.cat\/wp-content\/uploads\/2023\/09\/Diseno-sin-titulo.png\" \/>\n\t<meta property=\"og:image:width\" content=\"1080\" \/>\n\t<meta property=\"og:image:height\" content=\"1080\" \/>\n\t<meta property=\"og:image:type\" content=\"image\/png\" \/>\n<meta name=\"twitter:card\" content=\"summary_large_image\" \/>\n<meta name=\"twitter:label1\" content=\"Tiempo de lectura\" \/>\n\t<meta name=\"twitter:data1\" content=\"2 minutos\" \/>\n<script type=\"application\/ld+json\" class=\"yoast-schema-graph\">{\"@context\":\"https:\\\/\\\/schema.org\",\"@graph\":[{\"@type\":\"WebPage\",\"@id\":\"https:\\\/\\\/www.cruillaconcerts.cat\\\/es\\\/artists\\\/segunda-ronda\\\/\",\"url\":\"https:\\\/\\\/www.cruillaconcerts.cat\\\/es\\\/artists\\\/segunda-ronda\\\/\",\"name\":\"\u00a1Vive en directo la Segunda Ronda del Cru\u00eflla Com\u00e8dia 2023!\",\"isPartOf\":{\"@id\":\"https:\\\/\\\/www.cruillaconcerts.cat\\\/es\\\/#website\"},\"primaryImageOfPage\":{\"@id\":\"https:\\\/\\\/www.cruillaconcerts.cat\\\/es\\\/artists\\\/segunda-ronda\\\/#primaryimage\"},\"image\":{\"@id\":\"https:\\\/\\\/www.cruillaconcerts.cat\\\/es\\\/artists\\\/segunda-ronda\\\/#primaryimage\"},\"thumbnailUrl\":\"https:\\\/\\\/www.cruillaconcerts.cat\\\/wp-content\\\/uploads\\\/2023\\\/09\\\/Diseno-sin-titulo.png\",\"datePublished\":\"2023-09-21T10:44:28+00:00\",\"dateModified\":\"2023-11-07T07:19:32+00:00\",\"description\":\"\u00a1Consigue entradas para ver a Enzo Vizca\u00edno, Raquel Herv\u00e1s, Arnau Garcia y Maria Lyona en directo en la Primera Ronda el 2 de noviembre en el Casino l'Alian\u00e7a dentro del Cru\u00eflla Com\u00e8dia 2023!\",\"breadcrumb\":{\"@id\":\"https:\\\/\\\/www.cruillaconcerts.cat\\\/es\\\/artists\\\/segunda-ronda\\\/#breadcrumb\"},\"inLanguage\":\"es\",\"potentialAction\":[{\"@type\":\"ReadAction\",\"target\":[\"https:\\\/\\\/www.cruillaconcerts.cat\\\/es\\\/artists\\\/segunda-ronda\\\/\"]}]},{\"@type\":\"ImageObject\",\"inLanguage\":\"es\",\"@id\":\"https:\\\/\\\/www.cruillaconcerts.cat\\\/es\\\/artists\\\/segunda-ronda\\\/#primaryimage\",\"url\":\"https:\\\/\\\/www.cruillaconcerts.cat\\\/wp-content\\\/uploads\\\/2023\\\/09\\\/Diseno-sin-titulo.png\",\"contentUrl\":\"https:\\\/\\\/www.cruillaconcerts.cat\\\/wp-content\\\/uploads\\\/2023\\\/09\\\/Diseno-sin-titulo.png\",\"width\":1080,\"height\":1080},{\"@type\":\"BreadcrumbList\",\"@id\":\"https:\\\/\\\/www.cruillaconcerts.cat\\\/es\\\/artists\\\/segunda-ronda\\\/#breadcrumb\",\"itemListElement\":[{\"@type\":\"ListItem\",\"position\":1,\"name\":\"Home\",\"item\":\"https:\\\/\\\/www.cruillaconcerts.cat\\\/es\\\/\"},{\"@type\":\"ListItem\",\"position\":2,\"name\":\"Segunda Ronda\"}]},{\"@type\":\"WebSite\",\"@id\":\"https:\\\/\\\/www.cruillaconcerts.cat\\\/es\\\/#website\",\"url\":\"https:\\\/\\\/www.cruillaconcerts.cat\\\/es\\\/\",\"name\":\"Cru\u00eflla Concerts\",\"description\":\"\",\"potentialAction\":[{\"@type\":\"SearchAction\",\"target\":{\"@type\":\"EntryPoint\",\"urlTemplate\":\"https:\\\/\\\/www.cruillaconcerts.cat\\\/es\\\/?s={search_term_string}\"},\"query-input\":{\"@type\":\"PropertyValueSpecification\",\"valueRequired\":true,\"valueName\":\"search_term_string\"}}],\"inLanguage\":\"es\"}]}<\/script>\n<!-- \/ Yoast SEO plugin. -->","yoast_head_json":{"title":"\u00a1Vive en directo la Segunda Ronda del Cru\u00eflla Com\u00e8dia 2023!","description":"\u00a1Consigue entradas para ver a Enzo Vizca\u00edno, Raquel Herv\u00e1s, Arnau Garcia y Maria Lyona en directo en la Primera Ronda el 2 de noviembre en el Casino l'Alian\u00e7a dentro del Cru\u00eflla Com\u00e8dia 2023!","robots":{"index":"index","follow":"follow","max-snippet":"max-snippet:-1","max-image-preview":"max-image-preview:large","max-video-preview":"max-video-preview:-1"},"canonical":"https:\/\/www.cruillaconcerts.cat\/es\/artists\/segunda-ronda\/","og_locale":"es_ES","og_type":"article","og_title":"\u00a1Vive en directo la Segunda Ronda del Cru\u00eflla Com\u00e8dia 2023!","og_description":"\u00a1Consigue entradas para ver a Enzo Vizca\u00edno, Raquel Herv\u00e1s, Arnau Garcia y Maria Lyona en directo en la Primera Ronda el 2 de noviembre en el Casino l'Alian\u00e7a dentro del Cru\u00eflla Com\u00e8dia 2023!","og_url":"https:\/\/www.cruillaconcerts.cat\/es\/artists\/segunda-ronda\/","og_site_name":"Cru\u00eflla Concerts","article_modified_time":"2023-11-07T07:19:32+00:00","og_image":[{"width":1080,"height":1080,"url":"https:\/\/www.cruillaconcerts.cat\/wp-content\/uploads\/2023\/09\/Diseno-sin-titulo.png","type":"image\/png"}],"twitter_card":"summary_large_image","twitter_misc":{"Tiempo de lectura":"2 minutos"},"schema":{"@context":"https:\/\/schema.org","@graph":[{"@type":"WebPage","@id":"https:\/\/www.cruillaconcerts.cat\/es\/artists\/segunda-ronda\/","url":"https:\/\/www.cruillaconcerts.cat\/es\/artists\/segunda-ronda\/","name":"\u00a1Vive en directo la Segunda Ronda del Cru\u00eflla Com\u00e8dia 2023!","isPartOf":{"@id":"https:\/\/www.cruillaconcerts.cat\/es\/#website"},"primaryImageOfPage":{"@id":"https:\/\/www.cruillaconcerts.cat\/es\/artists\/segunda-ronda\/#primaryimage"},"image":{"@id":"https:\/\/www.cruillaconcerts.cat\/es\/artists\/segunda-ronda\/#primaryimage"},"thumbnailUrl":"https:\/\/www.cruillaconcerts.cat\/wp-content\/uploads\/2023\/09\/Diseno-sin-titulo.png","datePublished":"2023-09-21T10:44:28+00:00","dateModified":"2023-11-07T07:19:32+00:00","description":"\u00a1Consigue entradas para ver a Enzo Vizca\u00edno, Raquel Herv\u00e1s, Arnau Garcia y Maria Lyona en directo en la Primera Ronda el 2 de noviembre en el Casino l'Alian\u00e7a dentro del Cru\u00eflla Com\u00e8dia 2023!","breadcrumb":{"@id":"https:\/\/www.cruillaconcerts.cat\/es\/artists\/segunda-ronda\/#breadcrumb"},"inLanguage":"es","potentialAction":[{"@type":"ReadAction","target":["https:\/\/www.cruillaconcerts.cat\/es\/artists\/segunda-ronda\/"]}]},{"@type":"ImageObject","inLanguage":"es","@id":"https:\/\/www.cruillaconcerts.cat\/es\/artists\/segunda-ronda\/#primaryimage","url":"https:\/\/www.cruillaconcerts.cat\/wp-content\/uploads\/2023\/09\/Diseno-sin-titulo.png","contentUrl":"https:\/\/www.cruillaconcerts.cat\/wp-content\/uploads\/2023\/09\/Diseno-sin-titulo.png","width":1080,"height":1080},{"@type":"BreadcrumbList","@id":"https:\/\/www.cruillaconcerts.cat\/es\/artists\/segunda-ronda\/#breadcrumb","itemListElement":[{"@type":"ListItem","position":1,"name":"Home","item":"https:\/\/www.cruillaconcerts.cat\/es\/"},{"@type":"ListItem","position":2,"name":"Segunda Ronda"}]},{"@type":"WebSite","@id":"https:\/\/www.cruillaconcerts.cat\/es\/#website","url":"https:\/\/www.cruillaconcerts.cat\/es\/","name":"Cru\u00eflla Concerts","description":"","potentialAction":[{"@type":"SearchAction","target":{"@type":"EntryPoint","urlTemplate":"https:\/\/www.cruillaconcerts.cat\/es\/?s={search_term_string}"},"query-input":{"@type":"PropertyValueSpecification","valueRequired":true,"valueName":"search_term_string"}}],"inLanguage":"es"}]}},"_links":{"self":[{"href":"https:\/\/www.cruillaconcerts.cat\/es\/wp-json\/wp\/v2\/artists\/3396","targetHints":{"allow":["GET"]}}],"collection":[{"href":"https:\/\/www.cruillaconcerts.cat\/es\/wp-json\/wp\/v2\/artists"}],"about":[{"href":"https:\/\/www.cruillaconcerts.cat\/es\/wp-json\/wp\/v2\/types\/artists"}],"acf:term":[{"embeddable":true,"taxonomy":"artists_location","href":"https:\/\/www.cruillaconcerts.cat\/es\/wp-json\/wp\/v2\/artists_location\/61"},{"embeddable":true,"taxonomy":"artists_edition","href":"https:\/\/www.cruillaconcerts.cat\/es\/wp-json\/wp\/v2\/artists_edition\/60"}],"wp:featuredmedia":[{"embeddable":true,"href":"https:\/\/www.cruillaconcerts.cat\/es\/wp-json\/wp\/v2\/media\/3404"}],"wp:attachment":[{"href":"https:\/\/www.cruillaconcerts.cat\/es\/wp-json\/wp\/v2\/media?parent=3396"}],"wp:term":[{"taxonomy":"artists_edition","embeddable":true,"href":"https:\/\/www.cruillaconcerts.cat\/es\/wp-json\/wp\/v2\/artists_edition?post=3396"}],"curies":[{"name":"wp","href":"https:\/\/api.w.org\/{rel}","templated":true}]}}