{"id":3459,"date":"2023-09-21T10:44:23","date_gmt":"2023-09-21T10:44:23","guid":{"rendered":"https:\/\/www.cruillaconcerts.cat\/?post_type=artists&#038;p=3459"},"modified":"2023-11-07T07:23:00","modified_gmt":"2023-11-07T07:23:00","slug":"tercera-ronda","status":"publish","type":"artists","link":"https:\/\/www.cruillaconcerts.cat\/es\/artists\/tercera-ronda\/","title":{"rendered":"Tercera Ronda"},"content":{"rendered":"<h2>\u00a1IRENE MINOVAS, JOSEP CATAL\u00c0 Y ANA L\u00d3PEZ EN DIRECTO EN EL CRU\u00cfLLA COM\u00c8DIA 2023!<\/h2>\n<h3>CON ELISENDA PINEDA COMO PRESENTADORA<\/h3>\n<p><span style=\"font-weight: 400;\">Con la <\/span><b>tercera ronda <\/b><span style=\"font-weight: 400;\">del <\/span><b>Cru\u00eflla Com\u00e8dia 2023<\/b><span style=\"font-weight: 400;\"> descubrir\u00e1s que puedes re\u00edr de muchas m\u00e1s maneras y por muchas m\u00e1s razones de las que pensabas. Del humor negro (o humor \u201cpolic\u00eda de Wisconsin\u201d, como dice ella) de <\/span><b>Ana L\u00f3pez<\/b><span style=\"font-weight: 400;\"> a los chistes ir\u00f3nicamente entra\u00f1ables de <\/span><b>Josep Catal\u00e0, <\/b><span style=\"font-weight: 400;\">pasando por \u201cla comedia de toda la vida\u201d de <\/span><b>Irene Minovas.\u00a0<\/b><\/p>\n<p><span style=\"font-weight: 400;\">Un viaje que ser\u00e1 conducido por los contrastes de <\/span><b>Elisenda Pineda<\/b><span style=\"font-weight: 400;\">, que promete ofrecer \u201cun canto a la esperanza\u201d y \u201cun show que hace venir ganas de encerrarse en casa a esperar la muerte\u201d al mismo tiempo <\/span><b>el pr\u00f3ximo viernes 3 de noviembre en el Centre Moral i Cultural del Poblenou.<\/b><\/p>\n<hr \/>\n<p style=\"text-align: center;\"><b><i>Consigue tus entradas aqu\u00ed a 15\u20ac<\/i><\/b><\/p>\n<p style=\"text-align: center;\"><a class=\"efsbutton button \" target=\"_blank\">ENTRADAS<\/a><\/p>\n<hr \/>\n<p><span style=\"font-weight: 400;\">Sin duda, <\/span><b>la cotidianidad <\/b><span style=\"font-weight: 400;\">ser\u00e1 una de las protagonistas de esta ronda, que unir\u00e1 una actriz frustrada con una p\u00e1gina de IMDb humilde, un padre de familia que habla de sus fracasos, una barcelonesa con m\u00e1s de treinta a\u00f1os sin carn\u00e9 de conducir y una presentadora que ha superado la cuarentena, con todo lo que eso conlleva.<\/span><\/p>\n<p><span style=\"font-weight: 400;\">Pero, por sobre de todo esto, reunir\u00e1 a <\/span><b>cuatro de las voces m\u00e1s relevantes del futuro y el presente de la comedia catalana. <\/b><span style=\"font-weight: 400;\">Por eso, y porque ya no sabemos qu\u00e9 m\u00e1s decirte para que no te pierdas esta combinaci\u00f3n ecl\u00e9ctica de humoristas, no te lo pienses m\u00e1s y consigue ahora tu entrada para disfrutarla en el Cru\u00eflla Com\u00e8dia 2023.<\/span><\/p>\n<p><strong>Este espect\u00e1culo ser\u00e1 grabado para un especial que se emitir\u00e1 en la nueva OTT 3Cat.<\/strong><\/p>\n<p><a href=\"https:\/\/www.cruillaconcerts.cat\/es\/micros-abiertos\/\"><img decoding=\"async\" class=\"alignnone wp-image-3679 size-full\" src=\"https:\/\/www.cruillaconcerts.cat\/wp-content\/uploads\/2023\/09\/Banner_MicrosOberts_Divendres_ES-1.jpg\" alt=\"\" width=\"1300\" height=\"588\" srcset=\"https:\/\/www.cruillaconcerts.cat\/wp-content\/uploads\/2023\/09\/Banner_MicrosOberts_Divendres_ES-1.jpg 1300w, https:\/\/www.cruillaconcerts.cat\/wp-content\/uploads\/2023\/09\/Banner_MicrosOberts_Divendres_ES-1-1024x463.jpg 1024w, https:\/\/www.cruillaconcerts.cat\/wp-content\/uploads\/2023\/09\/Banner_MicrosOberts_Divendres_ES-1-768x347.jpg 768w, https:\/\/www.cruillaconcerts.cat\/wp-content\/uploads\/2023\/09\/Banner_MicrosOberts_Divendres_ES-1-300x136.jpg 300w\" sizes=\"(max-width: 1300px) 100vw, 1300px\" \/><\/a><\/p>\n","protected":false},"featured_media":3407,"parent":0,"template":"","meta":{"_acf_changed":false},"artists_edition":[60],"class_list":["post-3459","artists","type-artists","status-publish","has-post-thumbnail","hentry","artists_location-centre_moral_i_cultural_del_poblenou","artists_edition-cruilla-comedia-2023"],"acf":{"_thumbnail_id":3407,"youtube_player":"","artist_edition":[60],"artist_date":"20231103","artist_time":"20:30","artist_time_2":"19:45","artist_location":[61],"artist_ticket_url":"https:\/\/cruillacomedia.seetickets.com\/event\/tercera-ronda-cruilla-comedia-\/centre-moral-i-cultural\/2779460","artist_ticket_status":"","artist_extra_date__show":false,"artist_extra_date_2":null,"artist_time_of_date2":"","artist_extra_date_3":null,"artist_time_of_date3":"","artist_extra_date_4":null,"artist_time_of_date4":"","artist_extra_date_5":null,"artist_time_of_date5":"","artist_date__show_month":true,"artist_sidebar_active":true,"show_in_agenda":false,"artist_sidebar__banner_img":"","artist_sidebar__banner_link":"","artist_hero_content":"Cru\u00eflla Com\u00e8dia 2023","artist_style":false,"artist_nationality":false,"artist_audience_age":false},"yoast_head":"<!-- This site is optimized with the Yoast SEO plugin v27.5 - https:\/\/yoast.com\/product\/yoast-seo-wordpress\/ -->\n<title>\u00a1Vive en directo la Tercera Ronda del Cru\u00eflla Com\u00e8dia 2023!<\/title>\n<meta name=\"description\" content=\"\u00a1Consigue entradas para ver a Irene Minovas, Josep Catal\u00e0, Ana L\u00f3pez y Elisenda Pineda en directo en la Tercera Ronda el 3 de noviembre en el Centro Moral y Cultural de Poblenou dentro del Cru\u00eflla Com\u00e8dia 2023!\" \/>\n<meta name=\"robots\" content=\"index, follow, max-snippet:-1, max-image-preview:large, max-video-preview:-1\" \/>\n<link rel=\"canonical\" href=\"https:\/\/www.cruillaconcerts.cat\/es\/artists\/tercera-ronda\/\" \/>\n<meta property=\"og:locale\" content=\"es_ES\" \/>\n<meta property=\"og:type\" content=\"article\" \/>\n<meta property=\"og:title\" content=\"\u00a1Vive en directo la Tercera Ronda del Cru\u00eflla Com\u00e8dia 2023!\" \/>\n<meta property=\"og:description\" content=\"\u00a1Consigue entradas para ver a Irene Minovas, Josep Catal\u00e0, Ana L\u00f3pez y Elisenda Pineda en directo en la Tercera Ronda el 3 de noviembre en el Centro Moral y Cultural de Poblenou dentro del Cru\u00eflla Com\u00e8dia 2023!\" \/>\n<meta property=\"og:url\" content=\"https:\/\/www.cruillaconcerts.cat\/es\/artists\/tercera-ronda\/\" \/>\n<meta property=\"og:site_name\" content=\"Cru\u00eflla Concerts\" \/>\n<meta property=\"article:modified_time\" content=\"2023-11-07T07:23:00+00:00\" \/>\n<meta property=\"og:image\" content=\"https:\/\/www.cruillaconcerts.cat\/wp-content\/uploads\/2023\/09\/Diseno-sin-titulo-1.png\" \/>\n\t<meta property=\"og:image:width\" content=\"1080\" \/>\n\t<meta property=\"og:image:height\" content=\"1080\" \/>\n\t<meta property=\"og:image:type\" content=\"image\/png\" \/>\n<meta name=\"twitter:card\" content=\"summary_large_image\" \/>\n<meta name=\"twitter:label1\" content=\"Tiempo de lectura\" \/>\n\t<meta name=\"twitter:data1\" content=\"2 minutos\" \/>\n<script type=\"application\/ld+json\" class=\"yoast-schema-graph\">{\"@context\":\"https:\\\/\\\/schema.org\",\"@graph\":[{\"@type\":\"WebPage\",\"@id\":\"https:\\\/\\\/www.cruillaconcerts.cat\\\/es\\\/artists\\\/tercera-ronda\\\/\",\"url\":\"https:\\\/\\\/www.cruillaconcerts.cat\\\/es\\\/artists\\\/tercera-ronda\\\/\",\"name\":\"\u00a1Vive en directo la Tercera Ronda del Cru\u00eflla Com\u00e8dia 2023!\",\"isPartOf\":{\"@id\":\"https:\\\/\\\/www.cruillaconcerts.cat\\\/es\\\/#website\"},\"primaryImageOfPage\":{\"@id\":\"https:\\\/\\\/www.cruillaconcerts.cat\\\/es\\\/artists\\\/tercera-ronda\\\/#primaryimage\"},\"image\":{\"@id\":\"https:\\\/\\\/www.cruillaconcerts.cat\\\/es\\\/artists\\\/tercera-ronda\\\/#primaryimage\"},\"thumbnailUrl\":\"https:\\\/\\\/www.cruillaconcerts.cat\\\/wp-content\\\/uploads\\\/2023\\\/09\\\/Diseno-sin-titulo-1.png\",\"datePublished\":\"2023-09-21T10:44:23+00:00\",\"dateModified\":\"2023-11-07T07:23:00+00:00\",\"description\":\"\u00a1Consigue entradas para ver a Irene Minovas, Josep Catal\u00e0, Ana L\u00f3pez y Elisenda Pineda en directo en la Tercera Ronda el 3 de noviembre en el Centro Moral y Cultural de Poblenou dentro del Cru\u00eflla Com\u00e8dia 2023!\",\"breadcrumb\":{\"@id\":\"https:\\\/\\\/www.cruillaconcerts.cat\\\/es\\\/artists\\\/tercera-ronda\\\/#breadcrumb\"},\"inLanguage\":\"es\",\"potentialAction\":[{\"@type\":\"ReadAction\",\"target\":[\"https:\\\/\\\/www.cruillaconcerts.cat\\\/es\\\/artists\\\/tercera-ronda\\\/\"]}]},{\"@type\":\"ImageObject\",\"inLanguage\":\"es\",\"@id\":\"https:\\\/\\\/www.cruillaconcerts.cat\\\/es\\\/artists\\\/tercera-ronda\\\/#primaryimage\",\"url\":\"https:\\\/\\\/www.cruillaconcerts.cat\\\/wp-content\\\/uploads\\\/2023\\\/09\\\/Diseno-sin-titulo-1.png\",\"contentUrl\":\"https:\\\/\\\/www.cruillaconcerts.cat\\\/wp-content\\\/uploads\\\/2023\\\/09\\\/Diseno-sin-titulo-1.png\",\"width\":1080,\"height\":1080},{\"@type\":\"BreadcrumbList\",\"@id\":\"https:\\\/\\\/www.cruillaconcerts.cat\\\/es\\\/artists\\\/tercera-ronda\\\/#breadcrumb\",\"itemListElement\":[{\"@type\":\"ListItem\",\"position\":1,\"name\":\"Home\",\"item\":\"https:\\\/\\\/www.cruillaconcerts.cat\\\/es\\\/\"},{\"@type\":\"ListItem\",\"position\":2,\"name\":\"Tercera Ronda\"}]},{\"@type\":\"WebSite\",\"@id\":\"https:\\\/\\\/www.cruillaconcerts.cat\\\/es\\\/#website\",\"url\":\"https:\\\/\\\/www.cruillaconcerts.cat\\\/es\\\/\",\"name\":\"Cru\u00eflla Concerts\",\"description\":\"\",\"potentialAction\":[{\"@type\":\"SearchAction\",\"target\":{\"@type\":\"EntryPoint\",\"urlTemplate\":\"https:\\\/\\\/www.cruillaconcerts.cat\\\/es\\\/?s={search_term_string}\"},\"query-input\":{\"@type\":\"PropertyValueSpecification\",\"valueRequired\":true,\"valueName\":\"search_term_string\"}}],\"inLanguage\":\"es\"}]}<\/script>\n<!-- \/ Yoast SEO plugin. -->","yoast_head_json":{"title":"\u00a1Vive en directo la Tercera Ronda del Cru\u00eflla Com\u00e8dia 2023!","description":"\u00a1Consigue entradas para ver a Irene Minovas, Josep Catal\u00e0, Ana L\u00f3pez y Elisenda Pineda en directo en la Tercera Ronda el 3 de noviembre en el Centro Moral y Cultural de Poblenou dentro del Cru\u00eflla Com\u00e8dia 2023!","robots":{"index":"index","follow":"follow","max-snippet":"max-snippet:-1","max-image-preview":"max-image-preview:large","max-video-preview":"max-video-preview:-1"},"canonical":"https:\/\/www.cruillaconcerts.cat\/es\/artists\/tercera-ronda\/","og_locale":"es_ES","og_type":"article","og_title":"\u00a1Vive en directo la Tercera Ronda del Cru\u00eflla Com\u00e8dia 2023!","og_description":"\u00a1Consigue entradas para ver a Irene Minovas, Josep Catal\u00e0, Ana L\u00f3pez y Elisenda Pineda en directo en la Tercera Ronda el 3 de noviembre en el Centro Moral y Cultural de Poblenou dentro del Cru\u00eflla Com\u00e8dia 2023!","og_url":"https:\/\/www.cruillaconcerts.cat\/es\/artists\/tercera-ronda\/","og_site_name":"Cru\u00eflla Concerts","article_modified_time":"2023-11-07T07:23:00+00:00","og_image":[{"width":1080,"height":1080,"url":"https:\/\/www.cruillaconcerts.cat\/wp-content\/uploads\/2023\/09\/Diseno-sin-titulo-1.png","type":"image\/png"}],"twitter_card":"summary_large_image","twitter_misc":{"Tiempo de lectura":"2 minutos"},"schema":{"@context":"https:\/\/schema.org","@graph":[{"@type":"WebPage","@id":"https:\/\/www.cruillaconcerts.cat\/es\/artists\/tercera-ronda\/","url":"https:\/\/www.cruillaconcerts.cat\/es\/artists\/tercera-ronda\/","name":"\u00a1Vive en directo la Tercera Ronda del Cru\u00eflla Com\u00e8dia 2023!","isPartOf":{"@id":"https:\/\/www.cruillaconcerts.cat\/es\/#website"},"primaryImageOfPage":{"@id":"https:\/\/www.cruillaconcerts.cat\/es\/artists\/tercera-ronda\/#primaryimage"},"image":{"@id":"https:\/\/www.cruillaconcerts.cat\/es\/artists\/tercera-ronda\/#primaryimage"},"thumbnailUrl":"https:\/\/www.cruillaconcerts.cat\/wp-content\/uploads\/2023\/09\/Diseno-sin-titulo-1.png","datePublished":"2023-09-21T10:44:23+00:00","dateModified":"2023-11-07T07:23:00+00:00","description":"\u00a1Consigue entradas para ver a Irene Minovas, Josep Catal\u00e0, Ana L\u00f3pez y Elisenda Pineda en directo en la Tercera Ronda el 3 de noviembre en el Centro Moral y Cultural de Poblenou dentro del Cru\u00eflla Com\u00e8dia 2023!","breadcrumb":{"@id":"https:\/\/www.cruillaconcerts.cat\/es\/artists\/tercera-ronda\/#breadcrumb"},"inLanguage":"es","potentialAction":[{"@type":"ReadAction","target":["https:\/\/www.cruillaconcerts.cat\/es\/artists\/tercera-ronda\/"]}]},{"@type":"ImageObject","inLanguage":"es","@id":"https:\/\/www.cruillaconcerts.cat\/es\/artists\/tercera-ronda\/#primaryimage","url":"https:\/\/www.cruillaconcerts.cat\/wp-content\/uploads\/2023\/09\/Diseno-sin-titulo-1.png","contentUrl":"https:\/\/www.cruillaconcerts.cat\/wp-content\/uploads\/2023\/09\/Diseno-sin-titulo-1.png","width":1080,"height":1080},{"@type":"BreadcrumbList","@id":"https:\/\/www.cruillaconcerts.cat\/es\/artists\/tercera-ronda\/#breadcrumb","itemListElement":[{"@type":"ListItem","position":1,"name":"Home","item":"https:\/\/www.cruillaconcerts.cat\/es\/"},{"@type":"ListItem","position":2,"name":"Tercera Ronda"}]},{"@type":"WebSite","@id":"https:\/\/www.cruillaconcerts.cat\/es\/#website","url":"https:\/\/www.cruillaconcerts.cat\/es\/","name":"Cru\u00eflla Concerts","description":"","potentialAction":[{"@type":"SearchAction","target":{"@type":"EntryPoint","urlTemplate":"https:\/\/www.cruillaconcerts.cat\/es\/?s={search_term_string}"},"query-input":{"@type":"PropertyValueSpecification","valueRequired":true,"valueName":"search_term_string"}}],"inLanguage":"es"}]}},"_links":{"self":[{"href":"https:\/\/www.cruillaconcerts.cat\/es\/wp-json\/wp\/v2\/artists\/3459","targetHints":{"allow":["GET"]}}],"collection":[{"href":"https:\/\/www.cruillaconcerts.cat\/es\/wp-json\/wp\/v2\/artists"}],"about":[{"href":"https:\/\/www.cruillaconcerts.cat\/es\/wp-json\/wp\/v2\/types\/artists"}],"acf:term":[{"embeddable":true,"taxonomy":"artists_location","href":"https:\/\/www.cruillaconcerts.cat\/es\/wp-json\/wp\/v2\/artists_location\/61"},{"embeddable":true,"taxonomy":"artists_edition","href":"https:\/\/www.cruillaconcerts.cat\/es\/wp-json\/wp\/v2\/artists_edition\/60"}],"wp:featuredmedia":[{"embeddable":true,"href":"https:\/\/www.cruillaconcerts.cat\/es\/wp-json\/wp\/v2\/media\/3407"}],"wp:attachment":[{"href":"https:\/\/www.cruillaconcerts.cat\/es\/wp-json\/wp\/v2\/media?parent=3459"}],"wp:term":[{"taxonomy":"artists_edition","embeddable":true,"href":"https:\/\/www.cruillaconcerts.cat\/es\/wp-json\/wp\/v2\/artists_edition?post=3459"}],"curies":[{"name":"wp","href":"https:\/\/api.w.org\/{rel}","templated":true}]}}