{"id":3468,"date":"2023-09-21T10:44:24","date_gmt":"2023-09-21T10:44:24","guid":{"rendered":"https:\/\/www.cruillaconcerts.cat\/?post_type=artists&#038;p=3468"},"modified":"2023-11-07T07:23:35","modified_gmt":"2023-11-07T07:23:35","slug":"feismo-cool","status":"publish","type":"artists","link":"https:\/\/www.cruillaconcerts.cat\/es\/artists\/feismo-cool\/","title":{"rendered":"Feismo Cool"},"content":{"rendered":"<h2>\u00a1FEISMO COOL EN DIRECTO EN EL CRU\u00cfLLA COM\u00c8DIA 2023!<\/h2>\n<h3>ENTRADA GRATUITA<\/h3>\n<p><span style=\"font-weight: 400;\">El <\/span><b>Feismo Cool<\/b><span style=\"font-weight: 400;\"> es el micr\u00f3fono abierto para la gente guay, pero no mucho. Es decir, para la gente est\u00e1ndar, normal, la mayor\u00eda de la gente. Es decir, t\u00fa. As\u00ed que, como que como buena persona <\/span><i><span style=\"font-weight: 400;\">guay, pero no demasiado<\/span><\/i><span style=\"font-weight: 400;\">, todav\u00eda no tienes ning\u00fan plan para el pr\u00f3ximo <\/span><b>3 de noviembre<\/b><span style=\"font-weight: 400;\">, de nada, ya tienes uno.<\/span><\/p>\n<p><span style=\"font-weight: 400;\">Durante el <\/span><b>Cru\u00eflla Com\u00e8dia 2023 <\/b><span style=\"font-weight: 400;\">este micro abierto abandonar\u00e1 el Raval para trasladarse <\/span><b>al bar Trikini del Poblenou<\/b><span style=\"font-weight: 400;\">, que llenar\u00e1 de stand up, concursos, sorteos y muchas m\u00e1s sorpresas. Promete un ambiente distendido, ideal para alguien <\/span><i><span style=\"font-weight: 400;\">guay, pero no demasiado, <\/span><\/i><span style=\"font-weight: 400;\">como t\u00fa, as\u00ed que no te lo puedes perder.<\/span><\/p>\n","protected":false},"featured_media":3410,"parent":0,"template":"","meta":{"_acf_changed":false},"artists_edition":[60],"class_list":["post-3468","artists","type-artists","status-publish","has-post-thumbnail","hentry","artists_location-bar-trikini","artists_edition-cruilla-comedia-2023"],"acf":{"_thumbnail_id":3410,"youtube_player":"","artist_edition":[60],"artist_date":"20231103","artist_time":"21:30","artist_time_2":"","artist_location":[64],"artist_ticket_url":"","artist_ticket_status":"","artist_extra_date__show":false,"artist_extra_date_2":null,"artist_time_of_date2":"","artist_extra_date_3":null,"artist_time_of_date3":"","artist_extra_date_4":null,"artist_time_of_date4":"","artist_extra_date_5":null,"artist_time_of_date5":"","artist_date__show_month":true,"artist_sidebar_active":true,"show_in_agenda":false,"artist_sidebar__banner_img":"","artist_sidebar__banner_link":"","artist_hero_content":"Cru\u00eflla Com\u00e8dia 2023","artist_style":false,"artist_nationality":false,"artist_audience_age":false},"yoast_head":"<!-- This site is optimized with the Yoast SEO plugin v27.5 - https:\/\/yoast.com\/product\/yoast-seo-wordpress\/ -->\n<title>\u00a1Feismo Cool en el Cru\u00eflla Com\u00e8dia 2023!<\/title>\n<meta name=\"description\" content=\"\u00a1No te pierdas el micro abierto de Feismo Cool el 3 de noviembre en el Bar Trikini dentro del Cru\u00eflla Com\u00e8dia 2023! Entrada gratuita.\" \/>\n<meta name=\"robots\" content=\"index, follow, max-snippet:-1, max-image-preview:large, max-video-preview:-1\" \/>\n<link rel=\"canonical\" href=\"https:\/\/www.cruillaconcerts.cat\/es\/artists\/feismo-cool\/\" \/>\n<meta property=\"og:locale\" content=\"es_ES\" \/>\n<meta property=\"og:type\" content=\"article\" \/>\n<meta property=\"og:title\" content=\"\u00a1Feismo Cool en el Cru\u00eflla Com\u00e8dia 2023!\" \/>\n<meta property=\"og:description\" content=\"\u00a1No te pierdas el micro abierto de Feismo Cool el 3 de noviembre en el Bar Trikini dentro del Cru\u00eflla Com\u00e8dia 2023! Entrada gratuita.\" \/>\n<meta property=\"og:url\" content=\"https:\/\/www.cruillaconcerts.cat\/es\/artists\/feismo-cool\/\" \/>\n<meta property=\"og:site_name\" content=\"Cru\u00eflla Concerts\" \/>\n<meta property=\"article:modified_time\" content=\"2023-11-07T07:23:35+00:00\" \/>\n<meta property=\"og:image\" content=\"https:\/\/www.cruillaconcerts.cat\/wp-content\/uploads\/2023\/09\/verde.png\" \/>\n\t<meta property=\"og:image:width\" content=\"1200\" \/>\n\t<meta property=\"og:image:height\" content=\"1200\" \/>\n\t<meta property=\"og:image:type\" content=\"image\/png\" \/>\n<meta name=\"twitter:card\" content=\"summary_large_image\" \/>\n<meta name=\"twitter:label1\" content=\"Tiempo de lectura\" \/>\n\t<meta name=\"twitter:data1\" content=\"1 minuto\" \/>\n<script type=\"application\/ld+json\" class=\"yoast-schema-graph\">{\"@context\":\"https:\\\/\\\/schema.org\",\"@graph\":[{\"@type\":\"WebPage\",\"@id\":\"https:\\\/\\\/www.cruillaconcerts.cat\\\/es\\\/artists\\\/feismo-cool\\\/\",\"url\":\"https:\\\/\\\/www.cruillaconcerts.cat\\\/es\\\/artists\\\/feismo-cool\\\/\",\"name\":\"\u00a1Feismo Cool en el Cru\u00eflla Com\u00e8dia 2023!\",\"isPartOf\":{\"@id\":\"https:\\\/\\\/www.cruillaconcerts.cat\\\/es\\\/#website\"},\"primaryImageOfPage\":{\"@id\":\"https:\\\/\\\/www.cruillaconcerts.cat\\\/es\\\/artists\\\/feismo-cool\\\/#primaryimage\"},\"image\":{\"@id\":\"https:\\\/\\\/www.cruillaconcerts.cat\\\/es\\\/artists\\\/feismo-cool\\\/#primaryimage\"},\"thumbnailUrl\":\"https:\\\/\\\/www.cruillaconcerts.cat\\\/wp-content\\\/uploads\\\/2023\\\/09\\\/verde.png\",\"datePublished\":\"2023-09-21T10:44:24+00:00\",\"dateModified\":\"2023-11-07T07:23:35+00:00\",\"description\":\"\u00a1No te pierdas el micro abierto de Feismo Cool el 3 de noviembre en el Bar Trikini dentro del Cru\u00eflla Com\u00e8dia 2023! Entrada gratuita.\",\"breadcrumb\":{\"@id\":\"https:\\\/\\\/www.cruillaconcerts.cat\\\/es\\\/artists\\\/feismo-cool\\\/#breadcrumb\"},\"inLanguage\":\"es\",\"potentialAction\":[{\"@type\":\"ReadAction\",\"target\":[\"https:\\\/\\\/www.cruillaconcerts.cat\\\/es\\\/artists\\\/feismo-cool\\\/\"]}]},{\"@type\":\"ImageObject\",\"inLanguage\":\"es\",\"@id\":\"https:\\\/\\\/www.cruillaconcerts.cat\\\/es\\\/artists\\\/feismo-cool\\\/#primaryimage\",\"url\":\"https:\\\/\\\/www.cruillaconcerts.cat\\\/wp-content\\\/uploads\\\/2023\\\/09\\\/verde.png\",\"contentUrl\":\"https:\\\/\\\/www.cruillaconcerts.cat\\\/wp-content\\\/uploads\\\/2023\\\/09\\\/verde.png\",\"width\":1200,\"height\":1200},{\"@type\":\"BreadcrumbList\",\"@id\":\"https:\\\/\\\/www.cruillaconcerts.cat\\\/es\\\/artists\\\/feismo-cool\\\/#breadcrumb\",\"itemListElement\":[{\"@type\":\"ListItem\",\"position\":1,\"name\":\"Home\",\"item\":\"https:\\\/\\\/www.cruillaconcerts.cat\\\/es\\\/\"},{\"@type\":\"ListItem\",\"position\":2,\"name\":\"Feismo Cool\"}]},{\"@type\":\"WebSite\",\"@id\":\"https:\\\/\\\/www.cruillaconcerts.cat\\\/es\\\/#website\",\"url\":\"https:\\\/\\\/www.cruillaconcerts.cat\\\/es\\\/\",\"name\":\"Cru\u00eflla Concerts\",\"description\":\"\",\"potentialAction\":[{\"@type\":\"SearchAction\",\"target\":{\"@type\":\"EntryPoint\",\"urlTemplate\":\"https:\\\/\\\/www.cruillaconcerts.cat\\\/es\\\/?s={search_term_string}\"},\"query-input\":{\"@type\":\"PropertyValueSpecification\",\"valueRequired\":true,\"valueName\":\"search_term_string\"}}],\"inLanguage\":\"es\"}]}<\/script>\n<!-- \/ Yoast SEO plugin. -->","yoast_head_json":{"title":"\u00a1Feismo Cool en el Cru\u00eflla Com\u00e8dia 2023!","description":"\u00a1No te pierdas el micro abierto de Feismo Cool el 3 de noviembre en el Bar Trikini dentro del Cru\u00eflla Com\u00e8dia 2023! Entrada gratuita.","robots":{"index":"index","follow":"follow","max-snippet":"max-snippet:-1","max-image-preview":"max-image-preview:large","max-video-preview":"max-video-preview:-1"},"canonical":"https:\/\/www.cruillaconcerts.cat\/es\/artists\/feismo-cool\/","og_locale":"es_ES","og_type":"article","og_title":"\u00a1Feismo Cool en el Cru\u00eflla Com\u00e8dia 2023!","og_description":"\u00a1No te pierdas el micro abierto de Feismo Cool el 3 de noviembre en el Bar Trikini dentro del Cru\u00eflla Com\u00e8dia 2023! Entrada gratuita.","og_url":"https:\/\/www.cruillaconcerts.cat\/es\/artists\/feismo-cool\/","og_site_name":"Cru\u00eflla Concerts","article_modified_time":"2023-11-07T07:23:35+00:00","og_image":[{"width":1200,"height":1200,"url":"https:\/\/www.cruillaconcerts.cat\/wp-content\/uploads\/2023\/09\/verde.png","type":"image\/png"}],"twitter_card":"summary_large_image","twitter_misc":{"Tiempo de lectura":"1 minuto"},"schema":{"@context":"https:\/\/schema.org","@graph":[{"@type":"WebPage","@id":"https:\/\/www.cruillaconcerts.cat\/es\/artists\/feismo-cool\/","url":"https:\/\/www.cruillaconcerts.cat\/es\/artists\/feismo-cool\/","name":"\u00a1Feismo Cool en el Cru\u00eflla Com\u00e8dia 2023!","isPartOf":{"@id":"https:\/\/www.cruillaconcerts.cat\/es\/#website"},"primaryImageOfPage":{"@id":"https:\/\/www.cruillaconcerts.cat\/es\/artists\/feismo-cool\/#primaryimage"},"image":{"@id":"https:\/\/www.cruillaconcerts.cat\/es\/artists\/feismo-cool\/#primaryimage"},"thumbnailUrl":"https:\/\/www.cruillaconcerts.cat\/wp-content\/uploads\/2023\/09\/verde.png","datePublished":"2023-09-21T10:44:24+00:00","dateModified":"2023-11-07T07:23:35+00:00","description":"\u00a1No te pierdas el micro abierto de Feismo Cool el 3 de noviembre en el Bar Trikini dentro del Cru\u00eflla Com\u00e8dia 2023! Entrada gratuita.","breadcrumb":{"@id":"https:\/\/www.cruillaconcerts.cat\/es\/artists\/feismo-cool\/#breadcrumb"},"inLanguage":"es","potentialAction":[{"@type":"ReadAction","target":["https:\/\/www.cruillaconcerts.cat\/es\/artists\/feismo-cool\/"]}]},{"@type":"ImageObject","inLanguage":"es","@id":"https:\/\/www.cruillaconcerts.cat\/es\/artists\/feismo-cool\/#primaryimage","url":"https:\/\/www.cruillaconcerts.cat\/wp-content\/uploads\/2023\/09\/verde.png","contentUrl":"https:\/\/www.cruillaconcerts.cat\/wp-content\/uploads\/2023\/09\/verde.png","width":1200,"height":1200},{"@type":"BreadcrumbList","@id":"https:\/\/www.cruillaconcerts.cat\/es\/artists\/feismo-cool\/#breadcrumb","itemListElement":[{"@type":"ListItem","position":1,"name":"Home","item":"https:\/\/www.cruillaconcerts.cat\/es\/"},{"@type":"ListItem","position":2,"name":"Feismo Cool"}]},{"@type":"WebSite","@id":"https:\/\/www.cruillaconcerts.cat\/es\/#website","url":"https:\/\/www.cruillaconcerts.cat\/es\/","name":"Cru\u00eflla Concerts","description":"","potentialAction":[{"@type":"SearchAction","target":{"@type":"EntryPoint","urlTemplate":"https:\/\/www.cruillaconcerts.cat\/es\/?s={search_term_string}"},"query-input":{"@type":"PropertyValueSpecification","valueRequired":true,"valueName":"search_term_string"}}],"inLanguage":"es"}]}},"_links":{"self":[{"href":"https:\/\/www.cruillaconcerts.cat\/es\/wp-json\/wp\/v2\/artists\/3468","targetHints":{"allow":["GET"]}}],"collection":[{"href":"https:\/\/www.cruillaconcerts.cat\/es\/wp-json\/wp\/v2\/artists"}],"about":[{"href":"https:\/\/www.cruillaconcerts.cat\/es\/wp-json\/wp\/v2\/types\/artists"}],"acf:term":[{"embeddable":true,"taxonomy":"artists_location","href":"https:\/\/www.cruillaconcerts.cat\/es\/wp-json\/wp\/v2\/artists_location\/64"},{"embeddable":true,"taxonomy":"artists_edition","href":"https:\/\/www.cruillaconcerts.cat\/es\/wp-json\/wp\/v2\/artists_edition\/60"}],"wp:featuredmedia":[{"embeddable":true,"href":"https:\/\/www.cruillaconcerts.cat\/es\/wp-json\/wp\/v2\/media\/3410"}],"wp:attachment":[{"href":"https:\/\/www.cruillaconcerts.cat\/es\/wp-json\/wp\/v2\/media?parent=3468"}],"wp:term":[{"taxonomy":"artists_edition","embeddable":true,"href":"https:\/\/www.cruillaconcerts.cat\/es\/wp-json\/wp\/v2\/artists_edition?post=3468"}],"curies":[{"name":"wp","href":"https:\/\/api.w.org\/{rel}","templated":true}]}}