{"id":3471,"date":"2023-09-21T10:44:22","date_gmt":"2023-09-21T10:44:22","guid":{"rendered":"https:\/\/www.cruillaconcerts.cat\/?post_type=artists&#038;p=3471"},"modified":"2024-11-17T17:12:37","modified_gmt":"2024-11-17T17:12:37","slug":"laltre-mic","status":"publish","type":"artists","link":"https:\/\/www.cruillaconcerts.cat\/es\/artists\/laltre-mic\/","title":{"rendered":"L&#8217;Altre Mic"},"content":{"rendered":"<h2>OPEN MIC GRATUITO: \u00a1<strong>L&#8217;ALTRE MIC<\/strong> EN EL BAR CALDERS!<\/h2>\n<h3>S\u00c1BADO 16 DE NOVIEMBRE A LAS 18.30H<\/h3>\n<p><strong>L&#8217;Altre Mic<\/strong> naci\u00f3 en octubre de 2018 para cubrir la necesidad de tener un espacio en la escena de stand-up de Barcelona donde poder probar chistes en catal\u00e1n. Desde entonces ha difundido la idea del micro abierto como un espacio de juego y experimentaci\u00f3n humor\u00edstica donde el p\u00fablico es soberano y celebra o rechaza los chistes en un ambiente inmejorable por la comedia en vivo.<\/p>\n<p>El <strong>s\u00e1bado 16 de noviembre a las 18:30h<\/strong> celebrar\u00e1n un open mic gratuito en formato show up go up, donde todos los c\u00f3mics que vengan y se apunten a la lista podr\u00e1n probar texto durante 4 minutos. \u00a1Res\u00e9rvate la fecha y ven a disfrutarlo en directo en el <strong>Bar Calders<\/strong>!<\/p>\n","protected":false},"featured_media":3419,"parent":0,"template":"","meta":{"_acf_changed":false},"artists_edition":[100],"class_list":["post-3471","artists","type-artists","status-publish","has-post-thumbnail","hentry","artists_location-bar-calders","artists_edition-cruilla-comedia-2024"],"acf":{"_thumbnail_id":3419,"youtube_player":"","artist_edition":[100],"artist_date":"20241116","artist_time":"18:30","artist_time_2":"","artist_location":[101],"artist_ticket_url":"","artist_ticket_status":"","artist_extra_date__show":false,"artist_extra_date_2":null,"artist_time_of_date2":"","artist_extra_date_3":null,"artist_time_of_date3":"","artist_extra_date_4":null,"artist_time_of_date4":"","artist_extra_date_5":null,"artist_time_of_date5":"","artist_date__show_month":true,"artist_sidebar_active":true,"show_in_agenda":false,"artist_sidebar__banner_img":"","artist_sidebar__banner_link":"","artist_hero_content":"Cru\u00eflla Com\u00e8dia 2024","artist_style":false,"artist_nationality":false,"artist_audience_age":false},"yoast_head":"<!-- This site is optimized with the Yoast SEO plugin v27.5 - https:\/\/yoast.com\/product\/yoast-seo-wordpress\/ -->\n<title>\u00a1L&#039;Altre Mic en el Cru\u00eflla Com\u00e8dia 2024!<\/title>\n<meta name=\"description\" content=\"\u00a1No te pierdas el micro abierto de L&#039;Altre Mic el 16 de noviembre en el Balius Bar dentro del Cru\u00eflla Com\u00e8dia 2024! Entrada gratuita.\" \/>\n<meta name=\"robots\" content=\"index, follow, max-snippet:-1, max-image-preview:large, max-video-preview:-1\" \/>\n<link rel=\"canonical\" href=\"https:\/\/www.cruillaconcerts.cat\/es\/artists\/laltre-mic\/\" \/>\n<meta property=\"og:locale\" content=\"es_ES\" \/>\n<meta property=\"og:type\" content=\"article\" \/>\n<meta property=\"og:title\" content=\"\u00a1L&#039;Altre Mic en el Cru\u00eflla Com\u00e8dia 2024!\" \/>\n<meta property=\"og:description\" content=\"\u00a1No te pierdas el micro abierto de L&#039;Altre Mic el 16 de noviembre en el Balius Bar dentro del Cru\u00eflla Com\u00e8dia 2024! Entrada gratuita.\" \/>\n<meta property=\"og:url\" content=\"https:\/\/www.cruillaconcerts.cat\/es\/artists\/laltre-mic\/\" \/>\n<meta property=\"og:site_name\" content=\"Cru\u00eflla Concerts\" \/>\n<meta property=\"article:modified_time\" content=\"2024-11-17T17:12:37+00:00\" \/>\n<meta property=\"og:image\" content=\"https:\/\/www.cruillaconcerts.cat\/wp-content\/uploads\/2023\/09\/Diseno-sin-titulo-2.png\" \/>\n\t<meta property=\"og:image:width\" content=\"1080\" \/>\n\t<meta property=\"og:image:height\" content=\"1080\" \/>\n\t<meta property=\"og:image:type\" content=\"image\/png\" \/>\n<meta name=\"twitter:card\" content=\"summary_large_image\" \/>\n<meta name=\"twitter:label1\" content=\"Tiempo de lectura\" \/>\n\t<meta name=\"twitter:data1\" content=\"1 minuto\" \/>\n<script type=\"application\/ld+json\" class=\"yoast-schema-graph\">{\"@context\":\"https:\\\/\\\/schema.org\",\"@graph\":[{\"@type\":\"WebPage\",\"@id\":\"https:\\\/\\\/www.cruillaconcerts.cat\\\/es\\\/artists\\\/laltre-mic\\\/\",\"url\":\"https:\\\/\\\/www.cruillaconcerts.cat\\\/es\\\/artists\\\/laltre-mic\\\/\",\"name\":\"\u00a1L'Altre Mic en el Cru\u00eflla Com\u00e8dia 2024!\",\"isPartOf\":{\"@id\":\"https:\\\/\\\/www.cruillaconcerts.cat\\\/es\\\/#website\"},\"primaryImageOfPage\":{\"@id\":\"https:\\\/\\\/www.cruillaconcerts.cat\\\/es\\\/artists\\\/laltre-mic\\\/#primaryimage\"},\"image\":{\"@id\":\"https:\\\/\\\/www.cruillaconcerts.cat\\\/es\\\/artists\\\/laltre-mic\\\/#primaryimage\"},\"thumbnailUrl\":\"https:\\\/\\\/www.cruillaconcerts.cat\\\/wp-content\\\/uploads\\\/2023\\\/09\\\/Diseno-sin-titulo-2.png\",\"datePublished\":\"2023-09-21T10:44:22+00:00\",\"dateModified\":\"2024-11-17T17:12:37+00:00\",\"description\":\"\u00a1No te pierdas el micro abierto de L'Altre Mic el 16 de noviembre en el Balius Bar dentro del Cru\u00eflla Com\u00e8dia 2024! Entrada gratuita.\",\"breadcrumb\":{\"@id\":\"https:\\\/\\\/www.cruillaconcerts.cat\\\/es\\\/artists\\\/laltre-mic\\\/#breadcrumb\"},\"inLanguage\":\"es\",\"potentialAction\":[{\"@type\":\"ReadAction\",\"target\":[\"https:\\\/\\\/www.cruillaconcerts.cat\\\/es\\\/artists\\\/laltre-mic\\\/\"]}]},{\"@type\":\"ImageObject\",\"inLanguage\":\"es\",\"@id\":\"https:\\\/\\\/www.cruillaconcerts.cat\\\/es\\\/artists\\\/laltre-mic\\\/#primaryimage\",\"url\":\"https:\\\/\\\/www.cruillaconcerts.cat\\\/wp-content\\\/uploads\\\/2023\\\/09\\\/Diseno-sin-titulo-2.png\",\"contentUrl\":\"https:\\\/\\\/www.cruillaconcerts.cat\\\/wp-content\\\/uploads\\\/2023\\\/09\\\/Diseno-sin-titulo-2.png\",\"width\":1080,\"height\":1080},{\"@type\":\"BreadcrumbList\",\"@id\":\"https:\\\/\\\/www.cruillaconcerts.cat\\\/es\\\/artists\\\/laltre-mic\\\/#breadcrumb\",\"itemListElement\":[{\"@type\":\"ListItem\",\"position\":1,\"name\":\"Home\",\"item\":\"https:\\\/\\\/www.cruillaconcerts.cat\\\/es\\\/\"},{\"@type\":\"ListItem\",\"position\":2,\"name\":\"L&#8217;Altre Mic\"}]},{\"@type\":\"WebSite\",\"@id\":\"https:\\\/\\\/www.cruillaconcerts.cat\\\/es\\\/#website\",\"url\":\"https:\\\/\\\/www.cruillaconcerts.cat\\\/es\\\/\",\"name\":\"Cru\u00eflla Concerts\",\"description\":\"\",\"potentialAction\":[{\"@type\":\"SearchAction\",\"target\":{\"@type\":\"EntryPoint\",\"urlTemplate\":\"https:\\\/\\\/www.cruillaconcerts.cat\\\/es\\\/?s={search_term_string}\"},\"query-input\":{\"@type\":\"PropertyValueSpecification\",\"valueRequired\":true,\"valueName\":\"search_term_string\"}}],\"inLanguage\":\"es\"}]}<\/script>\n<!-- \/ Yoast SEO plugin. -->","yoast_head_json":{"title":"\u00a1L'Altre Mic en el Cru\u00eflla Com\u00e8dia 2024!","description":"\u00a1No te pierdas el micro abierto de L'Altre Mic el 16 de noviembre en el Balius Bar dentro del Cru\u00eflla Com\u00e8dia 2024! Entrada gratuita.","robots":{"index":"index","follow":"follow","max-snippet":"max-snippet:-1","max-image-preview":"max-image-preview:large","max-video-preview":"max-video-preview:-1"},"canonical":"https:\/\/www.cruillaconcerts.cat\/es\/artists\/laltre-mic\/","og_locale":"es_ES","og_type":"article","og_title":"\u00a1L'Altre Mic en el Cru\u00eflla Com\u00e8dia 2024!","og_description":"\u00a1No te pierdas el micro abierto de L'Altre Mic el 16 de noviembre en el Balius Bar dentro del Cru\u00eflla Com\u00e8dia 2024! Entrada gratuita.","og_url":"https:\/\/www.cruillaconcerts.cat\/es\/artists\/laltre-mic\/","og_site_name":"Cru\u00eflla Concerts","article_modified_time":"2024-11-17T17:12:37+00:00","og_image":[{"width":1080,"height":1080,"url":"https:\/\/www.cruillaconcerts.cat\/wp-content\/uploads\/2023\/09\/Diseno-sin-titulo-2.png","type":"image\/png"}],"twitter_card":"summary_large_image","twitter_misc":{"Tiempo de lectura":"1 minuto"},"schema":{"@context":"https:\/\/schema.org","@graph":[{"@type":"WebPage","@id":"https:\/\/www.cruillaconcerts.cat\/es\/artists\/laltre-mic\/","url":"https:\/\/www.cruillaconcerts.cat\/es\/artists\/laltre-mic\/","name":"\u00a1L'Altre Mic en el Cru\u00eflla Com\u00e8dia 2024!","isPartOf":{"@id":"https:\/\/www.cruillaconcerts.cat\/es\/#website"},"primaryImageOfPage":{"@id":"https:\/\/www.cruillaconcerts.cat\/es\/artists\/laltre-mic\/#primaryimage"},"image":{"@id":"https:\/\/www.cruillaconcerts.cat\/es\/artists\/laltre-mic\/#primaryimage"},"thumbnailUrl":"https:\/\/www.cruillaconcerts.cat\/wp-content\/uploads\/2023\/09\/Diseno-sin-titulo-2.png","datePublished":"2023-09-21T10:44:22+00:00","dateModified":"2024-11-17T17:12:37+00:00","description":"\u00a1No te pierdas el micro abierto de L'Altre Mic el 16 de noviembre en el Balius Bar dentro del Cru\u00eflla Com\u00e8dia 2024! Entrada gratuita.","breadcrumb":{"@id":"https:\/\/www.cruillaconcerts.cat\/es\/artists\/laltre-mic\/#breadcrumb"},"inLanguage":"es","potentialAction":[{"@type":"ReadAction","target":["https:\/\/www.cruillaconcerts.cat\/es\/artists\/laltre-mic\/"]}]},{"@type":"ImageObject","inLanguage":"es","@id":"https:\/\/www.cruillaconcerts.cat\/es\/artists\/laltre-mic\/#primaryimage","url":"https:\/\/www.cruillaconcerts.cat\/wp-content\/uploads\/2023\/09\/Diseno-sin-titulo-2.png","contentUrl":"https:\/\/www.cruillaconcerts.cat\/wp-content\/uploads\/2023\/09\/Diseno-sin-titulo-2.png","width":1080,"height":1080},{"@type":"BreadcrumbList","@id":"https:\/\/www.cruillaconcerts.cat\/es\/artists\/laltre-mic\/#breadcrumb","itemListElement":[{"@type":"ListItem","position":1,"name":"Home","item":"https:\/\/www.cruillaconcerts.cat\/es\/"},{"@type":"ListItem","position":2,"name":"L&#8217;Altre Mic"}]},{"@type":"WebSite","@id":"https:\/\/www.cruillaconcerts.cat\/es\/#website","url":"https:\/\/www.cruillaconcerts.cat\/es\/","name":"Cru\u00eflla Concerts","description":"","potentialAction":[{"@type":"SearchAction","target":{"@type":"EntryPoint","urlTemplate":"https:\/\/www.cruillaconcerts.cat\/es\/?s={search_term_string}"},"query-input":{"@type":"PropertyValueSpecification","valueRequired":true,"valueName":"search_term_string"}}],"inLanguage":"es"}]}},"_links":{"self":[{"href":"https:\/\/www.cruillaconcerts.cat\/es\/wp-json\/wp\/v2\/artists\/3471","targetHints":{"allow":["GET"]}}],"collection":[{"href":"https:\/\/www.cruillaconcerts.cat\/es\/wp-json\/wp\/v2\/artists"}],"about":[{"href":"https:\/\/www.cruillaconcerts.cat\/es\/wp-json\/wp\/v2\/types\/artists"}],"acf:term":[{"embeddable":true,"taxonomy":"artists_location","href":"https:\/\/www.cruillaconcerts.cat\/es\/wp-json\/wp\/v2\/artists_location\/101"},{"embeddable":true,"taxonomy":"artists_edition","href":"https:\/\/www.cruillaconcerts.cat\/es\/wp-json\/wp\/v2\/artists_edition\/100"}],"wp:featuredmedia":[{"embeddable":true,"href":"https:\/\/www.cruillaconcerts.cat\/es\/wp-json\/wp\/v2\/media\/3419"}],"wp:attachment":[{"href":"https:\/\/www.cruillaconcerts.cat\/es\/wp-json\/wp\/v2\/media?parent=3471"}],"wp:term":[{"taxonomy":"artists_edition","embeddable":true,"href":"https:\/\/www.cruillaconcerts.cat\/es\/wp-json\/wp\/v2\/artists_edition?post=3471"}],"curies":[{"name":"wp","href":"https:\/\/api.w.org\/{rel}","templated":true}]}}