{"id":3491,"date":"2023-09-21T10:44:21","date_gmt":"2023-09-21T10:44:21","guid":{"rendered":"https:\/\/www.cruillaconcerts.cat\/?post_type=artists&#038;p=3491"},"modified":"2024-11-17T17:12:24","modified_gmt":"2024-11-17T17:12:24","slug":"ajajojejo","status":"publish","type":"artists","link":"https:\/\/www.cruillaconcerts.cat\/es\/artists\/ajajojejo\/","title":{"rendered":"Ajajojejo"},"content":{"rendered":"<h2>OPEN MIC GRATUITO: \u00a1AJAJOJEJO EN EL BAR CALDERS!<\/h2>\n<h3>VIERNES 15 DE NOVIEMBRE A LAS 18:30H<\/h3>\n<p><strong>Ajajojejo<\/strong> naci\u00f3\u00a0en 2018\u00a0y desde entonces\u00a0ha producido m\u00faltiples espect\u00e1culos de stand-up y open mics, consolid\u00e1ndose como una referencia en la comedia barcelonesa. Actualmente, son los responsables del <strong>Open del Medi<\/strong>, uno de los open micos m\u00e1s reconocidos y prestigiosos de la ciudad de Barcelona, \u200b\u200batrayendo tanto a comediantes emergentes como consolidados.<\/p>\n<p>El viernes <strong>15 de noviembre a las 18:30h<\/strong>\u00a0celebrar\u00e1n un open mic gratuito en formato cl\u00e1sico donde cuatro c\u00f3mics probar\u00e1n sus nuevos textos. \u00a1Res\u00e9rvate la fecha y ven a disfrutarlo en directo en el <strong>Bar Calders<\/strong>!<\/p>\n<hr \/>\n<p style=\"text-align: center;\"><em><strong>Consulta y consigue aqu\u00ed tus entradas por los espect\u00e1culos del Cru\u00eflla Com\u00e8dia 2024:<\/strong><\/em><\/p>\n<p style=\"text-align: center;\"><a class=\"efsbutton button \" target=\"_blank\">ENTRADAS<\/a><\/p>\n<hr \/>\n<p>&nbsp;<\/p>\n","protected":false},"featured_media":7499,"parent":0,"template":"","meta":{"_acf_changed":false},"artists_edition":[100],"class_list":["post-3491","artists","type-artists","status-publish","has-post-thumbnail","hentry","artists_location-bar-calders","artists_edition-cruilla-comedia-2024"],"acf":{"_thumbnail_id":7499,"youtube_player":"","artist_edition":[100],"artist_date":"20241115","artist_time":"18:30","artist_time_2":"","artist_location":[101],"artist_ticket_url":"","artist_ticket_status":"","artist_extra_date__show":false,"artist_extra_date_2":null,"artist_time_of_date2":"","artist_extra_date_3":null,"artist_time_of_date3":"","artist_extra_date_4":null,"artist_time_of_date4":"","artist_extra_date_5":null,"artist_time_of_date5":"","artist_date__show_month":true,"artist_sidebar_active":true,"show_in_agenda":false,"artist_sidebar__banner_img":"","artist_sidebar__banner_link":"","artist_hero_content":"Cru\u00eflla Com\u00e8dia 2024","artist_style":false,"artist_nationality":false,"artist_audience_age":false},"yoast_head":"<!-- This site is optimized with the Yoast SEO plugin v27.5 - https:\/\/yoast.com\/product\/yoast-seo-wordpress\/ -->\n<title>\u00a1Ajajojejo en el Cru\u00eflla Com\u00e8dia 2024!<\/title>\n<meta name=\"description\" content=\"\u00a1No te pierdas el micro abierto de Ajajojejo el 15 de noviembre en el Bar Calders dentro del Cru\u00eflla Com\u00e8dia 2024! Entrada gratuita.\" \/>\n<meta name=\"robots\" content=\"index, follow, max-snippet:-1, max-image-preview:large, max-video-preview:-1\" \/>\n<link rel=\"canonical\" href=\"https:\/\/www.cruillaconcerts.cat\/es\/artists\/ajajojejo\/\" \/>\n<meta property=\"og:locale\" content=\"es_ES\" \/>\n<meta property=\"og:type\" content=\"article\" \/>\n<meta property=\"og:title\" content=\"\u00a1Ajajojejo en el Cru\u00eflla Com\u00e8dia 2024!\" \/>\n<meta property=\"og:description\" content=\"\u00a1No te pierdas el micro abierto de Ajajojejo el 15 de noviembre en el Bar Calders dentro del Cru\u00eflla Com\u00e8dia 2024! Entrada gratuita.\" \/>\n<meta property=\"og:url\" content=\"https:\/\/www.cruillaconcerts.cat\/es\/artists\/ajajojejo\/\" \/>\n<meta property=\"og:site_name\" content=\"Cru\u00eflla Concerts\" \/>\n<meta property=\"article:modified_time\" content=\"2024-11-17T17:12:24+00:00\" \/>\n<meta property=\"og:image\" content=\"https:\/\/www.cruillaconcerts.cat\/wp-content\/uploads\/2023\/09\/azul_muneco-1-scaled.jpg\" \/>\n\t<meta property=\"og:image:width\" content=\"2560\" \/>\n\t<meta property=\"og:image:height\" content=\"2560\" \/>\n\t<meta property=\"og:image:type\" content=\"image\/jpeg\" \/>\n<meta name=\"twitter:card\" content=\"summary_large_image\" \/>\n<meta name=\"twitter:label1\" content=\"Tiempo de lectura\" \/>\n\t<meta name=\"twitter:data1\" content=\"1 minuto\" \/>\n<script type=\"application\/ld+json\" class=\"yoast-schema-graph\">{\"@context\":\"https:\\\/\\\/schema.org\",\"@graph\":[{\"@type\":\"WebPage\",\"@id\":\"https:\\\/\\\/www.cruillaconcerts.cat\\\/es\\\/artists\\\/ajajojejo\\\/\",\"url\":\"https:\\\/\\\/www.cruillaconcerts.cat\\\/es\\\/artists\\\/ajajojejo\\\/\",\"name\":\"\u00a1Ajajojejo en el Cru\u00eflla Com\u00e8dia 2024!\",\"isPartOf\":{\"@id\":\"https:\\\/\\\/www.cruillaconcerts.cat\\\/es\\\/#website\"},\"primaryImageOfPage\":{\"@id\":\"https:\\\/\\\/www.cruillaconcerts.cat\\\/es\\\/artists\\\/ajajojejo\\\/#primaryimage\"},\"image\":{\"@id\":\"https:\\\/\\\/www.cruillaconcerts.cat\\\/es\\\/artists\\\/ajajojejo\\\/#primaryimage\"},\"thumbnailUrl\":\"https:\\\/\\\/www.cruillaconcerts.cat\\\/wp-content\\\/uploads\\\/2023\\\/09\\\/azul_muneco-1-scaled.jpg\",\"datePublished\":\"2023-09-21T10:44:21+00:00\",\"dateModified\":\"2024-11-17T17:12:24+00:00\",\"description\":\"\u00a1No te pierdas el micro abierto de Ajajojejo el 15 de noviembre en el Bar Calders dentro del Cru\u00eflla Com\u00e8dia 2024! Entrada gratuita.\",\"breadcrumb\":{\"@id\":\"https:\\\/\\\/www.cruillaconcerts.cat\\\/es\\\/artists\\\/ajajojejo\\\/#breadcrumb\"},\"inLanguage\":\"es\",\"potentialAction\":[{\"@type\":\"ReadAction\",\"target\":[\"https:\\\/\\\/www.cruillaconcerts.cat\\\/es\\\/artists\\\/ajajojejo\\\/\"]}]},{\"@type\":\"ImageObject\",\"inLanguage\":\"es\",\"@id\":\"https:\\\/\\\/www.cruillaconcerts.cat\\\/es\\\/artists\\\/ajajojejo\\\/#primaryimage\",\"url\":\"https:\\\/\\\/www.cruillaconcerts.cat\\\/wp-content\\\/uploads\\\/2023\\\/09\\\/azul_muneco-1-scaled.jpg\",\"contentUrl\":\"https:\\\/\\\/www.cruillaconcerts.cat\\\/wp-content\\\/uploads\\\/2023\\\/09\\\/azul_muneco-1-scaled.jpg\",\"width\":2560,\"height\":2560},{\"@type\":\"BreadcrumbList\",\"@id\":\"https:\\\/\\\/www.cruillaconcerts.cat\\\/es\\\/artists\\\/ajajojejo\\\/#breadcrumb\",\"itemListElement\":[{\"@type\":\"ListItem\",\"position\":1,\"name\":\"Home\",\"item\":\"https:\\\/\\\/www.cruillaconcerts.cat\\\/es\\\/\"},{\"@type\":\"ListItem\",\"position\":2,\"name\":\"Ajajojejo\"}]},{\"@type\":\"WebSite\",\"@id\":\"https:\\\/\\\/www.cruillaconcerts.cat\\\/es\\\/#website\",\"url\":\"https:\\\/\\\/www.cruillaconcerts.cat\\\/es\\\/\",\"name\":\"Cru\u00eflla Concerts\",\"description\":\"\",\"potentialAction\":[{\"@type\":\"SearchAction\",\"target\":{\"@type\":\"EntryPoint\",\"urlTemplate\":\"https:\\\/\\\/www.cruillaconcerts.cat\\\/es\\\/?s={search_term_string}\"},\"query-input\":{\"@type\":\"PropertyValueSpecification\",\"valueRequired\":true,\"valueName\":\"search_term_string\"}}],\"inLanguage\":\"es\"}]}<\/script>\n<!-- \/ Yoast SEO plugin. -->","yoast_head_json":{"title":"\u00a1Ajajojejo en el Cru\u00eflla Com\u00e8dia 2024!","description":"\u00a1No te pierdas el micro abierto de Ajajojejo el 15 de noviembre en el Bar Calders dentro del Cru\u00eflla Com\u00e8dia 2024! Entrada gratuita.","robots":{"index":"index","follow":"follow","max-snippet":"max-snippet:-1","max-image-preview":"max-image-preview:large","max-video-preview":"max-video-preview:-1"},"canonical":"https:\/\/www.cruillaconcerts.cat\/es\/artists\/ajajojejo\/","og_locale":"es_ES","og_type":"article","og_title":"\u00a1Ajajojejo en el Cru\u00eflla Com\u00e8dia 2024!","og_description":"\u00a1No te pierdas el micro abierto de Ajajojejo el 15 de noviembre en el Bar Calders dentro del Cru\u00eflla Com\u00e8dia 2024! Entrada gratuita.","og_url":"https:\/\/www.cruillaconcerts.cat\/es\/artists\/ajajojejo\/","og_site_name":"Cru\u00eflla Concerts","article_modified_time":"2024-11-17T17:12:24+00:00","og_image":[{"width":2560,"height":2560,"url":"https:\/\/www.cruillaconcerts.cat\/wp-content\/uploads\/2023\/09\/azul_muneco-1-scaled.jpg","type":"image\/jpeg"}],"twitter_card":"summary_large_image","twitter_misc":{"Tiempo de lectura":"1 minuto"},"schema":{"@context":"https:\/\/schema.org","@graph":[{"@type":"WebPage","@id":"https:\/\/www.cruillaconcerts.cat\/es\/artists\/ajajojejo\/","url":"https:\/\/www.cruillaconcerts.cat\/es\/artists\/ajajojejo\/","name":"\u00a1Ajajojejo en el Cru\u00eflla Com\u00e8dia 2024!","isPartOf":{"@id":"https:\/\/www.cruillaconcerts.cat\/es\/#website"},"primaryImageOfPage":{"@id":"https:\/\/www.cruillaconcerts.cat\/es\/artists\/ajajojejo\/#primaryimage"},"image":{"@id":"https:\/\/www.cruillaconcerts.cat\/es\/artists\/ajajojejo\/#primaryimage"},"thumbnailUrl":"https:\/\/www.cruillaconcerts.cat\/wp-content\/uploads\/2023\/09\/azul_muneco-1-scaled.jpg","datePublished":"2023-09-21T10:44:21+00:00","dateModified":"2024-11-17T17:12:24+00:00","description":"\u00a1No te pierdas el micro abierto de Ajajojejo el 15 de noviembre en el Bar Calders dentro del Cru\u00eflla Com\u00e8dia 2024! Entrada gratuita.","breadcrumb":{"@id":"https:\/\/www.cruillaconcerts.cat\/es\/artists\/ajajojejo\/#breadcrumb"},"inLanguage":"es","potentialAction":[{"@type":"ReadAction","target":["https:\/\/www.cruillaconcerts.cat\/es\/artists\/ajajojejo\/"]}]},{"@type":"ImageObject","inLanguage":"es","@id":"https:\/\/www.cruillaconcerts.cat\/es\/artists\/ajajojejo\/#primaryimage","url":"https:\/\/www.cruillaconcerts.cat\/wp-content\/uploads\/2023\/09\/azul_muneco-1-scaled.jpg","contentUrl":"https:\/\/www.cruillaconcerts.cat\/wp-content\/uploads\/2023\/09\/azul_muneco-1-scaled.jpg","width":2560,"height":2560},{"@type":"BreadcrumbList","@id":"https:\/\/www.cruillaconcerts.cat\/es\/artists\/ajajojejo\/#breadcrumb","itemListElement":[{"@type":"ListItem","position":1,"name":"Home","item":"https:\/\/www.cruillaconcerts.cat\/es\/"},{"@type":"ListItem","position":2,"name":"Ajajojejo"}]},{"@type":"WebSite","@id":"https:\/\/www.cruillaconcerts.cat\/es\/#website","url":"https:\/\/www.cruillaconcerts.cat\/es\/","name":"Cru\u00eflla Concerts","description":"","potentialAction":[{"@type":"SearchAction","target":{"@type":"EntryPoint","urlTemplate":"https:\/\/www.cruillaconcerts.cat\/es\/?s={search_term_string}"},"query-input":{"@type":"PropertyValueSpecification","valueRequired":true,"valueName":"search_term_string"}}],"inLanguage":"es"}]}},"_links":{"self":[{"href":"https:\/\/www.cruillaconcerts.cat\/es\/wp-json\/wp\/v2\/artists\/3491","targetHints":{"allow":["GET"]}}],"collection":[{"href":"https:\/\/www.cruillaconcerts.cat\/es\/wp-json\/wp\/v2\/artists"}],"about":[{"href":"https:\/\/www.cruillaconcerts.cat\/es\/wp-json\/wp\/v2\/types\/artists"}],"acf:term":[{"embeddable":true,"taxonomy":"artists_location","href":"https:\/\/www.cruillaconcerts.cat\/es\/wp-json\/wp\/v2\/artists_location\/101"},{"embeddable":true,"taxonomy":"artists_edition","href":"https:\/\/www.cruillaconcerts.cat\/es\/wp-json\/wp\/v2\/artists_edition\/100"}],"wp:featuredmedia":[{"embeddable":true,"href":"https:\/\/www.cruillaconcerts.cat\/es\/wp-json\/wp\/v2\/media\/7499"}],"wp:attachment":[{"href":"https:\/\/www.cruillaconcerts.cat\/es\/wp-json\/wp\/v2\/media?parent=3491"}],"wp:term":[{"taxonomy":"artists_edition","embeddable":true,"href":"https:\/\/www.cruillaconcerts.cat\/es\/wp-json\/wp\/v2\/artists_edition?post=3491"}],"curies":[{"name":"wp","href":"https:\/\/api.w.org\/{rel}","templated":true}]}}