{"id":399,"date":"2022-04-20T14:39:19","date_gmt":"2022-04-20T14:39:19","guid":{"rendered":"https:\/\/www.cruillaconcerts.cat\/?post_type=artists&#038;p=399"},"modified":"2022-11-27T09:08:55","modified_gmt":"2022-11-27T09:08:55","slug":"rayden","status":"publish","type":"artists","link":"https:\/\/www.cruillaconcerts.cat\/es\/artists\/rayden\/","title":{"rendered":"Rayden"},"content":{"rendered":"<h2>Rayden en el Cru\u00eflla Tardor 2022<\/h2>\n<p><strong>Artista invitado: Subliminal<\/strong><\/p>\n<p><strong>Rayden\u00a0<\/strong>es de aquellos artistas que amas no solo por su arte,<strong> tambi\u00e9n amas su persona.<\/strong> Es de esos seres humanos que sientes como si fueran familiares aunque no los conozcas, y siempre parece que podr\u00edais ir los dos a un bar y pasar la tarde entre amigos.<\/p>\n<p>Adem\u00e1s es alguien que se hace querer. Te encandila con pocas palabras. Porque Rayden es un <strong>poeta de escenario.<\/strong> Empez\u00f3 en el mundo del hip hop y las batallas de gallos, pero se fue decantando hacia una<strong> vertiente mucho m\u00e1s l\u00edrica<\/strong> y llena de matices con el paso del tiempo.<\/p>\n<p>El experimentado\u00a0MC\u00a0ha ido fortaleciendo a lo largo de su carrera el <strong>nexo<\/strong> entre la <strong>l\u00edrica del rap<\/strong> y los ritmos de otros g\u00e9neros como <strong>el pop, el rock o el garage,<\/strong> creando un estilo \u00fanico, potente y con una<strong> clase inigualable<\/strong>, como se puede ver en su trabajo m\u00e1s reciente, <em><strong>Hom\u00f3nimo<\/strong><\/em>. Para estar a la altura de <strong>Rayden<\/strong> no solo tienes que elegir las palabras precisas y coserlas con cuidado para construir historias singulares, tambi\u00e9n tienes que tener una gran vocaci\u00f3n musical y una <strong>voz penetrante y contundente<\/strong> como la suya.<\/p>\n<p>Sus versos ya hicieron vibrar al p\u00fablico en el primer <strong>Cru\u00eflla XXS<\/strong> y en el esperado retorno del gran festival el pasado julio. Pero parece que <strong>Rayden<\/strong> todav\u00eda tiene<strong> m\u00e1s ganas de Cru\u00eflla<\/strong>, y a su vez, nuestro p\u00fablico tiene m\u00e1s ganas de <strong>Rayden<\/strong>. Por todo eso, Rayden llega al <strong>Cru\u00eflla Tardor<\/strong> el pr\u00f3ximo <strong>26 de noviembre de 2022<\/strong> en\u00a0la <strong>sala Razzmatazz<\/strong>.<\/p>\n<hr \/>\n<p style=\"text-align: center;\"><strong><em>Compra aqu\u00ed tus entradas<\/em><\/strong><\/p>\n<p style=\"text-align: center;\"><a class=\"efsbutton button \" target=\"_blank\">ENTRADAS<\/a><\/p>\n<h3 style=\"text-align: center;\">\u00a1Aprovecha el Black Friday!\u00a0<strong><em><br \/>\n<\/em><\/strong><\/h3>\n<p style=\"text-align: center;\"><em><strong>15% de descuento <\/strong>en la compra de 2 o m\u00e1s entradas<\/em><em><br \/>\nIntroduce el c\u00f3digo <strong>BLACKCRU22<\/strong> durante el proceso de compra<br \/>\nPromoci\u00f3n v\u00e1lida hasta agotar entradas limitadas o hasta el 28 de noviembre<\/em><\/p>\n<p>&nbsp;<\/p>\n<!-- auto-added video if acf\/single-artist-video not used  --> <iframe style=\"width: 100%;max-width: 100%;height: auto;aspect-ratio: 16 \/ 9;\" src=\"https:\/\/www.youtube-nocookie.com\/embed\/12XQIhjkXZU\" frameborder=\"0\" allow=\"accelerometer; autoplay; encrypted-media; gyroscope; picture-in-picture\" allowfullscreen><\/iframe>","protected":false},"featured_media":373,"parent":0,"template":"","meta":{"_acf_changed":false},"artists_edition":[19],"class_list":["post-399","artists","type-artists","status-publish","has-post-thumbnail","hentry","artists_location-razzmatazz-1","artists_edition-tardor-2022"],"acf":{"_thumbnail_id":373,"youtube_player":"12XQIhjkXZU","artist_edition":[19],"artist_date":"20221126","artist_time":"21:00","artist_time_2":"","artist_location":[22],"artist_ticket_url":"https:\/\/cruillatardor.seetickets.com\/event\/rayden-cruilla-de-tardor-\/sala-razzmatazz\/1985097?lang=es-ES&_ga=2.105288195.1276373257.1662462826-842799949.1662372543","artist_ticket_status":"","artist_extra_date__show":false,"artist_extra_date_2":null,"artist_time_of_date2":"","artist_extra_date_3":null,"artist_time_of_date3":"","artist_extra_date_4":null,"artist_time_of_date4":"","artist_extra_date_5":null,"artist_time_of_date5":"","artist_date__show_month":true,"artist_sidebar_active":false,"show_in_agenda":false,"artist_sidebar__banner_img":null,"artist_sidebar__banner_link":"","artist_hero_content":"Cru\u00eflla Tardor 2022","artist_style":false,"artist_nationality":false,"artist_audience_age":false},"yoast_head":"<!-- This site is optimized with the Yoast SEO plugin v27.5 - https:\/\/yoast.com\/product\/yoast-seo-wordpress\/ -->\n<title>Concierto de Rayden en el Cru\u00eflla Tardor, 26 de noviembre en Barcelona<\/title>\n<meta name=\"description\" content=\"Compra entradas para el concierto de Rayden en el Cru\u00eflla Tardor, el 26 de noviembre del 2022 en la Sala Razzmatazz de Barcelona\" \/>\n<meta name=\"robots\" content=\"index, follow, max-snippet:-1, max-image-preview:large, max-video-preview:-1\" \/>\n<link rel=\"canonical\" href=\"https:\/\/www.cruillaconcerts.cat\/es\/artists\/rayden\/\" \/>\n<meta property=\"og:locale\" content=\"es_ES\" \/>\n<meta property=\"og:type\" content=\"article\" \/>\n<meta property=\"og:title\" content=\"Concierto de Rayden en el Cru\u00eflla Tardor, 26 de noviembre en Barcelona\" \/>\n<meta property=\"og:description\" content=\"Compra entradas para el concierto de Rayden en el Cru\u00eflla Tardor, el 26 de noviembre del 2022 en la Sala Razzmatazz de Barcelona\" \/>\n<meta property=\"og:url\" content=\"https:\/\/www.cruillaconcerts.cat\/es\/artists\/rayden\/\" \/>\n<meta property=\"og:site_name\" content=\"Cru\u00eflla Concerts\" \/>\n<meta property=\"article:modified_time\" content=\"2022-11-27T09:08:55+00:00\" \/>\n<meta property=\"og:image\" content=\"https:\/\/www.cruillaconcerts.cat\/wp-content\/uploads\/2022\/04\/Rayden_tardor-2021.jpeg\" \/>\n\t<meta property=\"og:image:width\" content=\"1200\" \/>\n\t<meta property=\"og:image:height\" content=\"1200\" \/>\n\t<meta property=\"og:image:type\" content=\"image\/jpeg\" \/>\n<meta name=\"twitter:card\" content=\"summary_large_image\" \/>\n<meta name=\"twitter:label1\" content=\"Tiempo de lectura\" \/>\n\t<meta name=\"twitter:data1\" content=\"2 minutos\" \/>\n<script type=\"application\/ld+json\" class=\"yoast-schema-graph\">{\"@context\":\"https:\\\/\\\/schema.org\",\"@graph\":[{\"@type\":\"WebPage\",\"@id\":\"https:\\\/\\\/www.cruillaconcerts.cat\\\/es\\\/artists\\\/rayden\\\/\",\"url\":\"https:\\\/\\\/www.cruillaconcerts.cat\\\/es\\\/artists\\\/rayden\\\/\",\"name\":\"Concierto de Rayden en el Cru\u00eflla Tardor, 26 de noviembre en Barcelona\",\"isPartOf\":{\"@id\":\"https:\\\/\\\/www.cruillaconcerts.cat\\\/es\\\/#website\"},\"primaryImageOfPage\":{\"@id\":\"https:\\\/\\\/www.cruillaconcerts.cat\\\/es\\\/artists\\\/rayden\\\/#primaryimage\"},\"image\":{\"@id\":\"https:\\\/\\\/www.cruillaconcerts.cat\\\/es\\\/artists\\\/rayden\\\/#primaryimage\"},\"thumbnailUrl\":\"https:\\\/\\\/www.cruillaconcerts.cat\\\/wp-content\\\/uploads\\\/2022\\\/04\\\/Rayden_tardor-2021.jpeg\",\"datePublished\":\"2022-04-20T14:39:19+00:00\",\"dateModified\":\"2022-11-27T09:08:55+00:00\",\"description\":\"Compra entradas para el concierto de Rayden en el Cru\u00eflla Tardor, el 26 de noviembre del 2022 en la Sala Razzmatazz de Barcelona\",\"breadcrumb\":{\"@id\":\"https:\\\/\\\/www.cruillaconcerts.cat\\\/es\\\/artists\\\/rayden\\\/#breadcrumb\"},\"inLanguage\":\"es\",\"potentialAction\":[{\"@type\":\"ReadAction\",\"target\":[\"https:\\\/\\\/www.cruillaconcerts.cat\\\/es\\\/artists\\\/rayden\\\/\"]}]},{\"@type\":\"ImageObject\",\"inLanguage\":\"es\",\"@id\":\"https:\\\/\\\/www.cruillaconcerts.cat\\\/es\\\/artists\\\/rayden\\\/#primaryimage\",\"url\":\"https:\\\/\\\/www.cruillaconcerts.cat\\\/wp-content\\\/uploads\\\/2022\\\/04\\\/Rayden_tardor-2021.jpeg\",\"contentUrl\":\"https:\\\/\\\/www.cruillaconcerts.cat\\\/wp-content\\\/uploads\\\/2022\\\/04\\\/Rayden_tardor-2021.jpeg\",\"width\":1200,\"height\":1200},{\"@type\":\"BreadcrumbList\",\"@id\":\"https:\\\/\\\/www.cruillaconcerts.cat\\\/es\\\/artists\\\/rayden\\\/#breadcrumb\",\"itemListElement\":[{\"@type\":\"ListItem\",\"position\":1,\"name\":\"Home\",\"item\":\"https:\\\/\\\/www.cruillaconcerts.cat\\\/es\\\/\"},{\"@type\":\"ListItem\",\"position\":2,\"name\":\"Rayden\"}]},{\"@type\":\"WebSite\",\"@id\":\"https:\\\/\\\/www.cruillaconcerts.cat\\\/es\\\/#website\",\"url\":\"https:\\\/\\\/www.cruillaconcerts.cat\\\/es\\\/\",\"name\":\"Cru\u00eflla Concerts\",\"description\":\"\",\"potentialAction\":[{\"@type\":\"SearchAction\",\"target\":{\"@type\":\"EntryPoint\",\"urlTemplate\":\"https:\\\/\\\/www.cruillaconcerts.cat\\\/es\\\/?s={search_term_string}\"},\"query-input\":{\"@type\":\"PropertyValueSpecification\",\"valueRequired\":true,\"valueName\":\"search_term_string\"}}],\"inLanguage\":\"es\"}]}<\/script>\n<!-- \/ Yoast SEO plugin. -->","yoast_head_json":{"title":"Concierto de Rayden en el Cru\u00eflla Tardor, 26 de noviembre en Barcelona","description":"Compra entradas para el concierto de Rayden en el Cru\u00eflla Tardor, el 26 de noviembre del 2022 en la Sala Razzmatazz de Barcelona","robots":{"index":"index","follow":"follow","max-snippet":"max-snippet:-1","max-image-preview":"max-image-preview:large","max-video-preview":"max-video-preview:-1"},"canonical":"https:\/\/www.cruillaconcerts.cat\/es\/artists\/rayden\/","og_locale":"es_ES","og_type":"article","og_title":"Concierto de Rayden en el Cru\u00eflla Tardor, 26 de noviembre en Barcelona","og_description":"Compra entradas para el concierto de Rayden en el Cru\u00eflla Tardor, el 26 de noviembre del 2022 en la Sala Razzmatazz de Barcelona","og_url":"https:\/\/www.cruillaconcerts.cat\/es\/artists\/rayden\/","og_site_name":"Cru\u00eflla Concerts","article_modified_time":"2022-11-27T09:08:55+00:00","og_image":[{"width":1200,"height":1200,"url":"https:\/\/www.cruillaconcerts.cat\/wp-content\/uploads\/2022\/04\/Rayden_tardor-2021.jpeg","type":"image\/jpeg"}],"twitter_card":"summary_large_image","twitter_misc":{"Tiempo de lectura":"2 minutos"},"schema":{"@context":"https:\/\/schema.org","@graph":[{"@type":"WebPage","@id":"https:\/\/www.cruillaconcerts.cat\/es\/artists\/rayden\/","url":"https:\/\/www.cruillaconcerts.cat\/es\/artists\/rayden\/","name":"Concierto de Rayden en el Cru\u00eflla Tardor, 26 de noviembre en Barcelona","isPartOf":{"@id":"https:\/\/www.cruillaconcerts.cat\/es\/#website"},"primaryImageOfPage":{"@id":"https:\/\/www.cruillaconcerts.cat\/es\/artists\/rayden\/#primaryimage"},"image":{"@id":"https:\/\/www.cruillaconcerts.cat\/es\/artists\/rayden\/#primaryimage"},"thumbnailUrl":"https:\/\/www.cruillaconcerts.cat\/wp-content\/uploads\/2022\/04\/Rayden_tardor-2021.jpeg","datePublished":"2022-04-20T14:39:19+00:00","dateModified":"2022-11-27T09:08:55+00:00","description":"Compra entradas para el concierto de Rayden en el Cru\u00eflla Tardor, el 26 de noviembre del 2022 en la Sala Razzmatazz de Barcelona","breadcrumb":{"@id":"https:\/\/www.cruillaconcerts.cat\/es\/artists\/rayden\/#breadcrumb"},"inLanguage":"es","potentialAction":[{"@type":"ReadAction","target":["https:\/\/www.cruillaconcerts.cat\/es\/artists\/rayden\/"]}]},{"@type":"ImageObject","inLanguage":"es","@id":"https:\/\/www.cruillaconcerts.cat\/es\/artists\/rayden\/#primaryimage","url":"https:\/\/www.cruillaconcerts.cat\/wp-content\/uploads\/2022\/04\/Rayden_tardor-2021.jpeg","contentUrl":"https:\/\/www.cruillaconcerts.cat\/wp-content\/uploads\/2022\/04\/Rayden_tardor-2021.jpeg","width":1200,"height":1200},{"@type":"BreadcrumbList","@id":"https:\/\/www.cruillaconcerts.cat\/es\/artists\/rayden\/#breadcrumb","itemListElement":[{"@type":"ListItem","position":1,"name":"Home","item":"https:\/\/www.cruillaconcerts.cat\/es\/"},{"@type":"ListItem","position":2,"name":"Rayden"}]},{"@type":"WebSite","@id":"https:\/\/www.cruillaconcerts.cat\/es\/#website","url":"https:\/\/www.cruillaconcerts.cat\/es\/","name":"Cru\u00eflla Concerts","description":"","potentialAction":[{"@type":"SearchAction","target":{"@type":"EntryPoint","urlTemplate":"https:\/\/www.cruillaconcerts.cat\/es\/?s={search_term_string}"},"query-input":{"@type":"PropertyValueSpecification","valueRequired":true,"valueName":"search_term_string"}}],"inLanguage":"es"}]}},"_links":{"self":[{"href":"https:\/\/www.cruillaconcerts.cat\/es\/wp-json\/wp\/v2\/artists\/399","targetHints":{"allow":["GET"]}}],"collection":[{"href":"https:\/\/www.cruillaconcerts.cat\/es\/wp-json\/wp\/v2\/artists"}],"about":[{"href":"https:\/\/www.cruillaconcerts.cat\/es\/wp-json\/wp\/v2\/types\/artists"}],"acf:term":[{"embeddable":true,"taxonomy":"artists_location","href":"https:\/\/www.cruillaconcerts.cat\/es\/wp-json\/wp\/v2\/artists_location\/22"},{"embeddable":true,"taxonomy":"artists_edition","href":"https:\/\/www.cruillaconcerts.cat\/es\/wp-json\/wp\/v2\/artists_edition\/19"}],"wp:featuredmedia":[{"embeddable":true,"href":"https:\/\/www.cruillaconcerts.cat\/es\/wp-json\/wp\/v2\/media\/373"}],"wp:attachment":[{"href":"https:\/\/www.cruillaconcerts.cat\/es\/wp-json\/wp\/v2\/media?parent=399"}],"wp:term":[{"taxonomy":"artists_edition","embeddable":true,"href":"https:\/\/www.cruillaconcerts.cat\/es\/wp-json\/wp\/v2\/artists_edition?post=399"}],"curies":[{"name":"wp","href":"https:\/\/api.w.org\/{rel}","templated":true}]}}