{"id":5007,"date":"2024-01-25T10:53:21","date_gmt":"2024-01-25T10:53:21","guid":{"rendered":"https:\/\/www.cruillaconcerts.cat\/?post_type=artists&#038;p=5007"},"modified":"2024-03-11T15:22:41","modified_gmt":"2024-03-11T15:22:41","slug":"julia-colom","status":"publish","type":"artists","link":"https:\/\/www.cruillaconcerts.cat\/es\/artists\/julia-colom\/","title":{"rendered":"J\u00falia Colom"},"content":{"rendered":"<h2>\u00a1J\u00daLIA COLOM EN CONCIERTO EN EL CRU\u00cfLLA BAIX SEGRE!<\/h2>\n<h3>TIERRA ADENTRO<\/h3>\n<p style=\"text-align: center;\"><span style=\"color: #ff0000;\"><strong>SOLD OUT<\/strong><\/span><\/p>\n<p>Su m\u00fasica est\u00e1 impregnada de mar por todos lados, como su isla natal, Mallorca. Desde su hablar hasta la influencia de la m\u00fasica tradicional mallorquina pasando por la imaginer\u00eda mar\u00edtima, el disco debut de\u00a0<strong>J\u00falia Colom<\/strong>\u00a0celebra y explora la transmisi\u00f3n oral de los cantos populares.<\/p>\n<p>El pr\u00f3ximo\u00a0<strong>9 de marzo<\/strong> la artista presentar\u00e1 su disco debut <strong><em>Miramar<\/em><\/strong>\u00a0en\u00a0<strong>Ser\u00f2s<\/strong>\u00a0dentro del\u00a0<strong>Cru\u00eflla Baix Segre!<\/strong><\/p>\n<p>As\u00ed, J\u00falia Colom dejar\u00e1 las costas isle\u00f1as para adentrarte en las tierras del Principado haciendo llegar su estilo particular y rompedor al\u00a0<strong>Monasterio de Avinganya<\/strong>, que acoger\u00e1 su concierto dentro del festival.<\/p>\n<p>Se trata del primer monasterio trinitario de la Pen\u00ednsula Ib\u00e9rica datado en el siglo XIII, desde el que se puede disfrutar de un <strong>paisaje natural y arquitect\u00f3nico<\/strong>\u00a0incomparable. Adem\u00e1s, el Ayuntamiento de Ser\u00f2s tambi\u00e9n ofrecer\u00e1 rutas por la floraci\u00f3n de los \u00e1rboles frutales.<\/p>\n<p style=\"text-align: center;\"><em>\u00bfQuieres saber qu\u00e9 m\u00e1s puedes hacer en el Cru\u00eflla Baix Segre para aprovechar el d\u00eda, descubrir la comarca y sumar m\u00e1s conciertos a tu agenda?<\/em><\/p>\n<p style=\"text-align: center;\"><a class=\"efsbutton button \" target=\"_blank\">ENCUENTRA TU RUTA<\/a><\/p>\n<!-- auto-added video if acf\/single-artist-video not used  --> <iframe style=\"width: 100%;max-width: 100%;height: auto;aspect-ratio: 16 \/ 9;\" src=\"https:\/\/www.youtube-nocookie.com\/embed\/6ijYBxcpoZY\" frameborder=\"0\" allow=\"accelerometer; autoplay; encrypted-media; gyroscope; picture-in-picture\" allowfullscreen><\/iframe>","protected":false},"featured_media":5894,"parent":0,"template":"","meta":{"_acf_changed":false},"artists_edition":[71],"class_list":["post-5007","artists","type-artists","status-publish","has-post-thumbnail","hentry","artists_location-monestir-nostra-senyora-angelsdavinganya","artists_edition-baix-segre-2024"],"acf":{"_thumbnail_id":5894,"youtube_player":"6ijYBxcpoZY","artist_edition":[71],"artist_date":"20240309","artist_time":"11:30h","artist_time_2":"","artist_location":[75],"artist_ticket_url":"","artist_ticket_status":"","artist_extra_date__show":false,"artist_extra_date_2":null,"artist_time_of_date2":"","artist_extra_date_3":null,"artist_time_of_date3":"","artist_extra_date_4":null,"artist_time_of_date4":"","artist_extra_date_5":null,"artist_time_of_date5":"","artist_date__show_month":true,"artist_sidebar_active":true,"show_in_agenda":false,"artist_sidebar__banner_img":"","artist_sidebar__banner_link":"","artist_hero_content":"Cru\u00eflla Baix Segre 2024","artist_style":false,"artist_nationality":false,"artist_audience_age":false},"yoast_head":"<!-- This site is optimized with the Yoast SEO plugin v27.5 - https:\/\/yoast.com\/product\/yoast-seo-wordpress\/ -->\n<title>J\u00falia Colom en concierto en el Cru\u00eflla Baix Segre 2024<\/title>\n<meta name=\"description\" content=\"Compra tus entradas para el concierto de J\u00falia Colom en el Cru\u00eflla Baix Segre 2024, el 9 de marzo en el Monestir de Nostra Senyora dels \u00c0ngels d&#039;Avinganya\" \/>\n<meta name=\"robots\" content=\"index, follow, max-snippet:-1, max-image-preview:large, max-video-preview:-1\" \/>\n<link rel=\"canonical\" href=\"https:\/\/www.cruillaconcerts.cat\/es\/artists\/julia-colom\/\" \/>\n<meta property=\"og:locale\" content=\"es_ES\" \/>\n<meta property=\"og:type\" content=\"article\" \/>\n<meta property=\"og:title\" content=\"J\u00falia Colom en concierto en el Cru\u00eflla Baix Segre 2024\" \/>\n<meta property=\"og:description\" content=\"Compra tus entradas para el concierto de J\u00falia Colom en el Cru\u00eflla Baix Segre 2024, el 9 de marzo en el Monestir de Nostra Senyora dels \u00c0ngels d&#039;Avinganya\" \/>\n<meta property=\"og:url\" content=\"https:\/\/www.cruillaconcerts.cat\/es\/artists\/julia-colom\/\" \/>\n<meta property=\"og:site_name\" content=\"Cru\u00eflla Concerts\" \/>\n<meta property=\"article:modified_time\" content=\"2024-03-11T15:22:41+00:00\" \/>\n<meta property=\"og:image\" content=\"https:\/\/www.cruillaconcerts.cat\/wp-content\/uploads\/2024\/01\/SBS24_Web_JuliaColom_SoldOut.jpg\" \/>\n\t<meta property=\"og:image:width\" content=\"1000\" \/>\n\t<meta property=\"og:image:height\" content=\"1000\" \/>\n\t<meta property=\"og:image:type\" content=\"image\/jpeg\" \/>\n<meta name=\"twitter:card\" content=\"summary_large_image\" \/>\n<meta name=\"twitter:label1\" content=\"Tiempo de lectura\" \/>\n\t<meta name=\"twitter:data1\" content=\"2 minutos\" \/>\n<script type=\"application\/ld+json\" class=\"yoast-schema-graph\">{\"@context\":\"https:\\\/\\\/schema.org\",\"@graph\":[{\"@type\":\"WebPage\",\"@id\":\"https:\\\/\\\/www.cruillaconcerts.cat\\\/es\\\/artists\\\/julia-colom\\\/\",\"url\":\"https:\\\/\\\/www.cruillaconcerts.cat\\\/es\\\/artists\\\/julia-colom\\\/\",\"name\":\"J\u00falia Colom en concierto en el Cru\u00eflla Baix Segre 2024\",\"isPartOf\":{\"@id\":\"https:\\\/\\\/www.cruillaconcerts.cat\\\/es\\\/#website\"},\"primaryImageOfPage\":{\"@id\":\"https:\\\/\\\/www.cruillaconcerts.cat\\\/es\\\/artists\\\/julia-colom\\\/#primaryimage\"},\"image\":{\"@id\":\"https:\\\/\\\/www.cruillaconcerts.cat\\\/es\\\/artists\\\/julia-colom\\\/#primaryimage\"},\"thumbnailUrl\":\"https:\\\/\\\/www.cruillaconcerts.cat\\\/wp-content\\\/uploads\\\/2024\\\/01\\\/SBS24_Web_JuliaColom_SoldOut.jpg\",\"datePublished\":\"2024-01-25T10:53:21+00:00\",\"dateModified\":\"2024-03-11T15:22:41+00:00\",\"description\":\"Compra tus entradas para el concierto de J\u00falia Colom en el Cru\u00eflla Baix Segre 2024, el 9 de marzo en el Monestir de Nostra Senyora dels \u00c0ngels d'Avinganya\",\"breadcrumb\":{\"@id\":\"https:\\\/\\\/www.cruillaconcerts.cat\\\/es\\\/artists\\\/julia-colom\\\/#breadcrumb\"},\"inLanguage\":\"es\",\"potentialAction\":[{\"@type\":\"ReadAction\",\"target\":[\"https:\\\/\\\/www.cruillaconcerts.cat\\\/es\\\/artists\\\/julia-colom\\\/\"]}]},{\"@type\":\"ImageObject\",\"inLanguage\":\"es\",\"@id\":\"https:\\\/\\\/www.cruillaconcerts.cat\\\/es\\\/artists\\\/julia-colom\\\/#primaryimage\",\"url\":\"https:\\\/\\\/www.cruillaconcerts.cat\\\/wp-content\\\/uploads\\\/2024\\\/01\\\/SBS24_Web_JuliaColom_SoldOut.jpg\",\"contentUrl\":\"https:\\\/\\\/www.cruillaconcerts.cat\\\/wp-content\\\/uploads\\\/2024\\\/01\\\/SBS24_Web_JuliaColom_SoldOut.jpg\",\"width\":1000,\"height\":1000},{\"@type\":\"BreadcrumbList\",\"@id\":\"https:\\\/\\\/www.cruillaconcerts.cat\\\/es\\\/artists\\\/julia-colom\\\/#breadcrumb\",\"itemListElement\":[{\"@type\":\"ListItem\",\"position\":1,\"name\":\"Home\",\"item\":\"https:\\\/\\\/www.cruillaconcerts.cat\\\/es\\\/\"},{\"@type\":\"ListItem\",\"position\":2,\"name\":\"J\u00falia Colom\"}]},{\"@type\":\"WebSite\",\"@id\":\"https:\\\/\\\/www.cruillaconcerts.cat\\\/es\\\/#website\",\"url\":\"https:\\\/\\\/www.cruillaconcerts.cat\\\/es\\\/\",\"name\":\"Cru\u00eflla Concerts\",\"description\":\"\",\"potentialAction\":[{\"@type\":\"SearchAction\",\"target\":{\"@type\":\"EntryPoint\",\"urlTemplate\":\"https:\\\/\\\/www.cruillaconcerts.cat\\\/es\\\/?s={search_term_string}\"},\"query-input\":{\"@type\":\"PropertyValueSpecification\",\"valueRequired\":true,\"valueName\":\"search_term_string\"}}],\"inLanguage\":\"es\"}]}<\/script>\n<!-- \/ Yoast SEO plugin. -->","yoast_head_json":{"title":"J\u00falia Colom en concierto en el Cru\u00eflla Baix Segre 2024","description":"Compra tus entradas para el concierto de J\u00falia Colom en el Cru\u00eflla Baix Segre 2024, el 9 de marzo en el Monestir de Nostra Senyora dels \u00c0ngels d'Avinganya","robots":{"index":"index","follow":"follow","max-snippet":"max-snippet:-1","max-image-preview":"max-image-preview:large","max-video-preview":"max-video-preview:-1"},"canonical":"https:\/\/www.cruillaconcerts.cat\/es\/artists\/julia-colom\/","og_locale":"es_ES","og_type":"article","og_title":"J\u00falia Colom en concierto en el Cru\u00eflla Baix Segre 2024","og_description":"Compra tus entradas para el concierto de J\u00falia Colom en el Cru\u00eflla Baix Segre 2024, el 9 de marzo en el Monestir de Nostra Senyora dels \u00c0ngels d'Avinganya","og_url":"https:\/\/www.cruillaconcerts.cat\/es\/artists\/julia-colom\/","og_site_name":"Cru\u00eflla Concerts","article_modified_time":"2024-03-11T15:22:41+00:00","og_image":[{"width":1000,"height":1000,"url":"https:\/\/www.cruillaconcerts.cat\/wp-content\/uploads\/2024\/01\/SBS24_Web_JuliaColom_SoldOut.jpg","type":"image\/jpeg"}],"twitter_card":"summary_large_image","twitter_misc":{"Tiempo de lectura":"2 minutos"},"schema":{"@context":"https:\/\/schema.org","@graph":[{"@type":"WebPage","@id":"https:\/\/www.cruillaconcerts.cat\/es\/artists\/julia-colom\/","url":"https:\/\/www.cruillaconcerts.cat\/es\/artists\/julia-colom\/","name":"J\u00falia Colom en concierto en el Cru\u00eflla Baix Segre 2024","isPartOf":{"@id":"https:\/\/www.cruillaconcerts.cat\/es\/#website"},"primaryImageOfPage":{"@id":"https:\/\/www.cruillaconcerts.cat\/es\/artists\/julia-colom\/#primaryimage"},"image":{"@id":"https:\/\/www.cruillaconcerts.cat\/es\/artists\/julia-colom\/#primaryimage"},"thumbnailUrl":"https:\/\/www.cruillaconcerts.cat\/wp-content\/uploads\/2024\/01\/SBS24_Web_JuliaColom_SoldOut.jpg","datePublished":"2024-01-25T10:53:21+00:00","dateModified":"2024-03-11T15:22:41+00:00","description":"Compra tus entradas para el concierto de J\u00falia Colom en el Cru\u00eflla Baix Segre 2024, el 9 de marzo en el Monestir de Nostra Senyora dels \u00c0ngels d'Avinganya","breadcrumb":{"@id":"https:\/\/www.cruillaconcerts.cat\/es\/artists\/julia-colom\/#breadcrumb"},"inLanguage":"es","potentialAction":[{"@type":"ReadAction","target":["https:\/\/www.cruillaconcerts.cat\/es\/artists\/julia-colom\/"]}]},{"@type":"ImageObject","inLanguage":"es","@id":"https:\/\/www.cruillaconcerts.cat\/es\/artists\/julia-colom\/#primaryimage","url":"https:\/\/www.cruillaconcerts.cat\/wp-content\/uploads\/2024\/01\/SBS24_Web_JuliaColom_SoldOut.jpg","contentUrl":"https:\/\/www.cruillaconcerts.cat\/wp-content\/uploads\/2024\/01\/SBS24_Web_JuliaColom_SoldOut.jpg","width":1000,"height":1000},{"@type":"BreadcrumbList","@id":"https:\/\/www.cruillaconcerts.cat\/es\/artists\/julia-colom\/#breadcrumb","itemListElement":[{"@type":"ListItem","position":1,"name":"Home","item":"https:\/\/www.cruillaconcerts.cat\/es\/"},{"@type":"ListItem","position":2,"name":"J\u00falia Colom"}]},{"@type":"WebSite","@id":"https:\/\/www.cruillaconcerts.cat\/es\/#website","url":"https:\/\/www.cruillaconcerts.cat\/es\/","name":"Cru\u00eflla Concerts","description":"","potentialAction":[{"@type":"SearchAction","target":{"@type":"EntryPoint","urlTemplate":"https:\/\/www.cruillaconcerts.cat\/es\/?s={search_term_string}"},"query-input":{"@type":"PropertyValueSpecification","valueRequired":true,"valueName":"search_term_string"}}],"inLanguage":"es"}]}},"_links":{"self":[{"href":"https:\/\/www.cruillaconcerts.cat\/es\/wp-json\/wp\/v2\/artists\/5007","targetHints":{"allow":["GET"]}}],"collection":[{"href":"https:\/\/www.cruillaconcerts.cat\/es\/wp-json\/wp\/v2\/artists"}],"about":[{"href":"https:\/\/www.cruillaconcerts.cat\/es\/wp-json\/wp\/v2\/types\/artists"}],"acf:term":[{"embeddable":true,"taxonomy":"artists_location","href":"https:\/\/www.cruillaconcerts.cat\/es\/wp-json\/wp\/v2\/artists_location\/75"},{"embeddable":true,"taxonomy":"artists_edition","href":"https:\/\/www.cruillaconcerts.cat\/es\/wp-json\/wp\/v2\/artists_edition\/71"}],"wp:featuredmedia":[{"embeddable":true,"href":"https:\/\/www.cruillaconcerts.cat\/es\/wp-json\/wp\/v2\/media\/5894"}],"wp:attachment":[{"href":"https:\/\/www.cruillaconcerts.cat\/es\/wp-json\/wp\/v2\/media?parent=5007"}],"wp:term":[{"taxonomy":"artists_edition","embeddable":true,"href":"https:\/\/www.cruillaconcerts.cat\/es\/wp-json\/wp\/v2\/artists_edition?post=5007"}],"curies":[{"name":"wp","href":"https:\/\/api.w.org\/{rel}","templated":true}]}}