{"id":5043,"date":"2024-01-25T10:53:22","date_gmt":"2024-01-25T10:53:22","guid":{"rendered":"https:\/\/www.cruillaconcerts.cat\/?post_type=artists&#038;p=5043"},"modified":"2024-03-11T15:22:14","modified_gmt":"2024-03-11T15:22:14","slug":"david-caraben","status":"publish","type":"artists","link":"https:\/\/www.cruillaconcerts.cat\/es\/artists\/david-caraben\/","title":{"rendered":"David Carab\u00e9n"},"content":{"rendered":"<h2>DAVID CARAB\u00c9N EN CONCIERTO EN EL\u00a0CRU\u00cfLLA BAIX SEGRE<\/h2>\n<h3>LA VOZ DE LA VERDAD<\/h3>\n<p><span style=\"color: #ff0000;\">Debido a las inclemencias meteorol\u00f3gicas de las \u00faltimas horas y a las previstas para el s\u00e1bado 9 de marzo, el concierto de David Carab\u00e9n previsto a las 16h en la Alzina Centen\u00e0ria de Alcarr\u00e0s pasar\u00e1 a celebrarse en el CCM Lo Casino de Alcarr\u00e0s (Carrer Major, 84, 25180 Alcarr\u00e0s, Lleida) a la misma hora.<\/span><\/p>\n<p>Si hay dos cosas que le caracterizan, estas son su voz carism\u00e1tica reconocible en todas partes y su honestidad l\u00edrica envidiable. Por eso, <strong>David Carab\u00e9n<\/strong> no es solo una de las figuras claves de la escena cultural catalana, sino un refugio para todas aquellas personas que necesitan un abrazo en forma de canciones.<\/p>\n<p>\u00a1El pr\u00f3ximo <strong>9 de marzo<\/strong> estar\u00e1 en <strong>Alcarr\u00e0s<\/strong> para regalarnos un concierto \u00edntimo en el <strong>Cru\u00eflla Baix Segre!<\/strong><\/p>\n<hr \/>\n<p style=\"text-align: center;\"><strong><em>Compra aqu\u00ed tus entradas a 5\u20ac para el Cru\u00eflla Baix Segre:<\/em><\/strong><\/p>\n<p style=\"text-align: center;\"><a class=\"efsbutton button \" target=\"_blank\">ENTRADAS<\/a><\/p>\n<hr \/>\n<p>El cantante de\u00a0<strong>Mishima<\/strong>\u00a0har\u00e1 un par\u00e9ntesis en la gira de presentaci\u00f3n del \u00faltimo disco del grupo para ofrecernos un repertorio de canciones que normalmente no forman parte de sus conciertos, poemas musicados para la ocasi\u00f3n y adaptaciones al catal\u00e1n de algunos de sus referentes.<\/p>\n<p style=\"text-align: center;\"><em>\u00bfQuieres saber qu\u00e9 m\u00e1s puedes hacer en el Cru\u00eflla Baix Segre para aprovechar el d\u00eda, descubrir la comarca y sumar m\u00e1s conciertos a tu agenda?<\/em><\/p>\n<p style=\"text-align: center;\"><a class=\"efsbutton button \" target=\"_blank\">ENCUENTRA TU RUTA<\/a><\/p>\n<!-- auto-added video if acf\/single-artist-video not used  --> <iframe style=\"width: 100%;max-width: 100%;height: auto;aspect-ratio: 16 \/ 9;\" src=\"https:\/\/www.youtube-nocookie.com\/embed\/IIskS-Jh_94\" frameborder=\"0\" allow=\"accelerometer; autoplay; encrypted-media; gyroscope; picture-in-picture\" allowfullscreen><\/iframe>","protected":false},"featured_media":4997,"parent":0,"template":"","meta":{"_acf_changed":false},"artists_edition":[71],"class_list":["post-5043","artists","type-artists","status-publish","has-post-thumbnail","hentry","artists_location-ccm-lo-casino-dalcarras","artists_edition-baix-segre-2024"],"acf":{"_thumbnail_id":4997,"youtube_player":"IIskS-Jh_94","artist_edition":[71],"artist_date":"20240309","artist_time":"16:00","artist_time_2":"","artist_location":[83],"artist_ticket_url":"https:\/\/cruillabaixsegre.seetickets.com\/event\/david-caraben-cruilla-baix-segre-\/alzina-centenaria-alcarras\/2926395","artist_ticket_status":"","artist_extra_date__show":false,"artist_extra_date_2":null,"artist_time_of_date2":"","artist_extra_date_3":null,"artist_time_of_date3":"","artist_extra_date_4":null,"artist_time_of_date4":"","artist_extra_date_5":null,"artist_time_of_date5":"","artist_date__show_month":true,"artist_sidebar_active":true,"show_in_agenda":false,"artist_sidebar__banner_img":"","artist_sidebar__banner_link":"","artist_hero_content":"Cru\u00eflla Baix Segre 2024","artist_style":false,"artist_nationality":false,"artist_audience_age":false},"yoast_head":"<!-- This site is optimized with the Yoast SEO plugin v27.5 - https:\/\/yoast.com\/product\/yoast-seo-wordpress\/ -->\n<title>David Carab\u00e9n en concierto en el Cru\u00eflla Baix Segre 2024<\/title>\n<meta name=\"description\" content=\"Compra tus entradas para el concierto de David Carab\u00e9n en el Cru\u00eflla Baix Segre 2024, el 9 de marzo en la Alzina Centen\u00e0ria d&#039;Alcarr\u00e0s\" \/>\n<meta name=\"robots\" content=\"index, follow, max-snippet:-1, max-image-preview:large, max-video-preview:-1\" \/>\n<link rel=\"canonical\" href=\"https:\/\/www.cruillaconcerts.cat\/es\/artists\/david-caraben\/\" \/>\n<meta property=\"og:locale\" content=\"es_ES\" \/>\n<meta property=\"og:type\" content=\"article\" \/>\n<meta property=\"og:title\" content=\"David Carab\u00e9n en concierto en el Cru\u00eflla Baix Segre 2024\" \/>\n<meta property=\"og:description\" content=\"Compra tus entradas para el concierto de David Carab\u00e9n en el Cru\u00eflla Baix Segre 2024, el 9 de marzo en la Alzina Centen\u00e0ria d&#039;Alcarr\u00e0s\" \/>\n<meta property=\"og:url\" content=\"https:\/\/www.cruillaconcerts.cat\/es\/artists\/david-caraben\/\" \/>\n<meta property=\"og:site_name\" content=\"Cru\u00eflla Concerts\" \/>\n<meta property=\"article:modified_time\" content=\"2024-03-11T15:22:14+00:00\" \/>\n<meta property=\"og:image\" content=\"https:\/\/www.cruillaconcerts.cat\/wp-content\/uploads\/2024\/01\/IMG_9197-1.jpg\" \/>\n\t<meta property=\"og:image:width\" content=\"1000\" \/>\n\t<meta property=\"og:image:height\" content=\"1000\" \/>\n\t<meta property=\"og:image:type\" content=\"image\/jpeg\" \/>\n<meta name=\"twitter:card\" content=\"summary_large_image\" \/>\n<meta name=\"twitter:label1\" content=\"Tiempo de lectura\" \/>\n\t<meta name=\"twitter:data1\" content=\"2 minutos\" \/>\n<script type=\"application\/ld+json\" class=\"yoast-schema-graph\">{\"@context\":\"https:\\\/\\\/schema.org\",\"@graph\":[{\"@type\":\"WebPage\",\"@id\":\"https:\\\/\\\/www.cruillaconcerts.cat\\\/es\\\/artists\\\/david-caraben\\\/\",\"url\":\"https:\\\/\\\/www.cruillaconcerts.cat\\\/es\\\/artists\\\/david-caraben\\\/\",\"name\":\"David Carab\u00e9n en concierto en el Cru\u00eflla Baix Segre 2024\",\"isPartOf\":{\"@id\":\"https:\\\/\\\/www.cruillaconcerts.cat\\\/es\\\/#website\"},\"primaryImageOfPage\":{\"@id\":\"https:\\\/\\\/www.cruillaconcerts.cat\\\/es\\\/artists\\\/david-caraben\\\/#primaryimage\"},\"image\":{\"@id\":\"https:\\\/\\\/www.cruillaconcerts.cat\\\/es\\\/artists\\\/david-caraben\\\/#primaryimage\"},\"thumbnailUrl\":\"https:\\\/\\\/www.cruillaconcerts.cat\\\/wp-content\\\/uploads\\\/2024\\\/01\\\/IMG_9197-1.jpg\",\"datePublished\":\"2024-01-25T10:53:22+00:00\",\"dateModified\":\"2024-03-11T15:22:14+00:00\",\"description\":\"Compra tus entradas para el concierto de David Carab\u00e9n en el Cru\u00eflla Baix Segre 2024, el 9 de marzo en la Alzina Centen\u00e0ria d'Alcarr\u00e0s\",\"breadcrumb\":{\"@id\":\"https:\\\/\\\/www.cruillaconcerts.cat\\\/es\\\/artists\\\/david-caraben\\\/#breadcrumb\"},\"inLanguage\":\"es\",\"potentialAction\":[{\"@type\":\"ReadAction\",\"target\":[\"https:\\\/\\\/www.cruillaconcerts.cat\\\/es\\\/artists\\\/david-caraben\\\/\"]}]},{\"@type\":\"ImageObject\",\"inLanguage\":\"es\",\"@id\":\"https:\\\/\\\/www.cruillaconcerts.cat\\\/es\\\/artists\\\/david-caraben\\\/#primaryimage\",\"url\":\"https:\\\/\\\/www.cruillaconcerts.cat\\\/wp-content\\\/uploads\\\/2024\\\/01\\\/IMG_9197-1.jpg\",\"contentUrl\":\"https:\\\/\\\/www.cruillaconcerts.cat\\\/wp-content\\\/uploads\\\/2024\\\/01\\\/IMG_9197-1.jpg\",\"width\":1000,\"height\":1000},{\"@type\":\"BreadcrumbList\",\"@id\":\"https:\\\/\\\/www.cruillaconcerts.cat\\\/es\\\/artists\\\/david-caraben\\\/#breadcrumb\",\"itemListElement\":[{\"@type\":\"ListItem\",\"position\":1,\"name\":\"Home\",\"item\":\"https:\\\/\\\/www.cruillaconcerts.cat\\\/es\\\/\"},{\"@type\":\"ListItem\",\"position\":2,\"name\":\"David Carab\u00e9n\"}]},{\"@type\":\"WebSite\",\"@id\":\"https:\\\/\\\/www.cruillaconcerts.cat\\\/es\\\/#website\",\"url\":\"https:\\\/\\\/www.cruillaconcerts.cat\\\/es\\\/\",\"name\":\"Cru\u00eflla Concerts\",\"description\":\"\",\"potentialAction\":[{\"@type\":\"SearchAction\",\"target\":{\"@type\":\"EntryPoint\",\"urlTemplate\":\"https:\\\/\\\/www.cruillaconcerts.cat\\\/es\\\/?s={search_term_string}\"},\"query-input\":{\"@type\":\"PropertyValueSpecification\",\"valueRequired\":true,\"valueName\":\"search_term_string\"}}],\"inLanguage\":\"es\"}]}<\/script>\n<!-- \/ Yoast SEO plugin. -->","yoast_head_json":{"title":"David Carab\u00e9n en concierto en el Cru\u00eflla Baix Segre 2024","description":"Compra tus entradas para el concierto de David Carab\u00e9n en el Cru\u00eflla Baix Segre 2024, el 9 de marzo en la Alzina Centen\u00e0ria d'Alcarr\u00e0s","robots":{"index":"index","follow":"follow","max-snippet":"max-snippet:-1","max-image-preview":"max-image-preview:large","max-video-preview":"max-video-preview:-1"},"canonical":"https:\/\/www.cruillaconcerts.cat\/es\/artists\/david-caraben\/","og_locale":"es_ES","og_type":"article","og_title":"David Carab\u00e9n en concierto en el Cru\u00eflla Baix Segre 2024","og_description":"Compra tus entradas para el concierto de David Carab\u00e9n en el Cru\u00eflla Baix Segre 2024, el 9 de marzo en la Alzina Centen\u00e0ria d'Alcarr\u00e0s","og_url":"https:\/\/www.cruillaconcerts.cat\/es\/artists\/david-caraben\/","og_site_name":"Cru\u00eflla Concerts","article_modified_time":"2024-03-11T15:22:14+00:00","og_image":[{"width":1000,"height":1000,"url":"https:\/\/www.cruillaconcerts.cat\/wp-content\/uploads\/2024\/01\/IMG_9197-1.jpg","type":"image\/jpeg"}],"twitter_card":"summary_large_image","twitter_misc":{"Tiempo de lectura":"2 minutos"},"schema":{"@context":"https:\/\/schema.org","@graph":[{"@type":"WebPage","@id":"https:\/\/www.cruillaconcerts.cat\/es\/artists\/david-caraben\/","url":"https:\/\/www.cruillaconcerts.cat\/es\/artists\/david-caraben\/","name":"David Carab\u00e9n en concierto en el Cru\u00eflla Baix Segre 2024","isPartOf":{"@id":"https:\/\/www.cruillaconcerts.cat\/es\/#website"},"primaryImageOfPage":{"@id":"https:\/\/www.cruillaconcerts.cat\/es\/artists\/david-caraben\/#primaryimage"},"image":{"@id":"https:\/\/www.cruillaconcerts.cat\/es\/artists\/david-caraben\/#primaryimage"},"thumbnailUrl":"https:\/\/www.cruillaconcerts.cat\/wp-content\/uploads\/2024\/01\/IMG_9197-1.jpg","datePublished":"2024-01-25T10:53:22+00:00","dateModified":"2024-03-11T15:22:14+00:00","description":"Compra tus entradas para el concierto de David Carab\u00e9n en el Cru\u00eflla Baix Segre 2024, el 9 de marzo en la Alzina Centen\u00e0ria d'Alcarr\u00e0s","breadcrumb":{"@id":"https:\/\/www.cruillaconcerts.cat\/es\/artists\/david-caraben\/#breadcrumb"},"inLanguage":"es","potentialAction":[{"@type":"ReadAction","target":["https:\/\/www.cruillaconcerts.cat\/es\/artists\/david-caraben\/"]}]},{"@type":"ImageObject","inLanguage":"es","@id":"https:\/\/www.cruillaconcerts.cat\/es\/artists\/david-caraben\/#primaryimage","url":"https:\/\/www.cruillaconcerts.cat\/wp-content\/uploads\/2024\/01\/IMG_9197-1.jpg","contentUrl":"https:\/\/www.cruillaconcerts.cat\/wp-content\/uploads\/2024\/01\/IMG_9197-1.jpg","width":1000,"height":1000},{"@type":"BreadcrumbList","@id":"https:\/\/www.cruillaconcerts.cat\/es\/artists\/david-caraben\/#breadcrumb","itemListElement":[{"@type":"ListItem","position":1,"name":"Home","item":"https:\/\/www.cruillaconcerts.cat\/es\/"},{"@type":"ListItem","position":2,"name":"David Carab\u00e9n"}]},{"@type":"WebSite","@id":"https:\/\/www.cruillaconcerts.cat\/es\/#website","url":"https:\/\/www.cruillaconcerts.cat\/es\/","name":"Cru\u00eflla Concerts","description":"","potentialAction":[{"@type":"SearchAction","target":{"@type":"EntryPoint","urlTemplate":"https:\/\/www.cruillaconcerts.cat\/es\/?s={search_term_string}"},"query-input":{"@type":"PropertyValueSpecification","valueRequired":true,"valueName":"search_term_string"}}],"inLanguage":"es"}]}},"_links":{"self":[{"href":"https:\/\/www.cruillaconcerts.cat\/es\/wp-json\/wp\/v2\/artists\/5043","targetHints":{"allow":["GET"]}}],"collection":[{"href":"https:\/\/www.cruillaconcerts.cat\/es\/wp-json\/wp\/v2\/artists"}],"about":[{"href":"https:\/\/www.cruillaconcerts.cat\/es\/wp-json\/wp\/v2\/types\/artists"}],"acf:term":[{"embeddable":true,"taxonomy":"artists_location","href":"https:\/\/www.cruillaconcerts.cat\/es\/wp-json\/wp\/v2\/artists_location\/83"},{"embeddable":true,"taxonomy":"artists_edition","href":"https:\/\/www.cruillaconcerts.cat\/es\/wp-json\/wp\/v2\/artists_edition\/71"}],"wp:featuredmedia":[{"embeddable":true,"href":"https:\/\/www.cruillaconcerts.cat\/es\/wp-json\/wp\/v2\/media\/4997"}],"wp:attachment":[{"href":"https:\/\/www.cruillaconcerts.cat\/es\/wp-json\/wp\/v2\/media?parent=5043"}],"wp:term":[{"taxonomy":"artists_edition","embeddable":true,"href":"https:\/\/www.cruillaconcerts.cat\/es\/wp-json\/wp\/v2\/artists_edition?post=5043"}],"curies":[{"name":"wp","href":"https:\/\/api.w.org\/{rel}","templated":true}]}}