{"id":7295,"date":"2024-10-02T10:04:46","date_gmt":"2024-10-02T10:04:46","guid":{"rendered":"https:\/\/www.cruillaconcerts.cat\/?post_type=artists&#038;p=7295"},"modified":"2024-11-17T17:12:28","modified_gmt":"2024-11-17T17:12:28","slug":"pena-y-panico","status":"publish","type":"artists","link":"https:\/\/www.cruillaconcerts.cat\/es\/artists\/pena-y-panico\/","title":{"rendered":"Pena y P\u00e1nico"},"content":{"rendered":"<h2>&#8216;PENA Y P\u00c1NICO&#8217; LIVE SHOW CON RAQUEL HERV\u00c1S Y LA PRADOS<\/h2>\n<h3>GRABACI\u00d3N DE UN PROGRAMA DEL P\u00d3DCAST EN DIRECTO<\/h3>\n<p style=\"text-align: center;\"><span style=\"color: #ff0000;\"><strong>SOLD OUT<\/strong><\/span><\/p>\n<p>Es sabido que las alegr\u00edas compartidas se multiplican y que las penas, en cambio, se hacen mucho m\u00e1s peque\u00f1as. Por eso las c\u00f3micas\u00a0<strong>Raquel Herv\u00e1s<\/strong>\u00a0y\u00a0<strong>La<\/strong>\u00a0<strong>Prados<\/strong>\u00a0crearon el podcast<strong>\u00a0&#8216;Pena y P\u00e1nico&#8217;<\/strong>, con el objetivo de exponer sus miedos m\u00e1s profundos para curarlos mutuamente a golpe de risas. No siempre funciona, pero siempre es divertido. Una combinaci\u00f3n de stand-up y conversaci\u00f3n casi terap\u00e9utica.<\/p>\n<p>Violeta Navas es La Prados, una ilustradora, humorista y guionista de Granada que se ha unido a la guionista, c\u00f3mica y community manager Raquel Herv\u00e1s para regalarnos estas piezas de risoterapia, pero sin el cringe de la risoterapia, en forma de audio. \u00a1Consigue ahora tus entradas para disfrutar de su directo \u00fanico en El Molino!<\/p>\n","protected":false},"featured_media":7985,"parent":0,"template":"","meta":{"_acf_changed":false},"artists_edition":[100],"class_list":["post-7295","artists","type-artists","status-publish","has-post-thumbnail","hentry","artists_location-el-molino","artists_edition-cruilla-comedia-2024"],"acf":{"_thumbnail_id":7985,"youtube_player":"","artist_edition":[100],"artist_date":"20241115","artist_time":"20:00","artist_time_2":"19:30","artist_location":[97],"artist_ticket_url":"","artist_ticket_status":"","artist_extra_date__show":false,"artist_extra_date_2":null,"artist_time_of_date2":"","artist_extra_date_3":null,"artist_time_of_date3":"","artist_extra_date_4":null,"artist_time_of_date4":"","artist_extra_date_5":null,"artist_time_of_date5":"","artist_date__show_month":true,"artist_sidebar_active":true,"show_in_agenda":false,"artist_sidebar__banner_img":"","artist_sidebar__banner_link":"","artist_hero_content":"Cru\u00eflla Com\u00e8dia 2024","artist_style":false,"artist_nationality":false,"artist_audience_age":false},"yoast_head":"<!-- This site is optimized with the Yoast SEO plugin v27.5 - https:\/\/yoast.com\/product\/yoast-seo-wordpress\/ -->\n<title>\u00a1Pena y P\u00e1nico en el Cru\u00eflla Com\u00e8dia 2024!<\/title>\n<meta name=\"description\" content=\"\u00a1Compra entradas para el show de Pena y P\u00e1nico el 15 de noviembre en El Molino dentro el Cru\u00eflla Com\u00e8dia!\" \/>\n<meta name=\"robots\" content=\"index, follow, max-snippet:-1, max-image-preview:large, max-video-preview:-1\" \/>\n<link rel=\"canonical\" href=\"https:\/\/www.cruillaconcerts.cat\/es\/artists\/pena-y-panico\/\" \/>\n<meta property=\"og:locale\" content=\"es_ES\" \/>\n<meta property=\"og:type\" content=\"article\" \/>\n<meta property=\"og:title\" content=\"\u00a1Pena y P\u00e1nico en el Cru\u00eflla Com\u00e8dia 2024!\" \/>\n<meta property=\"og:description\" content=\"\u00a1Compra entradas para el show de Pena y P\u00e1nico el 15 de noviembre en El Molino dentro el Cru\u00eflla Com\u00e8dia!\" \/>\n<meta property=\"og:url\" content=\"https:\/\/www.cruillaconcerts.cat\/es\/artists\/pena-y-panico\/\" \/>\n<meta property=\"og:site_name\" content=\"Cru\u00eflla Concerts\" \/>\n<meta property=\"article:modified_time\" content=\"2024-11-17T17:12:28+00:00\" \/>\n<meta property=\"og:image\" content=\"https:\/\/www.cruillaconcerts.cat\/wp-content\/uploads\/2024\/10\/PenayPanico_Web_SoldOut.png\" \/>\n\t<meta property=\"og:image:width\" content=\"1000\" \/>\n\t<meta property=\"og:image:height\" content=\"1000\" \/>\n\t<meta property=\"og:image:type\" content=\"image\/png\" \/>\n<meta name=\"twitter:card\" content=\"summary_large_image\" \/>\n<meta name=\"twitter:label1\" content=\"Tiempo de lectura\" \/>\n\t<meta name=\"twitter:data1\" content=\"1 minuto\" \/>\n<script type=\"application\/ld+json\" class=\"yoast-schema-graph\">{\"@context\":\"https:\\\/\\\/schema.org\",\"@graph\":[{\"@type\":\"WebPage\",\"@id\":\"https:\\\/\\\/www.cruillaconcerts.cat\\\/es\\\/artists\\\/pena-y-panico\\\/\",\"url\":\"https:\\\/\\\/www.cruillaconcerts.cat\\\/es\\\/artists\\\/pena-y-panico\\\/\",\"name\":\"\u00a1Pena y P\u00e1nico en el Cru\u00eflla Com\u00e8dia 2024!\",\"isPartOf\":{\"@id\":\"https:\\\/\\\/www.cruillaconcerts.cat\\\/es\\\/#website\"},\"primaryImageOfPage\":{\"@id\":\"https:\\\/\\\/www.cruillaconcerts.cat\\\/es\\\/artists\\\/pena-y-panico\\\/#primaryimage\"},\"image\":{\"@id\":\"https:\\\/\\\/www.cruillaconcerts.cat\\\/es\\\/artists\\\/pena-y-panico\\\/#primaryimage\"},\"thumbnailUrl\":\"https:\\\/\\\/www.cruillaconcerts.cat\\\/wp-content\\\/uploads\\\/2024\\\/10\\\/PenayPanico_Web_SoldOut.png\",\"datePublished\":\"2024-10-02T10:04:46+00:00\",\"dateModified\":\"2024-11-17T17:12:28+00:00\",\"description\":\"\u00a1Compra entradas para el show de Pena y P\u00e1nico el 15 de noviembre en El Molino dentro el Cru\u00eflla Com\u00e8dia!\",\"breadcrumb\":{\"@id\":\"https:\\\/\\\/www.cruillaconcerts.cat\\\/es\\\/artists\\\/pena-y-panico\\\/#breadcrumb\"},\"inLanguage\":\"es\",\"potentialAction\":[{\"@type\":\"ReadAction\",\"target\":[\"https:\\\/\\\/www.cruillaconcerts.cat\\\/es\\\/artists\\\/pena-y-panico\\\/\"]}]},{\"@type\":\"ImageObject\",\"inLanguage\":\"es\",\"@id\":\"https:\\\/\\\/www.cruillaconcerts.cat\\\/es\\\/artists\\\/pena-y-panico\\\/#primaryimage\",\"url\":\"https:\\\/\\\/www.cruillaconcerts.cat\\\/wp-content\\\/uploads\\\/2024\\\/10\\\/PenayPanico_Web_SoldOut.png\",\"contentUrl\":\"https:\\\/\\\/www.cruillaconcerts.cat\\\/wp-content\\\/uploads\\\/2024\\\/10\\\/PenayPanico_Web_SoldOut.png\",\"width\":1000,\"height\":1000},{\"@type\":\"BreadcrumbList\",\"@id\":\"https:\\\/\\\/www.cruillaconcerts.cat\\\/es\\\/artists\\\/pena-y-panico\\\/#breadcrumb\",\"itemListElement\":[{\"@type\":\"ListItem\",\"position\":1,\"name\":\"Home\",\"item\":\"https:\\\/\\\/www.cruillaconcerts.cat\\\/es\\\/\"},{\"@type\":\"ListItem\",\"position\":2,\"name\":\"Pena y P\u00e1nico\"}]},{\"@type\":\"WebSite\",\"@id\":\"https:\\\/\\\/www.cruillaconcerts.cat\\\/es\\\/#website\",\"url\":\"https:\\\/\\\/www.cruillaconcerts.cat\\\/es\\\/\",\"name\":\"Cru\u00eflla Concerts\",\"description\":\"\",\"potentialAction\":[{\"@type\":\"SearchAction\",\"target\":{\"@type\":\"EntryPoint\",\"urlTemplate\":\"https:\\\/\\\/www.cruillaconcerts.cat\\\/es\\\/?s={search_term_string}\"},\"query-input\":{\"@type\":\"PropertyValueSpecification\",\"valueRequired\":true,\"valueName\":\"search_term_string\"}}],\"inLanguage\":\"es\"}]}<\/script>\n<!-- \/ Yoast SEO plugin. -->","yoast_head_json":{"title":"\u00a1Pena y P\u00e1nico en el Cru\u00eflla Com\u00e8dia 2024!","description":"\u00a1Compra entradas para el show de Pena y P\u00e1nico el 15 de noviembre en El Molino dentro el Cru\u00eflla Com\u00e8dia!","robots":{"index":"index","follow":"follow","max-snippet":"max-snippet:-1","max-image-preview":"max-image-preview:large","max-video-preview":"max-video-preview:-1"},"canonical":"https:\/\/www.cruillaconcerts.cat\/es\/artists\/pena-y-panico\/","og_locale":"es_ES","og_type":"article","og_title":"\u00a1Pena y P\u00e1nico en el Cru\u00eflla Com\u00e8dia 2024!","og_description":"\u00a1Compra entradas para el show de Pena y P\u00e1nico el 15 de noviembre en El Molino dentro el Cru\u00eflla Com\u00e8dia!","og_url":"https:\/\/www.cruillaconcerts.cat\/es\/artists\/pena-y-panico\/","og_site_name":"Cru\u00eflla Concerts","article_modified_time":"2024-11-17T17:12:28+00:00","og_image":[{"width":1000,"height":1000,"url":"https:\/\/www.cruillaconcerts.cat\/wp-content\/uploads\/2024\/10\/PenayPanico_Web_SoldOut.png","type":"image\/png"}],"twitter_card":"summary_large_image","twitter_misc":{"Tiempo de lectura":"1 minuto"},"schema":{"@context":"https:\/\/schema.org","@graph":[{"@type":"WebPage","@id":"https:\/\/www.cruillaconcerts.cat\/es\/artists\/pena-y-panico\/","url":"https:\/\/www.cruillaconcerts.cat\/es\/artists\/pena-y-panico\/","name":"\u00a1Pena y P\u00e1nico en el Cru\u00eflla Com\u00e8dia 2024!","isPartOf":{"@id":"https:\/\/www.cruillaconcerts.cat\/es\/#website"},"primaryImageOfPage":{"@id":"https:\/\/www.cruillaconcerts.cat\/es\/artists\/pena-y-panico\/#primaryimage"},"image":{"@id":"https:\/\/www.cruillaconcerts.cat\/es\/artists\/pena-y-panico\/#primaryimage"},"thumbnailUrl":"https:\/\/www.cruillaconcerts.cat\/wp-content\/uploads\/2024\/10\/PenayPanico_Web_SoldOut.png","datePublished":"2024-10-02T10:04:46+00:00","dateModified":"2024-11-17T17:12:28+00:00","description":"\u00a1Compra entradas para el show de Pena y P\u00e1nico el 15 de noviembre en El Molino dentro el Cru\u00eflla Com\u00e8dia!","breadcrumb":{"@id":"https:\/\/www.cruillaconcerts.cat\/es\/artists\/pena-y-panico\/#breadcrumb"},"inLanguage":"es","potentialAction":[{"@type":"ReadAction","target":["https:\/\/www.cruillaconcerts.cat\/es\/artists\/pena-y-panico\/"]}]},{"@type":"ImageObject","inLanguage":"es","@id":"https:\/\/www.cruillaconcerts.cat\/es\/artists\/pena-y-panico\/#primaryimage","url":"https:\/\/www.cruillaconcerts.cat\/wp-content\/uploads\/2024\/10\/PenayPanico_Web_SoldOut.png","contentUrl":"https:\/\/www.cruillaconcerts.cat\/wp-content\/uploads\/2024\/10\/PenayPanico_Web_SoldOut.png","width":1000,"height":1000},{"@type":"BreadcrumbList","@id":"https:\/\/www.cruillaconcerts.cat\/es\/artists\/pena-y-panico\/#breadcrumb","itemListElement":[{"@type":"ListItem","position":1,"name":"Home","item":"https:\/\/www.cruillaconcerts.cat\/es\/"},{"@type":"ListItem","position":2,"name":"Pena y P\u00e1nico"}]},{"@type":"WebSite","@id":"https:\/\/www.cruillaconcerts.cat\/es\/#website","url":"https:\/\/www.cruillaconcerts.cat\/es\/","name":"Cru\u00eflla Concerts","description":"","potentialAction":[{"@type":"SearchAction","target":{"@type":"EntryPoint","urlTemplate":"https:\/\/www.cruillaconcerts.cat\/es\/?s={search_term_string}"},"query-input":{"@type":"PropertyValueSpecification","valueRequired":true,"valueName":"search_term_string"}}],"inLanguage":"es"}]}},"_links":{"self":[{"href":"https:\/\/www.cruillaconcerts.cat\/es\/wp-json\/wp\/v2\/artists\/7295","targetHints":{"allow":["GET"]}}],"collection":[{"href":"https:\/\/www.cruillaconcerts.cat\/es\/wp-json\/wp\/v2\/artists"}],"about":[{"href":"https:\/\/www.cruillaconcerts.cat\/es\/wp-json\/wp\/v2\/types\/artists"}],"acf:term":[{"embeddable":true,"taxonomy":"artists_location","href":"https:\/\/www.cruillaconcerts.cat\/es\/wp-json\/wp\/v2\/artists_location\/97"},{"embeddable":true,"taxonomy":"artists_edition","href":"https:\/\/www.cruillaconcerts.cat\/es\/wp-json\/wp\/v2\/artists_edition\/100"}],"wp:featuredmedia":[{"embeddable":true,"href":"https:\/\/www.cruillaconcerts.cat\/es\/wp-json\/wp\/v2\/media\/7985"}],"wp:attachment":[{"href":"https:\/\/www.cruillaconcerts.cat\/es\/wp-json\/wp\/v2\/media?parent=7295"}],"wp:term":[{"taxonomy":"artists_edition","embeddable":true,"href":"https:\/\/www.cruillaconcerts.cat\/es\/wp-json\/wp\/v2\/artists_edition?post=7295"}],"curies":[{"name":"wp","href":"https:\/\/api.w.org\/{rel}","templated":true}]}}